{"version":"1.0","provider_name":"Parafia Tr\u00f3jcy \u015awi\u0119tej w Rudyszwa\u0142dzie","provider_url":"https:\/\/www.parafia.rudyszwald.pl","author_name":"autor","author_url":"https:\/\/www.parafia.rudyszwald.pl\/index.php\/author\/rudyszwald\/","title":"Rozstrzygni\u0119cie konkursu \"Bukiet dla Maryi...\" - Parafia Tr\u00f3jcy \u015awi\u0119tej w Rudyszwa\u0142dzie","type":"rich","width":600,"height":338,"html":"<blockquote class=\"wp-embedded-content\" data-secret=\"7Ifc7pMS5l\"><a href=\"https:\/\/www.parafia.rudyszwald.pl\/index.php\/2025\/06\/01\/rozstrzygniecie-konkursu-bukiet-dla-maryi\/\">Rozstrzygni\u0119cie konkursu &#8222;Bukiet dla Maryi&#8230;&#8221;<\/a><\/blockquote><iframe sandbox=\"allow-scripts\" security=\"restricted\" src=\"https:\/\/www.parafia.rudyszwald.pl\/index.php\/2025\/06\/01\/rozstrzygniecie-konkursu-bukiet-dla-maryi\/embed\/#?secret=7Ifc7pMS5l\" width=\"600\" height=\"338\" title=\"&#8222;Rozstrzygni\u0119cie konkursu &#8222;Bukiet dla Maryi&#8230;&#8221;&#8221; &#8212; Parafia Tr\u00f3jcy \u015awi\u0119tej w Rudyszwa\u0142dzie\" data-secret=\"7Ifc7pMS5l\" frameborder=\"0\" marginwidth=\"0\" marginheight=\"0\" scrolling=\"no\" class=\"wp-embedded-content\"><\/iframe><script type=\"text\/javascript\">\n\/*! This file is auto-generated *\/\n!function(c,d){\"use strict\";var e=!1,o=!1;if(d.querySelector)if(c.addEventListener)e=!0;if(c.wp=c.wp||{},c.wp.receiveEmbedMessage);else if(c.wp.receiveEmbedMessage=function(e){var t=e.data;if(!t);else if(!(t.secret||t.message||t.value));else if(\/[^a-zA-Z0-9]\/.test(t.secret));else{for(var r,s,a,i=d.querySelectorAll('iframe[data-secret=\"'+t.secret+'\"]'),n=d.querySelectorAll('blockquote[data-secret=\"'+t.secret+'\"]'),o=new RegExp(\"^https?:$\",\"i\"),l=0;l<n.length;l++)n[l].style.display=\"none\";for(l=0;l<i.length;l++)if(r=i[l],e.source!==r.contentWindow);else{if(r.removeAttribute(\"style\"),\"height\"===t.message){if(1e3<(s=parseInt(t.value,10)))s=1e3;else if(~~s<200)s=200;r.height=s}if(\"link\"===t.message)if(s=d.createElement(\"a\"),a=d.createElement(\"a\"),s.href=r.getAttribute(\"src\"),a.href=t.value,!o.test(a.protocol));else if(a.host===s.host)if(d.activeElement===r)c.top.location.href=t.value}}},e)c.addEventListener(\"message\",c.wp.receiveEmbedMessage,!1),d.addEventListener(\"DOMContentLoaded\",t,!1),c.addEventListener(\"load\",t,!1);function t(){if(o);else{o=!0;for(var e,t,r,s=-1!==navigator.appVersion.indexOf(\"MSIE 10\"),a=!!navigator.userAgent.match(\/Trident.*rv:11\\.\/),i=d.querySelectorAll(\"iframe.wp-embedded-content\"),n=0;n<i.length;n++){if(!(r=(t=i[n]).getAttribute(\"data-secret\")))r=Math.random().toString(36).substr(2,10),t.src+=\"#?secret=\"+r,t.setAttribute(\"data-secret\",r);if(s||a)(e=t.cloneNode(!0)).removeAttribute(\"security\"),t.parentNode.replaceChild(e,t);t.contentWindow.postMessage({message:\"ready\",secret:r},\"*\")}}}}(window,document);\n<\/script>\n","thumbnail_url":"https:\/\/www.parafia.rudyszwald.pl\/wp-content\/uploads\/2025\/06\/image118.jpg","thumbnail_width":1080,"thumbnail_height":720,"description":"Z rado\u015bci\u0105 informujemy, \u017ce zako\u0144czy\u0142 si\u0119 parafialny konkurs plastyczny dla dzieci i m\u0142odzie\u017cy pt. \u201eBukiet dla Maryi \u2013 Kr\u00f3lowej Majowej \u0141\u0105ki\u201d, zorganizowany przez Wsp\u00f3lnot\u0119 Dzieci Maryi przy parafii Rudyszwa\u0142d. Patronat nad wydarzeniem obj\u0105\u0142 ksi\u0105dz proboszcz. Celem konkursu by\u0142o wykonanie bukietu dla Matki Bo\u017cej \u2013 Kr\u00f3lowej Majowej \u0141\u0105ki \u2013 z dowolnychRead More"}