{"id":1073,"date":"2019-07-11T19:20:08","date_gmt":"2019-07-11T19:20:08","guid":{"rendered":"https:\/\/www.parafia.rudyszwald.pl\/?page_id=1073"},"modified":"2019-07-14T00:10:03","modified_gmt":"2019-07-14T00:10:03","slug":"historia","status":"publish","type":"page","link":"https:\/\/www.parafia.rudyszwald.pl\/index.php\/historia\/","title":{"rendered":"Historia"},"content":{"rendered":"\n<hr class=\"wp-block-separator\"\/>\n\n\n<div id=\"wp-megamenu-main_menu\" class=\"wp-megamenu-wrap    \">\n\t\t<div class=\"wpmm-fullwidth-wrap\"><\/div>\n\t\t<div class=\"wpmm-nav-wrap wpmm-main-wrap-\">\n\t\t\t<a href=\"javascript:;\" class=\"wpmm_mobile_menu_btn\"><i class=\"fa fa-bars\"><\/i> Menu<\/a> <div class='wpmm_brand_logo_wrap'><a href='https:\/\/www.parafia.rudyszwald.pl\/'> <img src='http:\/\/demo.themeum.com\/wordpress\/wp-megamenu\/wp-content\/uploads\/2017\/07\/brand-logo.png'  width='32px'   height='31px' \/> <\/a> <\/div> <ul id=\"menu-main_menu\"  class=\"wp-megamenu\"><li id=\"wp-megamenu-item-75\" class=\"menu-item menu-item-type-post_type menu-item-object-page menu-item-home wp-megamenu-item-75  wpmm_mega_menu  wpmm-fadeindown wpmm-strees-row wpmm-submenu-right\"><a href=\"https:\/\/www.parafia.rudyszwald.pl\/\">STRONA G\u0141\u00d3WNA<\/a><\/li>\n<li id=\"wp-megamenu-item-158\" class=\"menu-item menu-item-type-post_type menu-item-object-page menu-item-has-children wp-megamenu-item-158  wpmm_dropdown_menu  wpmm-fadeindown wpmm-strees-default wpmm-submenu-right\"><a href=\"https:\/\/www.parafia.rudyszwald.pl\/index.php\/o-parafii\/\">O parafii <b class=\"fa fa-angle-down\"><\/b> <\/a>\n<ul class=\"wp-megamenu-sub-menu\" >\n\t<li id=\"wp-megamenu-item-133\" class=\"menu-item menu-item-type-post_type menu-item-object-page wp-megamenu-item-133 wpmm-submenu-right\"><a href=\"https:\/\/www.parafia.rudyszwald.pl\/index.php\/intencje\/\">Intencje<\/a><\/li>\n\t<li id=\"wp-megamenu-item-73\" class=\"menu-item menu-item-type-post_type menu-item-object-page wp-megamenu-item-73 wpmm-submenu-right\"><a href=\"https:\/\/www.parafia.rudyszwald.pl\/index.php\/porzadek-mszy-swietych-i-nabozenstw\/\">Msze i Nabo\u017ce\u0144stwa<\/a><\/li>\n\t<li id=\"wp-megamenu-item-948\" class=\"menu-item menu-item-type-post_type menu-item-object-page wp-megamenu-item-948 wpmm-submenu-right\"><a href=\"https:\/\/www.parafia.rudyszwald.pl\/index.php\/liturgia-na-dzis\/\">Liturgia<\/a><\/li>\n\t<li id=\"wp-megamenu-item-127\" class=\"menu-item menu-item-type-post_type menu-item-object-page wp-megamenu-item-127 wpmm-submenu-right\"><a href=\"https:\/\/www.parafia.rudyszwald.pl\/index.php\/patron\/\">Patron<\/a><\/li>\n\t<li id=\"wp-megamenu-item-4719\" class=\"menu-item menu-item-type-post_type menu-item-object-page wp-megamenu-item-4719 wpmm-submenu-right\"><a href=\"https:\/\/www.parafia.rudyszwald.pl\/index.php\/standardy-ochrony-maloletnich\/\">Standardy Ochrony Ma\u0142oletnich<\/a><\/li>\n\t<li id=\"wp-megamenu-item-125\" class=\"menu-item menu-item-type-post_type menu-item-object-page wp-megamenu-item-125 wpmm-submenu-right\"><a href=\"https:\/\/www.parafia.rudyszwald.pl\/index.php\/kaplani\/\">Kap\u0142ani<\/a><\/li>\n\t<li id=\"wp-megamenu-item-130\" class=\"menu-item menu-item-type-post_type menu-item-object-page menu-item-has-children wp-megamenu-item-130 wpmm-submenu-right\"><a href=\"https:\/\/www.parafia.rudyszwald.pl\/index.php\/grupy-parafialne\/\">Grupy parafialne<\/a>\n\t<ul class=\"wp-megamenu-sub-menu\" >\n\t\t<li id=\"wp-megamenu-item-3037\" class=\"menu-item menu-item-type-post_type menu-item-object-page wp-megamenu-item-3037 wpmm-submenu-right\"><a href=\"https:\/\/www.parafia.rudyszwald.pl\/index.php\/dzieci-maryi\/\">Dzieci Maryi<\/a><\/li>\n\t<\/ul>\n<\/li>\n\t<li id=\"wp-megamenu-item-659\" class=\"menu-item menu-item-type-post_type menu-item-object-page wp-megamenu-item-659 wpmm-submenu-right\"><a href=\"https:\/\/www.parafia.rudyszwald.pl\/index.php\/kapliczki\/\">Kapliczki<\/a><\/li>\n\t<li id=\"wp-megamenu-item-1092\" class=\"menu-item menu-item-type-post_type menu-item-object-page wp-megamenu-item-1092 wpmm-submenu-right\"><a href=\"https:\/\/www.parafia.rudyszwald.pl\/index.php\/historia\/\">Historia<\/a><\/li>\n\t<li id=\"wp-megamenu-item-84\" class=\"menu-item menu-item-type-post_type menu-item-object-page wp-megamenu-item-84 wpmm-submenu-right\"><a href=\"https:\/\/www.parafia.rudyszwald.pl\/index.php\/przydatne-linki\/\">Przydatne linki<\/a><\/li>\n<\/ul>\n<\/li>\n<li id=\"wp-megamenu-item-96\" class=\"menu-item menu-item-type-post_type menu-item-object-page wp-megamenu-item-96  wpmm_mega_menu  wpmm-fadeindown wpmm-strees-row-and-content wpmm-submenu-right\"><a href=\"https:\/\/www.parafia.rudyszwald.pl\/index.php\/galeria\/\">Galeria<\/a><\/li>\n<li id=\"wp-megamenu-item-1407\" class=\"menu-item menu-item-type-post_type menu-item-object-page menu-item-has-children wp-megamenu-item-1407  wpmm_dropdown_menu  wpmm-fadeindown wpmm-submenu-right\"><a href=\"https:\/\/www.parafia.rudyszwald.pl\/index.php\/sakramenty\/\">Sakramenty <b class=\"fa fa-angle-down\"><\/b> <\/a>\n<ul class=\"wp-megamenu-sub-menu\" >\n\t<li id=\"wp-megamenu-item-1408\" class=\"menu-item menu-item-type-post_type menu-item-object-page wp-megamenu-item-1408 wpmm-submenu-right\"><a href=\"https:\/\/www.parafia.rudyszwald.pl\/index.php\/chrzest-swiety\/\">Chrzest \u015awi\u0119ty<\/a><\/li>\n\t<li id=\"wp-megamenu-item-1434\" class=\"menu-item menu-item-type-post_type menu-item-object-page wp-megamenu-item-1434 wpmm-submenu-right\"><a href=\"https:\/\/www.parafia.rudyszwald.pl\/index.php\/bierzmowanie\/\">Bierzmowanie<\/a><\/li>\n\t<li id=\"wp-megamenu-item-1447\" class=\"menu-item menu-item-type-post_type menu-item-object-page wp-megamenu-item-1447 wpmm-submenu-right\"><a href=\"https:\/\/www.parafia.rudyszwald.pl\/index.php\/eucharystia-2\/\">Eucharystia<\/a><\/li>\n\t<li id=\"wp-megamenu-item-1467\" class=\"menu-item menu-item-type-post_type menu-item-object-page wp-megamenu-item-1467 wpmm-submenu-right\"><a href=\"https:\/\/www.parafia.rudyszwald.pl\/index.php\/pokuta-i-pojednanie\/\">Pokuta i pojednanie<\/a><\/li>\n\t<li id=\"wp-megamenu-item-1486\" class=\"menu-item menu-item-type-post_type menu-item-object-page wp-megamenu-item-1486 wpmm-submenu-right\"><a href=\"https:\/\/www.parafia.rudyszwald.pl\/index.php\/namaszczenie-chorych\/\">Namaszczenie chorych<\/a><\/li>\n\t<li id=\"wp-megamenu-item-1570\" class=\"menu-item menu-item-type-post_type menu-item-object-page wp-megamenu-item-1570 wpmm-submenu-right\"><a href=\"https:\/\/www.parafia.rudyszwald.pl\/index.php\/kaplanstwo-2\/\">Kap\u0142a\u0144stwo<\/a><\/li>\n\t<li id=\"wp-megamenu-item-1607\" class=\"menu-item menu-item-type-post_type menu-item-object-page wp-megamenu-item-1607 wpmm-submenu-right\"><a href=\"https:\/\/www.parafia.rudyszwald.pl\/index.php\/malzenstwo-2\/\">Ma\u0142\u017ce\u0144stwo<\/a><\/li>\n<\/ul>\n<\/li>\n<li id=\"wp-megamenu-item-74\" class=\"menu-item menu-item-type-post_type menu-item-object-page wp-megamenu-item-74  wpmm_dropdown_menu  wpmm-fadeindown wpmm-strees-default wpmm-submenu-right\"><a href=\"https:\/\/www.parafia.rudyszwald.pl\/index.php\/kancelaria-parafialna\/\">Kontakt<\/a><\/li>\n<li id=\"wp-megamenu-item-wpmm-search-icon\" class=\"wpmm-social-link wpmm-social-link-search wp-megamenu-item-wpmm-search-icon  wpmm_dropdown_menu  wpmm-fadeindown wpmm-submenu-right\">\n                    <a href='#'> <i class='fa fa-search wpmm_search_icon'><\/i><\/a> \n                <form class='wpmm-search-form' action='https:\/\/www.parafia.rudyszwald.pl\/'>\n                    <input type='text' placeholder='Search' name='s' \/>\n                <\/form>\n            \n                <\/li>\n<\/ul>\n\t\t<\/div>\n\t<\/div>\n\n\n\n<div style=\"height:20px\" aria-hidden=\"true\" class=\"wp-block-spacer\"><\/div>\n\n\n\n<p style=\"text-align:left\"><strong>Historia za\u0142o\u017cenia parafii<\/strong><\/p>\n\n\n\n<p style=\"text-align:right\" class=\"has-small-font-size\"><em>Poni\u017cej przedstawiono teksty oryginalne pochodz\u0105ce ze \u017ar\u00f3de\u0142:<\/em><br><em>&#8222;Historia Raciborza i okolicy&#8221; Franciszka Godu\u0142y, Bytom 06.02.1912 r. <\/em><br><em>&#8222;Zarys dziej\u00f3w parafii Rudyszwa\u0142d do roku 1945&#8221; K.Kotas, 18.08.2012 r.<br>&#8222;Rys historyczny Rudyszwa\u0142du&#8221;<\/em><br><br><\/p>\n\n\n\n<p style=\"text-align:justify\">W kierunku po\u0142udniowo-schodnim,\n22 km od Raciborza, oddalona jest wioska ko\u015bcielna Rudyszwa\u0142d. Pierwsza wzmianka o parafii w Rudyszwa\u0142dzie pochodzi z &#8222;Ksi\u0119gi uposa\u017ce\u0144 biskup\u00f3w wroc\u0142awskich &#8211; Liber fundationis epicocatus Vratislaviensis&#8221;, kt\u00f3r\u0105 przyj\u0119to datowa\u0107 na rok 1305. Przy nazwie &#8222;Rudolfwald&#8221; oznaczaj\u0105cej w t\u0142umaczeniu &#8222;las Rudolfa&#8221; zapisano ilo\u015b\u0107 op\u0142at nale\u017cnych Ko\u015bcio\u0142owi. Kolejna wzmianka o miejscowo\u015bci pochodzi z roku 1447, kiedy to uwzgl\u0119dniono j\u0105 w wykazie &#8222;Reigstrum de denario sancti Petri in ducatu opoliensi&#8221;, gdzie wymieniono nale\u017cne z tej parafii \u015bwi\u0119topietrze. <\/p>\n\n\n\n<hr class=\"wp-block-separator is-style-dots\"\/>\n\n\n\n<p style=\"text-align:justify\">Rudyszwa\u0142d jako te\u017c druga po drugiej\nstronie Odry po\u0142o\u017cona wie\u015b Kamie\u0144, nale\u017ca\u0142y do pa\u0144stwa tworkowskiego. Dobra\ntworkowskie, do kt\u00f3rych nale\u017ca\u0142o kilkana\u015bcie wsi okolicznych zosta\u0142y w 1603\nroku powi\u0119kszone przez nabycie Bukowa, a w 1643 roku przez kupno Ligoty.<\/p>\n\n\n\n<p style=\"text-align:justify\">W roku 1651 przeszed\u0142 ca\u0142y\nmaj\u0105tek na w\u0142asno\u015b\u0107 szlachcianki Ewy Reiswitz na K\u0119dzierzynie i Grab\u00f3wce. Wtedy\notrzyma\u0142a wie\u015b Rudyszwa\u0142d (&#8230;) hr. W\u0119gierskiego. Gdy w roku 1714 przesz\u0142y wsie\nTwork\u00f3w, Ligota, Buk\u00f3w, Kamie\u0144 na w\u0142asno\u015b\u0107 dziedzica Kurnicy, Tracha, powsta\u0142\nRudyszwa\u0142d (jeszcze) a\u017c do roku 1722 przy dobrach na Grab\u00f3wce (&#8230;) na\nKrzy\u017canowicach. Nied\u0142ugo, ju\u017c w 1731 roku sprzeda\u0142 hrabia wie\u015b za 12 tysi\u0119cy\ngulden\u00f3w re\u0144skich.<\/p>\n\n\n\n<p style=\"text-align:justify\">(&#8230;) Na folwarku chowano 300 owiec, 33 krowy, 6 wieprz\u00f3w. Do folwarku zaliczano 8 cha\u0142upnik\u00f3w, wie\u015b za\u015b liczy\u0142a 13 gbur\u00f3w, 7 zagrodnik\u00f3w i 8 cha\u0142upnik\u00f3w. Po \u015bmierci hr. W\u0119gierskiego naby\u0142 w 1775 roku wie\u015b Rudyszwa\u0142d ks. Lichnowski. Dnia 13.06.1879 o godzinie 2:30 po po\u0142udniu nast\u0105pi\u0142o oberwanie chmur, kt\u00f3re ca\u0142\u0105 okolic\u0119 zatopi\u0142o.<\/p>\n\n\n\n<p style=\"text-align:justify\">Jak poprzednio wspominano,\nposiada\u0142 Rudyszwa\u0142d ju\u017c w roku 1447 ko\u015bci\u00f3\u0142. Kiedy takowy zbudowano, dzi\u015b\ntrudno stwierdzi\u0107. To jednak jest pewne, \u017ce przez pewien czas odprawiano w nim\nnabo\u017ce\u0144stwa dla protestant\u00f3w, a nawet kilku ewangelik\u00f3w w nim pogrzebano. W\nroku 1647 nale\u017ca\u0142 ju\u017c jako ko\u015bci\u00f3\u0142 filialny do parafii tworkowskiej. Jak\npodanie niesie, nale\u017ca\u0142a przedtem wie\u015b do parafii bogumi\u0144skiej. W czasie\nmorowego powietrza wymar\u0142o duchowie\u0144stwo tak w Boguminie jak i w s\u0105siednich\nparafiach. Opuszczonej wiosce przyby\u0142 z pomoc\u0105 proboszcz z Tworkowa i z\nwdzi\u0119czno\u015bci za to oddano mu pod zarz\u0105d ko\u015bci\u00f3\u0142. <\/p>\n\n\n\n<p style=\"text-align:justify\">Prawdopodobnie jednak przypisa\u0107\nnale\u017cy przy\u0142\u0105czenie Rudyszwa\u0142du do parafii tworkowskiej tej okoliczno\u015bci, \u017ce\ndziedzice Tworkowa, b\u0119d\u0105cy w\u0142a\u015bcicielami wsi, a zarazem patronami ko\u015bcio\u0142a,\npowierzyli takowy pieczy proboszcza w Tworkowie. Wed\u0142ug akt wizytacyjnych w\nroku 1679 i lat p\u00f3\u017aniejszych, by\u0142 ko\u015bci\u00f3\u0142 po\u015bwi\u0119cony czci \u015bw. Jerzego,\nzbudowany z drzewa, 23 \u0142okcie d\u0142ugi i 13,5 \u0142okcie szeroki.<\/p>\n\n\n\n<p style=\"text-align:justify\">Wn\u0119trze zdobi\u0142y trzy o\u0142tarze:\ng\u0142\u00f3wny po\u015bwi\u0119cony by\u0142 czci \u015bw. Jerzego, boczne za\u015b czci Matki Boskiej Bolesnej\ni \u015bw. Jana Nepomucena. Opr\u00f3cz tego znajdowa\u0142y si\u0119 w ko\u015bciele kazalnica i\ndrewniana chrzcielnica; sufit ozdobiony by\u0142 staremi malowid\u0142ami. Do ko\u015bcio\u0142a\nprowadzi\u0142y dwa wchody;&nbsp; w wie\u017cy\nznajdowa\u0142y si\u0119 trzy dzwony, z kt\u00f3rych jeden by\u0142 po\u017cyczony od Tworkowian.\nProbostwo grozi\u0142o runi\u0119ciem. Nabo\u017ce\u0144stwa odprawiano co trzeci\u0105 niedziel\u0119,\nodpust doroczny &#8211; I niedziel\u0119 po \u015bw. Mateuszu. Proboszcz tworkowski pobiera\u0142\nst\u0105d po 11,5 szefli zbo\u017ca (\u017cyta i owsa). W roku 1687 zbudowa\u0142 nowe probostwo o\njednym pokoju. <\/p>\n\n\n\n<p style=\"text-align:justify\">Zabe\u0142kowianie za\u015b wystawili w\u0142asnym\nkosztem stajni\u0119 dla ochrony koni i powozu. W tym czasie naliczono w\nRudyszwa\u0142dzie jeszcze 20 protestant\u00f3w, a wi\u0119c przypuszcza\u0107 nale\u017cy, \u017ce liczba\nich by\u0142a dawniej wi\u0119ksza, tym wi\u0119cej, \u017ce w miejscowym ko\u015bciele odprawiali przez\npewien czas swe nabo\u017ce\u0144stwa. W roku 1714 zosta\u0142 ko\u015bci\u00f3\u0142 pokryty szczud\u0142em,\nwie\u017ca za\u015b blach\u0105 bia\u0142\u0105.<\/p>\n\n\n\n<p style=\"text-align:justify\">Za czas\u00f3w proboszcza S\u0142ucha\u0142y\nzosta\u0142 dzwon wi\u0119kszy (1725 rok) na koszt gminy przelany w Opawie. Organy o 6\ng\u0142osach mia\u0142y by\u0107 podarunkiem tworkowian. Opr\u00f3cz ch\u00f3ru dla organ by\u0142 w ko\u015bciele\njeszcze drugi dla wiernych. Poniewa\u017c zakrysti\u0119 cz\u0119sto bardzo okradano,\nprzechowywano pieni\u0105dze ko\u015bcielne u zakrystiana, cz\u0119\u015b\u0107 ksi\u0105\u017cek urz\u0119dowych\nprzechowywano na probostwie w Tworkowie, inne u organisty w Rudyszwa\u0142dzie.<\/p>\n\n\n\n<p style=\"text-align:justify\">Z biegiem lat chyli\u0142a si\u0119 wie\u017ca\nko\u015bcio\u0142a ku upadkowi i z tego te\u017c powodu zdj\u0119to z niej wszystkie dzwony. D\u0142ugo\njednak trwa\u0142o zanim now\u0105 wie\u017c\u0119 wzniesiono, gdy\u017c ani ksi\u0105\u017c\u0119 Lichnowski, ani\nszlachcic Eichendorf jako patronowie \u017cadnej zapomogi da\u0107 nie chcieli. R\u00f3wnie\u017c i\ngmina odm\u00f3wi\u0142a zapomogi. Powsta\u0142 op\u00f3r, kt\u00f3ry za\u0142agodzono po trzykrotnym\nzjechaniu si\u0119 komisji. Nadurz\u0105d regencyjny w Brzegu wyda\u0142 rozporz\u0105dzenie, \u017ce\nZabe\u0142k\u00f3w zobowi\u0105zany jest do ponoszenia nie tylko jednej trzeciej cz\u0119\u015bci\nkoszt\u00f3w budowlanych i reparacyjnych, ale i do wykonania prac przy ko\u015bciele,\nprobostwie i organist\u00f3wce. Chwilowym patronem ko\u015bcio\u0142a jest w\u0142a\u015bciciel d\u00f3br\ntworkowskich. <\/p>\n\n\n\n<p style=\"text-align:justify\">Do za\u0142agodzenia sporu\nprzyczyni\u0142a si\u0119 okoliczno\u015b\u0107, \u017ce ksi\u0119dza Karwi\u0144skiego mianowano w 1769 roku ze\nstrony Eichendorf\u00f3w proboszczem tworkowskim i rudyszwa\u0142dzkim. Tote\u017c szlachcic\nEichendorf zobowi\u0105za\u0142 si\u0119 do wystawienia wie\u017cy pod pewnymi warunkami, co do\nrozporz\u0105dzenia rz\u0105du w sprawie patronatu nad ko\u015bcio\u0142em. \u00d3wczesny radca\nw\u0142a\u015bciciela d\u00f3br tworkowskich stwierdzi\u0142, \u017ce dominium tworkowskie od czasu\nsprzeda\u017cy swej dawnej w\u0142asno\u015bci wsi Rudyszwa\u0142d nie jest patronem tego\u017c\nko\u015bcio\u0142a. Partie sporne pogodzi\u0142y si\u0119 teraz, lecz z powodu &lt;tocz\u0105cych&gt;\nsi\u0119 w kraju wojen do zbudowania wie\u017cy doj\u015b\u0107 nie mog\u0142o.<\/p>\n\n\n\n<p style=\"text-align:justify\">Patronat nad ko\u015bcio\u0142em\npowierzono w 1815 roku ksi\u0119ciu Lichnowskiemu i teraz po kilkakrotnym\nnapomnieniu przyst\u0105piono do zbudowania wie\u017cy. Dwie trzecie koszt\u00f3w ponios\u0142o dominium\nw Rudyszwa\u0142dzie, reszt\u0119 za\u015b parafianie.<\/p>\n\n\n\n<p style=\"text-align:justify\">W roku 1810 wystawiono i\npo\u015bwi\u0119cono nowy krzy\u017c na cmentarzu i figur\u0119 \u015bw. Jana przed karczm\u0105. Nabo\u017ce\u0144stwa\nodprawiano w ko\u015bciele rudyszwa\u0142dzkim w drugie \u015bwi\u0119to Bo\u017cego Narodzenia,\nWielkanocy i Zielonych \u015awi\u0105tek, w niedziel\u0119 po \u015bw. Jerzym i w niedziel\u0119 po\npodwy\u017cszeniu \u015bw. Krzy\u017ca. Pr\u00f3cz tego jak dawniej w ka\u017cd\u0105 trzeci\u0105 niedziel\u0119. W\nponiedzia\u0142ek po uroczysto\u015bci Podwy\u017cszenia \u015aw. Krzy\u017ca odprawiano nabo\u017ce\u0144stwa w\nuroczysto\u015b\u0107 \u015bw. Jerzego, Jana Nepomucena, Floriana, Jana i Paw\u0142a i wtedy, gdy\nsobie takowe kto\u015b w tutejszym ko\u015bciele zam\u00f3wi\u0142. Rol\u0119 ko\u015bcieln\u0105 u\u017cywa\u0142\nzakrystian za op\u0142at\u0105 roczn\u0105 16 groszy srebrnych, za\u015b ka\u017cdy trzeci rok by\u0142 wolny\nod op\u0142aty. Do probostwa nale\u017ca\u0142a rola na 42 szefle raciborskie obsiewu, kt\u00f3r\u0105 w\n1810 roku wydzier\u017cawiono za 64,75 talar\u00f3w. Ju\u017c od d\u0142u\u017cszego czasu starano si\u0119 o\nutworzenie w\u0142asnej parafii, sk\u0142ada\u0107 si\u0119 maj\u0105cej z Rudyszwa\u0142du, Zabe\u0142kowa i\nCha\u0142upek. P\u00f3\u017aniej za\u015b zamierzano gminy przy\u0142\u0105czy\u0107 do Krzy\u017canowic. Ostatecznie\nwsie Rudyszwa\u0142d i Zabe\u0142k\u00f3w \u017c\u0105da\u0142y ka\u017cda dla siebie osobnego duszpasterza. <\/p>\n\n\n\n<p style=\"text-align:justify\">Po \u015bmierci proboszcza\ntworkowskiego Jurzyka 1832 r, popiera\u0142 ksi\u0105\u017c\u0119 Lichnowski pro\u015bb\u0119 gminy u urz\u0119du\nbiskupiego, domagaj\u0105cej si\u0119 przy\u0142\u0105czenia do parafii krzy\u017canowickiej. \u00d3wczesny\ndziekan raciborski ksi\u0105dz \u017bo\u0142\u0105dek sprzeciwi\u0142 si\u0119 \u017c\u0105daniom Rudyszwa\u0142dzian,\nt\u0142umacz\u0105c si\u0119 tym, \u017ce przez od\u0142\u0105czenie utraci\u0142by proboszcz tworkowski znacznie\ndochod\u00f3w. Dnia 19.06.1849 roku rozporz\u0105dza urz\u0105d biskupi, aby probostwo\ndoprowadzono do stanu dawniejszego. Patron ko\u015bcio\u0142a przyrzek\u0142 zapomog\u0119 na\nbudow\u0119 probostwa pod warunkiem, \u017ce nie b\u0119dzie si\u0119 budowa\u0107 zabudowa\u0144\ngospodarczych a rola do probostwa pozostanie nadal w dzier\u017cawie. Na to sie\njednak biskup nie zgodzi\u0142, wiedz\u0105c, \u017ce bez roli nie b\u0119dzie si\u0119 m\u00f3g\u0142 proboszcz\nutrzyma\u0107. Ostatecznie stan\u0105(\u0142) uk\u0142ad, moc\u0105 kt\u00f3rego ustanowi\u0107 miano kapelana\nlokalnego, kt\u00f3remu zagwarantowano utrzymanie, za\u015b nadwy\u017cka dochod\u00f3w s\u0142u\u017cy\u0107\nmia\u0142a jako fundusz na zbudowanie wspomnianych ju\u017c zabudowa\u0144 gospodarczych. Ksi\u0119ciu\nLichnowskiemu za\u015b przyznano prawo prezentowania ksi\u0119\u017cy na tutejsze probostwo. <\/p>\n\n\n\n<p style=\"text-align:justify\">Na mocy tego uk\u0142adu tak\u017ce i\nZabe\u0142kowianie zgodzili si\u0119 na przynale\u017cno\u015b\u0107 do parafii rudyszwa\u0142dzkiej pod\nwarunkiem, \u017ce duchowny od ko\u015bcio\u0142a w Rudyszwa\u0142dzie sprawowa\u0107 b\u0119dzie swe\nczynno\u015bci tak\u017ce przy ich ko\u015bciele. Stan\u0105(\u0142) teraz uk\u0142ad, \u017ce stare probostwo\nzostanie odnowione i na mieszkanie kapelana przeznaczone. Dnia 22.05.1849 roku\nustanowiono, \u017ce kapelan b\u0119dzie odprawia\u0142 nabo\u017ce\u0144stwa raz w Rudyszwa\u0142dzie a\ndrugi raz&nbsp; w Zabe\u0142kowie, a nadto dwa razy\nw tygodniu w Zabe\u0142kowie, je\u017celi kaplica tamtejsza zostanie powi\u0119kszona.<\/p>\n\n\n\n<p style=\"text-align:justify\">Dnia 18.06.1849 roku da\u0142\nkardyna\u0142 zezwolenie na przebudowanie ko\u015bcio\u0142a w Zabe\u0142kowie. Pierwszym kapelanem\nlokalnym zosta\u0142 ksi\u0105dz Golucki (1849 r.). W roku 1853 zosta\u0142 ko\u015bci\u00f3\u0142 odnowiony,\na\u017c do roku 1864 otrzyma\u0142 duszpasterz rocznej pensji 300 talar\u00f3w, odt\u0105d u\u017cywa\u0142\ntak\u017ce roli proboszczowskiej. W roky 1869 rozpocz\u0119to budow\u0119 nowego probostwa\nkosztem 2580 talar\u00f3w. Kazalnic\u0119 i chcielnic\u0119 wystawiono w 1893 roku dzi\u0119ki\ndobrowolnym datkom parafian. <\/p>\n\n\n\n<p style=\"text-align:justify\">Ksi\u0105dz Golucki zmar\u0142 po d\u0142ugiej\nchorobie dnia 17.01.1878 roku. Poniewa\u017c z powodu znanych praw majowych by\u0142o\nobsadzenie probostwa niemo\u017cliwe, ucz\u0119szczali wierni na nabo\u017ce\u0144stwa do\npobliskich ko\u015bcio\u0142\u00f3w parafialnych w Zabe\u0142kowie, Haci (Ha\u0165) i Boguminie. W roku\n1877 ustanowiono marmurowy krzy\u017c na cmentarzu, w 1881 ustanowiono nowe organy,\nw 1882 roku dobudowano w miejsce dotychczasowej drewnianej zakrystii murowan\u0105.\nPowi\u0119kszono znacznie ko\u015bci\u00f3\u0142, ustawiono nowy o\u0142tarz g\u0142\u00f3wny i sprawiono nowy\ndzwon.<\/p>\n\n\n\n<p style=\"text-align:justify\">Po\u015bwi\u0119cenie ko\u015bcio\u0142a odby\u0142o si\u0119\ndnia 21.10.1882 roku przez ksi\u0119dza dziekana Strzybnego ze Starej Wsi. (&#8230;) Parafi\u0105 opiekowa\u0142 si\u0119 ksi\u0105dz Porschke z s\u0105siedniego Zabe\u0142kowa. W 1885 roku nowym proboszczem mianowano Augustyna Zedlera, nast\u0119pnie zosta\u0142 nim J\u00f3zef Gebel. Za jego pos\u0142ugi duszpastersk\u0105 fili\u0119 podniesiono do rangi samodzielnej parafii. Za spraw\u0105 rozwoju sieci parafialnej w 1912 roku utworzono dekanat tworkowski, w sk\u0142ad kt\u00f3rego wesz\u0142a parafia Rudyszwa\u0142d.<\/p>\n\n\n\n<p style=\"text-align:justify\">W ko\u0144cu XIX wieku miejscowy ko\u015bci\u00f3\u0142 przeszed\u0142 generalny remont. W 1929 roku poczyniono pierwsze kroki w celu budowy nowej \u015bwi\u0105tyni. Zwr\u00f3cono si\u0119 wtedy z pro\u015bb\u0105 do nadprezydenta Prowincji G\u00f3rno\u015bl\u0105skiej z pro\u015bb\u0105 o dotacj\u0119, argumentuj\u0105c swoj\u0105 pro\u015bb\u0119: z\u0142ym stanem, zbyt ma\u0142\u0105 wielko\u015bci\u0105 \u00f3wczesnego ko\u015bcio\u0142a, rosn\u0105c\u0105 inflacj\u0105, usytuowaniem rolnictwa &#8222;w najgorszym po\u0142o\u017ceniu&#8221;. Parafia nie uzyska\u0142a jednak \u015brodk\u00f3w na ten cel z fundusz\u00f3w prowincjonalnych. w 1930 roku zwr\u00f3cono si\u0119 w tej sprawie do odpowiedniego ministra a urz\u0105d budowlany w Raciborzu przygotowa\u0142 kosztorys, plan oraz dokona\u0142 wizytacji. Przeprowadzona wizytacja wykaza\u0142a, \u017ce miejscowy ko\u015bci\u00f3\u0142 posiada\u0142 200 miejsc siedz\u0105cych i 100 stoj\u0105cych. Stwierdzono potrzeb\u0119 powi\u0119kszenia ko\u015bcio\u0142a o drugie tyle. 27 kwietnia 1930 roku rada parafialna ostatecznie uchwali\u0142a decyzj\u0119 o budowie nowego ko\u015bcio\u0142a. Pomimo trudno\u015bci w zdobyciu funduszy landrat raciborski wraz z proboszczem i rad\u0105 parafialn\u0105 jednog\u0142o\u015bnie podtrzymywali stanowisko budowy nowego budynku. W 1935 roku uda\u0142o si\u0119 rozpocz\u0105\u0107 budow\u0119 nowego ko\u015bcio\u0142a wed\u0142ug projektu Ehla z Bytomia, kt\u00f3r\u0105 zako\u0144czono w 1936 roku. 8 listopada tego\u017c roku odby\u0142a si\u0119 uroczysto\u015b\u0107 jego konsekracji w czym przewodniczy\u0142 sam kardyna\u0142 Bertram, nadaj\u0105c \u015bwi\u0105tyni wezwanie Tr\u00f3jcy \u015awi\u0119tej. <\/p>\n\n\n\n<!-- default-view.php -->\n<div\n\tclass=\"ngg-galleryoverview default-view \"\n\tid=\"ngg-gallery-0c0e9818bfe19e3e87a79dbbc9762c2a-1\">\n\n\t\t<!-- Thumbnails -->\n\t\t\t\t<div id=\"ngg-image-0\" class=\"ngg-gallery-thumbnail-box \" >\n\t\t\t\t        <div class=\"ngg-gallery-thumbnail\">\n            <a href=\"https:\/\/www.parafia.rudyszwald.pl\/wp-content\/gallery\/historia-parafii\/skanowanie0012.jpg\"\n               title=\"\"\n               data-src=\"https:\/\/www.parafia.rudyszwald.pl\/wp-content\/gallery\/historia-parafii\/skanowanie0012.jpg\"\n               data-thumbnail=\"https:\/\/www.parafia.rudyszwald.pl\/wp-content\/gallery\/historia-parafii\/thumbs\/thumbs_skanowanie0012.jpg\"\n               data-image-id=\"107\"\n               data-title=\"\u015awi\u0119to Zes\u0142ania Ducha \u015awi\u0119tego\"\n               data-description=\"\"\n               data-image-slug=\"skanowanie0012\"\n               class=\"ngg-simplelightbox\" rel=\"0c0e9818bfe19e3e87a79dbbc9762c2a\">\n                <img\n                    title=\"\u015awi\u0119to Zes\u0142ania Ducha \u015awi\u0119tego\"\n                    alt=\"\u015awi\u0119to Zes\u0142ania Ducha \u015awi\u0119tego\"\n                    src=\"https:\/\/www.parafia.rudyszwald.pl\/wp-content\/gallery\/historia-parafii\/thumbs\/thumbs_skanowanie0012.jpg\"\n                    width=\"240\"\n                    height=\"160\"\n                    style=\"max-width:100%;\"\n                \/>\n            <\/a>\n        <\/div>\n\t\t\t\t\t\t\t<\/div> \n\t\t\t\n\t\t\t\t<div id=\"ngg-image-1\" class=\"ngg-gallery-thumbnail-box \" >\n\t\t\t\t        <div class=\"ngg-gallery-thumbnail\">\n            <a href=\"https:\/\/www.parafia.rudyszwald.pl\/wp-content\/gallery\/historia-parafii\/skanowanie0011.jpg\"\n               title=\"\"\n               data-src=\"https:\/\/www.parafia.rudyszwald.pl\/wp-content\/gallery\/historia-parafii\/skanowanie0011.jpg\"\n               data-thumbnail=\"https:\/\/www.parafia.rudyszwald.pl\/wp-content\/gallery\/historia-parafii\/thumbs\/thumbs_skanowanie0011.jpg\"\n               data-image-id=\"106\"\n               data-title=\"Wizyta cudownego obrazu Matki Boskiej Cz\u0119stochowskiej\"\n               data-description=\"\"\n               data-image-slug=\"skanowanie0011\"\n               class=\"ngg-simplelightbox\" rel=\"0c0e9818bfe19e3e87a79dbbc9762c2a\">\n                <img\n                    title=\"Wizyta cudownego obrazu Matki Boskiej Cz\u0119stochowskiej\"\n                    alt=\"Wizyta cudownego obrazu Matki Boskiej Cz\u0119stochowskiej\"\n                    src=\"https:\/\/www.parafia.rudyszwald.pl\/wp-content\/gallery\/historia-parafii\/thumbs\/thumbs_skanowanie0011.jpg\"\n                    width=\"240\"\n                    height=\"160\"\n                    style=\"max-width:100%;\"\n                \/>\n            <\/a>\n        <\/div>\n\t\t\t\t\t\t\t<\/div> \n\t\t\t\n\t\t\t\t<div id=\"ngg-image-2\" class=\"ngg-gallery-thumbnail-box \" >\n\t\t\t\t        <div class=\"ngg-gallery-thumbnail\">\n            <a href=\"https:\/\/www.parafia.rudyszwald.pl\/wp-content\/gallery\/historia-parafii\/skanowanie0010.jpg\"\n               title=\"\"\n               data-src=\"https:\/\/www.parafia.rudyszwald.pl\/wp-content\/gallery\/historia-parafii\/skanowanie0010.jpg\"\n               data-thumbnail=\"https:\/\/www.parafia.rudyszwald.pl\/wp-content\/gallery\/historia-parafii\/thumbs\/thumbs_skanowanie0010.jpg\"\n               data-image-id=\"105\"\n               data-title=\"Wizyta cudownego obrazu Matki Boskiej Cz\u0119stochowskiej\"\n               data-description=\"\"\n               data-image-slug=\"skanowanie0010\"\n               class=\"ngg-simplelightbox\" rel=\"0c0e9818bfe19e3e87a79dbbc9762c2a\">\n                <img\n                    title=\"Wizyta cudownego obrazu Matki Boskiej Cz\u0119stochowskiej\"\n                    alt=\"Wizyta cudownego obrazu Matki Boskiej Cz\u0119stochowskiej\"\n                    src=\"https:\/\/www.parafia.rudyszwald.pl\/wp-content\/gallery\/historia-parafii\/thumbs\/thumbs_skanowanie0010.jpg\"\n                    width=\"240\"\n                    height=\"160\"\n                    style=\"max-width:100%;\"\n                \/>\n            <\/a>\n        <\/div>\n\t\t\t\t\t\t\t<\/div> \n\t\t\t\n\t\t\t\t<div id=\"ngg-image-3\" class=\"ngg-gallery-thumbnail-box \" >\n\t\t\t\t        <div class=\"ngg-gallery-thumbnail\">\n            <a href=\"https:\/\/www.parafia.rudyszwald.pl\/wp-content\/gallery\/historia-parafii\/skanowanie0009.jpg\"\n               title=\"\"\n               data-src=\"https:\/\/www.parafia.rudyszwald.pl\/wp-content\/gallery\/historia-parafii\/skanowanie0009.jpg\"\n               data-thumbnail=\"https:\/\/www.parafia.rudyszwald.pl\/wp-content\/gallery\/historia-parafii\/thumbs\/thumbs_skanowanie0009.jpg\"\n               data-image-id=\"104\"\n               data-title=\"Procesje Bo\u017cego Cia\u0142a\"\n               data-description=\"\"\n               data-image-slug=\"skanowanie0009\"\n               class=\"ngg-simplelightbox\" rel=\"0c0e9818bfe19e3e87a79dbbc9762c2a\">\n                <img\n                    title=\"Procesje Bo\u017cego Cia\u0142a\"\n                    alt=\"Procesje Bo\u017cego Cia\u0142a\"\n                    src=\"https:\/\/www.parafia.rudyszwald.pl\/wp-content\/gallery\/historia-parafii\/thumbs\/thumbs_skanowanie0009.jpg\"\n                    width=\"240\"\n                    height=\"160\"\n                    style=\"max-width:100%;\"\n                \/>\n            <\/a>\n        <\/div>\n\t\t\t\t\t\t\t<\/div> \n\t\t\t\n\t\t\t\t<div id=\"ngg-image-4\" class=\"ngg-gallery-thumbnail-box \" >\n\t\t\t\t        <div class=\"ngg-gallery-thumbnail\">\n            <a href=\"https:\/\/www.parafia.rudyszwald.pl\/wp-content\/gallery\/historia-parafii\/skanowanie0008.jpg\"\n               title=\"\"\n               data-src=\"https:\/\/www.parafia.rudyszwald.pl\/wp-content\/gallery\/historia-parafii\/skanowanie0008.jpg\"\n               data-thumbnail=\"https:\/\/www.parafia.rudyszwald.pl\/wp-content\/gallery\/historia-parafii\/thumbs\/thumbs_skanowanie0008.jpg\"\n               data-image-id=\"103\"\n               data-title=\"Procesje Bo\u017cego Cia\u0142a\"\n               data-description=\"\"\n               data-image-slug=\"skanowanie0008\"\n               class=\"ngg-simplelightbox\" rel=\"0c0e9818bfe19e3e87a79dbbc9762c2a\">\n                <img\n                    title=\"Procesje Bo\u017cego Cia\u0142a\"\n                    alt=\"Procesje Bo\u017cego Cia\u0142a\"\n                    src=\"https:\/\/www.parafia.rudyszwald.pl\/wp-content\/gallery\/historia-parafii\/thumbs\/thumbs_skanowanie0008.jpg\"\n                    width=\"240\"\n                    height=\"160\"\n                    style=\"max-width:100%;\"\n                \/>\n            <\/a>\n        <\/div>\n\t\t\t\t\t\t\t<\/div> \n\t\t\t\n\t\t\t\t<div id=\"ngg-image-5\" class=\"ngg-gallery-thumbnail-box \" >\n\t\t\t\t        <div class=\"ngg-gallery-thumbnail\">\n            <a href=\"https:\/\/www.parafia.rudyszwald.pl\/wp-content\/gallery\/historia-parafii\/skanowanie0007.jpg\"\n               title=\"\"\n               data-src=\"https:\/\/www.parafia.rudyszwald.pl\/wp-content\/gallery\/historia-parafii\/skanowanie0007.jpg\"\n               data-thumbnail=\"https:\/\/www.parafia.rudyszwald.pl\/wp-content\/gallery\/historia-parafii\/thumbs\/thumbs_skanowanie0007.jpg\"\n               data-image-id=\"102\"\n               data-title=\"Wizyta cudownego obrazu Matki Boskiej Cz\u0119stochowskiej\"\n               data-description=\"\"\n               data-image-slug=\"skanowanie0007\"\n               class=\"ngg-simplelightbox\" rel=\"0c0e9818bfe19e3e87a79dbbc9762c2a\">\n                <img\n                    title=\"Wizyta cudownego obrazu Matki Boskiej Cz\u0119stochowskiej\"\n                    alt=\"Wizyta cudownego obrazu Matki Boskiej Cz\u0119stochowskiej\"\n                    src=\"https:\/\/www.parafia.rudyszwald.pl\/wp-content\/gallery\/historia-parafii\/thumbs\/thumbs_skanowanie0007.jpg\"\n                    width=\"240\"\n                    height=\"160\"\n                    style=\"max-width:100%;\"\n                \/>\n            <\/a>\n        <\/div>\n\t\t\t\t\t\t\t<\/div> \n\t\t\t\n\t\n\t<br style=\"clear: both\" \/>\n\n\t\n\t\t<!-- Pagination -->\n\t<div class='ngg-navigation'><span class='current'>1<\/span>\n<a class='page-numbers' data-pageid='2' href='https:\/\/www.parafia.rudyszwald.pl\/index.php\/historia\/nggallery\/page\/2'>2<\/a>\n<span class='ellipsis'>...<\/span>\n<a class='page-numbers' data-pageid='6' href='https:\/\/www.parafia.rudyszwald.pl\/index.php\/historia\/nggallery\/page\/6'>6<\/a>\n<a class='prev' href='https:\/\/www.parafia.rudyszwald.pl\/index.php\/historia\/nggallery\/page\/2' data-pageid=2>&#9658;<\/a><\/div>\t<\/div>\n\n\n\n\n<div style=\"height:20px\" aria-hidden=\"true\" class=\"wp-block-spacer\"><\/div>\n\n\n\n<div class=\"wp-block-button aligncenter is-style-outline\"><a class=\"wp-block-button__link\" href=\"https:\/\/www.parafia.rudyszwald.pl\/\">strona g\u0142\u00f3wna<\/a><\/div>\n","protected":false},"excerpt":{"rendered":"<p>Historia za\u0142o\u017cenia parafii Poni\u017cej przedstawiono teksty oryginalne pochodz\u0105ce ze \u017ar\u00f3de\u0142:&#8222;Historia Raciborza i okolicy&#8221; Franciszka Godu\u0142y, Bytom 06.02.1912 r. &#8222;Zarys dziej\u00f3w parafii Rudyszwa\u0142d do roku 1945&#8221; K.Kotas, 18.08.2012 r.&#8222;Rys historyczny Rudyszwa\u0142du&#8221; W kierunku po\u0142udniowo-schodnim, 22 km od Raciborza, oddalona jest wioska ko\u015bcielna Rudyszwa\u0142d. Pierwsza wzmianka o parafii w Rudyszwa\u0142dzie pochodzi z<\/p>\n<div class=\"belowpost\"><a class=\"btnmore icon-arrow\" href=\"https:\/\/www.parafia.rudyszwald.pl\/index.php\/historia\/\"><span>Read More<\/span><\/a><\/div>\n","protected":false},"author":1,"featured_media":0,"parent":0,"menu_order":0,"comment_status":"closed","ping_status":"closed","template":"","meta":{"_exactmetrics_skip_tracking":false,"_exactmetrics_sitenote_active":false,"_exactmetrics_sitenote_note":"","_exactmetrics_sitenote_category":0,"ngg_post_thumbnail":0},"yoast_head":"<!-- This site is optimized with the Yoast SEO plugin v19.11 - https:\/\/yoast.com\/wordpress\/plugins\/seo\/ -->\n<title>Historia - Parafia Tr\u00f3jcy \u015awi\u0119tej w Rudyszwa\u0142dzie<\/title>\n<meta name=\"description\" content=\"Historia Parafii Tr\u00f3jcy \u015awi\u0119tej w Rudyszwa\u0142dzie\" \/>\n<meta name=\"robots\" content=\"index, follow, max-snippet:-1, max-image-preview:large, max-video-preview:-1\" \/>\n<link rel=\"canonical\" href=\"https:\/\/www.parafia.rudyszwald.pl\/index.php\/historia\/\" \/>\n<meta property=\"og:locale\" content=\"pl_PL\" \/>\n<meta property=\"og:type\" content=\"article\" \/>\n<meta property=\"og:title\" content=\"Historia - Parafia Tr\u00f3jcy \u015awi\u0119tej w Rudyszwa\u0142dzie\" \/>\n<meta property=\"og:description\" content=\"Historia Parafii Tr\u00f3jcy \u015awi\u0119tej w Rudyszwa\u0142dzie\" \/>\n<meta property=\"og:url\" content=\"https:\/\/www.parafia.rudyszwald.pl\/index.php\/historia\/\" \/>\n<meta property=\"og:site_name\" content=\"Parafia Tr\u00f3jcy \u015awi\u0119tej w Rudyszwa\u0142dzie\" \/>\n<meta property=\"article:modified_time\" content=\"2019-07-14T00:10:03+00:00\" \/>\n<meta name=\"twitter:card\" content=\"summary_large_image\" \/>\n<meta name=\"twitter:label1\" content=\"Szacowany czas czytania\" \/>\n\t<meta name=\"twitter:data1\" content=\"9 minut\" \/>\n<script type=\"application\/ld+json\" class=\"yoast-schema-graph\">{\"@context\":\"https:\/\/schema.org\",\"@graph\":[{\"@type\":\"WebPage\",\"@id\":\"https:\/\/www.parafia.rudyszwald.pl\/index.php\/historia\/\",\"url\":\"https:\/\/www.parafia.rudyszwald.pl\/index.php\/historia\/\",\"name\":\"Historia - Parafia Tr\u00f3jcy \u015awi\u0119tej w Rudyszwa\u0142dzie\",\"isPartOf\":{\"@id\":\"https:\/\/www.parafia.rudyszwald.pl\/#website\"},\"datePublished\":\"2019-07-11T19:20:08+00:00\",\"dateModified\":\"2019-07-14T00:10:03+00:00\",\"description\":\"Historia Parafii Tr\u00f3jcy \u015awi\u0119tej w Rudyszwa\u0142dzie\",\"breadcrumb\":{\"@id\":\"https:\/\/www.parafia.rudyszwald.pl\/index.php\/historia\/#breadcrumb\"},\"inLanguage\":\"pl-PL\",\"potentialAction\":[{\"@type\":\"ReadAction\",\"target\":[\"https:\/\/www.parafia.rudyszwald.pl\/index.php\/historia\/\"]}]},{\"@type\":\"BreadcrumbList\",\"@id\":\"https:\/\/www.parafia.rudyszwald.pl\/index.php\/historia\/#breadcrumb\",\"itemListElement\":[{\"@type\":\"ListItem\",\"position\":1,\"name\":\"Strona g\u0142\u00f3wna\",\"item\":\"https:\/\/www.parafia.rudyszwald.pl\/\"},{\"@type\":\"ListItem\",\"position\":2,\"name\":\"Historia\"}]},{\"@type\":\"WebSite\",\"@id\":\"https:\/\/www.parafia.rudyszwald.pl\/#website\",\"url\":\"https:\/\/www.parafia.rudyszwald.pl\/\",\"name\":\"Parafia Tr\u00f3jcy \u015awi\u0119tej w Rudyszwa\u0142dzie\",\"description\":\"Parafia Rudyszwa\u0142d\",\"publisher\":{\"@id\":\"https:\/\/www.parafia.rudyszwald.pl\/#organization\"},\"potentialAction\":[{\"@type\":\"SearchAction\",\"target\":{\"@type\":\"EntryPoint\",\"urlTemplate\":\"https:\/\/www.parafia.rudyszwald.pl\/?s={search_term_string}\"},\"query-input\":\"required name=search_term_string\"}],\"inLanguage\":\"pl-PL\"},{\"@type\":\"Organization\",\"@id\":\"https:\/\/www.parafia.rudyszwald.pl\/#organization\",\"name\":\"Parafia Tr\u00f3jcy \u015awi\u0119tej w Rudyszwa\u0142dzie\",\"url\":\"https:\/\/www.parafia.rudyszwald.pl\/\",\"logo\":{\"@type\":\"ImageObject\",\"inLanguage\":\"pl-PL\",\"@id\":\"https:\/\/www.parafia.rudyszwald.pl\/#\/schema\/logo\/image\/\",\"url\":\"https:\/\/www.parafia.rudyszwald.pl\/wp-content\/uploads\/2019\/07\/IMG_1_DxO-copy-\u2014-kopia2-\u2014-kopia-2.jpg\",\"contentUrl\":\"https:\/\/www.parafia.rudyszwald.pl\/wp-content\/uploads\/2019\/07\/IMG_1_DxO-copy-\u2014-kopia2-\u2014-kopia-2.jpg\",\"width\":464,\"height\":711,\"caption\":\"Parafia Tr\u00f3jcy \u015awi\u0119tej w Rudyszwa\u0142dzie\"},\"image\":{\"@id\":\"https:\/\/www.parafia.rudyszwald.pl\/#\/schema\/logo\/image\/\"}}]}<\/script>\n<!-- \/ Yoast SEO plugin. -->","yoast_head_json":{"title":"Historia - Parafia Tr\u00f3jcy \u015awi\u0119tej w Rudyszwa\u0142dzie","description":"Historia Parafii Tr\u00f3jcy \u015awi\u0119tej w Rudyszwa\u0142dzie","robots":{"index":"index","follow":"follow","max-snippet":"max-snippet:-1","max-image-preview":"max-image-preview:large","max-video-preview":"max-video-preview:-1"},"canonical":"https:\/\/www.parafia.rudyszwald.pl\/index.php\/historia\/","og_locale":"pl_PL","og_type":"article","og_title":"Historia - Parafia Tr\u00f3jcy \u015awi\u0119tej w Rudyszwa\u0142dzie","og_description":"Historia Parafii Tr\u00f3jcy \u015awi\u0119tej w Rudyszwa\u0142dzie","og_url":"https:\/\/www.parafia.rudyszwald.pl\/index.php\/historia\/","og_site_name":"Parafia Tr\u00f3jcy \u015awi\u0119tej w Rudyszwa\u0142dzie","article_modified_time":"2019-07-14T00:10:03+00:00","twitter_card":"summary_large_image","twitter_misc":{"Szacowany czas czytania":"9 minut"},"schema":{"@context":"https:\/\/schema.org","@graph":[{"@type":"WebPage","@id":"https:\/\/www.parafia.rudyszwald.pl\/index.php\/historia\/","url":"https:\/\/www.parafia.rudyszwald.pl\/index.php\/historia\/","name":"Historia - Parafia Tr\u00f3jcy \u015awi\u0119tej w Rudyszwa\u0142dzie","isPartOf":{"@id":"https:\/\/www.parafia.rudyszwald.pl\/#website"},"datePublished":"2019-07-11T19:20:08+00:00","dateModified":"2019-07-14T00:10:03+00:00","description":"Historia Parafii Tr\u00f3jcy \u015awi\u0119tej w Rudyszwa\u0142dzie","breadcrumb":{"@id":"https:\/\/www.parafia.rudyszwald.pl\/index.php\/historia\/#breadcrumb"},"inLanguage":"pl-PL","potentialAction":[{"@type":"ReadAction","target":["https:\/\/www.parafia.rudyszwald.pl\/index.php\/historia\/"]}]},{"@type":"BreadcrumbList","@id":"https:\/\/www.parafia.rudyszwald.pl\/index.php\/historia\/#breadcrumb","itemListElement":[{"@type":"ListItem","position":1,"name":"Strona g\u0142\u00f3wna","item":"https:\/\/www.parafia.rudyszwald.pl\/"},{"@type":"ListItem","position":2,"name":"Historia"}]},{"@type":"WebSite","@id":"https:\/\/www.parafia.rudyszwald.pl\/#website","url":"https:\/\/www.parafia.rudyszwald.pl\/","name":"Parafia Tr\u00f3jcy \u015awi\u0119tej w Rudyszwa\u0142dzie","description":"Parafia Rudyszwa\u0142d","publisher":{"@id":"https:\/\/www.parafia.rudyszwald.pl\/#organization"},"potentialAction":[{"@type":"SearchAction","target":{"@type":"EntryPoint","urlTemplate":"https:\/\/www.parafia.rudyszwald.pl\/?s={search_term_string}"},"query-input":"required name=search_term_string"}],"inLanguage":"pl-PL"},{"@type":"Organization","@id":"https:\/\/www.parafia.rudyszwald.pl\/#organization","name":"Parafia Tr\u00f3jcy \u015awi\u0119tej w Rudyszwa\u0142dzie","url":"https:\/\/www.parafia.rudyszwald.pl\/","logo":{"@type":"ImageObject","inLanguage":"pl-PL","@id":"https:\/\/www.parafia.rudyszwald.pl\/#\/schema\/logo\/image\/","url":"https:\/\/www.parafia.rudyszwald.pl\/wp-content\/uploads\/2019\/07\/IMG_1_DxO-copy-\u2014-kopia2-\u2014-kopia-2.jpg","contentUrl":"https:\/\/www.parafia.rudyszwald.pl\/wp-content\/uploads\/2019\/07\/IMG_1_DxO-copy-\u2014-kopia2-\u2014-kopia-2.jpg","width":464,"height":711,"caption":"Parafia Tr\u00f3jcy \u015awi\u0119tej w Rudyszwa\u0142dzie"},"image":{"@id":"https:\/\/www.parafia.rudyszwald.pl\/#\/schema\/logo\/image\/"}}]}},"_links":{"self":[{"href":"https:\/\/www.parafia.rudyszwald.pl\/index.php\/wp-json\/wp\/v2\/pages\/1073"}],"collection":[{"href":"https:\/\/www.parafia.rudyszwald.pl\/index.php\/wp-json\/wp\/v2\/pages"}],"about":[{"href":"https:\/\/www.parafia.rudyszwald.pl\/index.php\/wp-json\/wp\/v2\/types\/page"}],"author":[{"embeddable":true,"href":"https:\/\/www.parafia.rudyszwald.pl\/index.php\/wp-json\/wp\/v2\/users\/1"}],"replies":[{"embeddable":true,"href":"https:\/\/www.parafia.rudyszwald.pl\/index.php\/wp-json\/wp\/v2\/comments?post=1073"}],"version-history":[{"count":15,"href":"https:\/\/www.parafia.rudyszwald.pl\/index.php\/wp-json\/wp\/v2\/pages\/1073\/revisions"}],"predecessor-version":[{"id":1188,"href":"https:\/\/www.parafia.rudyszwald.pl\/index.php\/wp-json\/wp\/v2\/pages\/1073\/revisions\/1188"}],"wp:attachment":[{"href":"https:\/\/www.parafia.rudyszwald.pl\/index.php\/wp-json\/wp\/v2\/media?parent=1073"}],"curies":[{"name":"wp","href":"https:\/\/api.w.org\/{rel}","templated":true}]}}