{"id":110,"date":"2019-04-05T09:17:13","date_gmt":"2019-04-05T09:17:13","guid":{"rendered":"https:\/\/www.parafia.rudyszwald.pl\/?page_id=110"},"modified":"2022-02-14T08:17:02","modified_gmt":"2022-02-14T08:17:02","slug":"kaplani","status":"publish","type":"page","link":"https:\/\/www.parafia.rudyszwald.pl\/index.php\/kaplani\/","title":{"rendered":"Kap\u0142ani"},"content":{"rendered":"\n<hr class=\"wp-block-separator\"\/>\n\n\n<div id=\"wp-megamenu-main_menu\" class=\"wp-megamenu-wrap    \">\n\t\t<div class=\"wpmm-fullwidth-wrap\"><\/div>\n\t\t<div class=\"wpmm-nav-wrap wpmm-main-wrap-\">\n\t\t\t<a href=\"javascript:;\" class=\"wpmm_mobile_menu_btn\"><i class=\"fa fa-bars\"><\/i> Menu<\/a> <div class='wpmm_brand_logo_wrap'><a href='https:\/\/www.parafia.rudyszwald.pl\/'> <img src='http:\/\/demo.themeum.com\/wordpress\/wp-megamenu\/wp-content\/uploads\/2017\/07\/brand-logo.png'  width='32px'   height='31px' \/> <\/a> <\/div> <ul id=\"menu-main_menu\"  class=\"wp-megamenu\"><li id=\"wp-megamenu-item-75\" class=\"menu-item menu-item-type-post_type menu-item-object-page menu-item-home wp-megamenu-item-75  wpmm_mega_menu  wpmm-fadeindown wpmm-strees-row wpmm-submenu-right\"><a href=\"https:\/\/www.parafia.rudyszwald.pl\/\">STRONA G\u0141\u00d3WNA<\/a><\/li>\n<li id=\"wp-megamenu-item-158\" class=\"menu-item menu-item-type-post_type menu-item-object-page menu-item-has-children wp-megamenu-item-158  wpmm_dropdown_menu  wpmm-fadeindown wpmm-strees-default wpmm-submenu-right\"><a href=\"https:\/\/www.parafia.rudyszwald.pl\/index.php\/o-parafii\/\">O parafii <b class=\"fa fa-angle-down\"><\/b> <\/a>\n<ul class=\"wp-megamenu-sub-menu\" >\n\t<li id=\"wp-megamenu-item-133\" class=\"menu-item menu-item-type-post_type menu-item-object-page wp-megamenu-item-133 wpmm-submenu-right\"><a href=\"https:\/\/www.parafia.rudyszwald.pl\/index.php\/intencje\/\">Intencje<\/a><\/li>\n\t<li id=\"wp-megamenu-item-73\" class=\"menu-item menu-item-type-post_type menu-item-object-page wp-megamenu-item-73 wpmm-submenu-right\"><a href=\"https:\/\/www.parafia.rudyszwald.pl\/index.php\/porzadek-mszy-swietych-i-nabozenstw\/\">Msze i Nabo\u017ce\u0144stwa<\/a><\/li>\n\t<li id=\"wp-megamenu-item-948\" class=\"menu-item menu-item-type-post_type menu-item-object-page wp-megamenu-item-948 wpmm-submenu-right\"><a href=\"https:\/\/www.parafia.rudyszwald.pl\/index.php\/liturgia-na-dzis\/\">Liturgia<\/a><\/li>\n\t<li id=\"wp-megamenu-item-127\" class=\"menu-item menu-item-type-post_type menu-item-object-page wp-megamenu-item-127 wpmm-submenu-right\"><a href=\"https:\/\/www.parafia.rudyszwald.pl\/index.php\/patron\/\">Patron<\/a><\/li>\n\t<li id=\"wp-megamenu-item-4719\" class=\"menu-item menu-item-type-post_type menu-item-object-page wp-megamenu-item-4719 wpmm-submenu-right\"><a href=\"https:\/\/www.parafia.rudyszwald.pl\/index.php\/standardy-ochrony-maloletnich\/\">Standardy Ochrony Ma\u0142oletnich<\/a><\/li>\n\t<li id=\"wp-megamenu-item-125\" class=\"menu-item menu-item-type-post_type menu-item-object-page wp-megamenu-item-125 wpmm-submenu-right\"><a href=\"https:\/\/www.parafia.rudyszwald.pl\/index.php\/kaplani\/\">Kap\u0142ani<\/a><\/li>\n\t<li id=\"wp-megamenu-item-130\" class=\"menu-item menu-item-type-post_type menu-item-object-page menu-item-has-children wp-megamenu-item-130 wpmm-submenu-right\"><a href=\"https:\/\/www.parafia.rudyszwald.pl\/index.php\/grupy-parafialne\/\">Grupy parafialne<\/a>\n\t<ul class=\"wp-megamenu-sub-menu\" >\n\t\t<li id=\"wp-megamenu-item-3037\" class=\"menu-item menu-item-type-post_type menu-item-object-page wp-megamenu-item-3037 wpmm-submenu-right\"><a href=\"https:\/\/www.parafia.rudyszwald.pl\/index.php\/dzieci-maryi\/\">Dzieci Maryi<\/a><\/li>\n\t<\/ul>\n<\/li>\n\t<li id=\"wp-megamenu-item-659\" class=\"menu-item menu-item-type-post_type menu-item-object-page wp-megamenu-item-659 wpmm-submenu-right\"><a href=\"https:\/\/www.parafia.rudyszwald.pl\/index.php\/kapliczki\/\">Kapliczki<\/a><\/li>\n\t<li id=\"wp-megamenu-item-1092\" class=\"menu-item menu-item-type-post_type menu-item-object-page wp-megamenu-item-1092 wpmm-submenu-right\"><a href=\"https:\/\/www.parafia.rudyszwald.pl\/index.php\/historia\/\">Historia<\/a><\/li>\n\t<li id=\"wp-megamenu-item-84\" class=\"menu-item menu-item-type-post_type menu-item-object-page wp-megamenu-item-84 wpmm-submenu-right\"><a href=\"https:\/\/www.parafia.rudyszwald.pl\/index.php\/przydatne-linki\/\">Przydatne linki<\/a><\/li>\n<\/ul>\n<\/li>\n<li id=\"wp-megamenu-item-96\" class=\"menu-item menu-item-type-post_type menu-item-object-page wp-megamenu-item-96  wpmm_mega_menu  wpmm-fadeindown wpmm-strees-row-and-content wpmm-submenu-right\"><a href=\"https:\/\/www.parafia.rudyszwald.pl\/index.php\/galeria\/\">Galeria<\/a><\/li>\n<li id=\"wp-megamenu-item-1407\" class=\"menu-item menu-item-type-post_type menu-item-object-page menu-item-has-children wp-megamenu-item-1407  wpmm_dropdown_menu  wpmm-fadeindown wpmm-submenu-right\"><a href=\"https:\/\/www.parafia.rudyszwald.pl\/index.php\/sakramenty\/\">Sakramenty <b class=\"fa fa-angle-down\"><\/b> <\/a>\n<ul class=\"wp-megamenu-sub-menu\" >\n\t<li id=\"wp-megamenu-item-1408\" class=\"menu-item menu-item-type-post_type menu-item-object-page wp-megamenu-item-1408 wpmm-submenu-right\"><a href=\"https:\/\/www.parafia.rudyszwald.pl\/index.php\/chrzest-swiety\/\">Chrzest \u015awi\u0119ty<\/a><\/li>\n\t<li id=\"wp-megamenu-item-1434\" class=\"menu-item menu-item-type-post_type menu-item-object-page wp-megamenu-item-1434 wpmm-submenu-right\"><a href=\"https:\/\/www.parafia.rudyszwald.pl\/index.php\/bierzmowanie\/\">Bierzmowanie<\/a><\/li>\n\t<li id=\"wp-megamenu-item-1447\" class=\"menu-item menu-item-type-post_type menu-item-object-page wp-megamenu-item-1447 wpmm-submenu-right\"><a href=\"https:\/\/www.parafia.rudyszwald.pl\/index.php\/eucharystia-2\/\">Eucharystia<\/a><\/li>\n\t<li id=\"wp-megamenu-item-1467\" class=\"menu-item menu-item-type-post_type menu-item-object-page wp-megamenu-item-1467 wpmm-submenu-right\"><a href=\"https:\/\/www.parafia.rudyszwald.pl\/index.php\/pokuta-i-pojednanie\/\">Pokuta i pojednanie<\/a><\/li>\n\t<li id=\"wp-megamenu-item-1486\" class=\"menu-item menu-item-type-post_type menu-item-object-page wp-megamenu-item-1486 wpmm-submenu-right\"><a href=\"https:\/\/www.parafia.rudyszwald.pl\/index.php\/namaszczenie-chorych\/\">Namaszczenie chorych<\/a><\/li>\n\t<li id=\"wp-megamenu-item-1570\" class=\"menu-item menu-item-type-post_type menu-item-object-page wp-megamenu-item-1570 wpmm-submenu-right\"><a href=\"https:\/\/www.parafia.rudyszwald.pl\/index.php\/kaplanstwo-2\/\">Kap\u0142a\u0144stwo<\/a><\/li>\n\t<li id=\"wp-megamenu-item-1607\" class=\"menu-item menu-item-type-post_type menu-item-object-page wp-megamenu-item-1607 wpmm-submenu-right\"><a href=\"https:\/\/www.parafia.rudyszwald.pl\/index.php\/malzenstwo-2\/\">Ma\u0142\u017ce\u0144stwo<\/a><\/li>\n<\/ul>\n<\/li>\n<li id=\"wp-megamenu-item-74\" class=\"menu-item menu-item-type-post_type menu-item-object-page wp-megamenu-item-74  wpmm_dropdown_menu  wpmm-fadeindown wpmm-strees-default wpmm-submenu-right\"><a href=\"https:\/\/www.parafia.rudyszwald.pl\/index.php\/kancelaria-parafialna\/\">Kontakt<\/a><\/li>\n<li id=\"wp-megamenu-item-wpmm-search-icon\" class=\"wpmm-social-link wpmm-social-link-search wp-megamenu-item-wpmm-search-icon  wpmm_dropdown_menu  wpmm-fadeindown wpmm-submenu-right\">\n                    <a href='#'> <i class='fa fa-search wpmm_search_icon'><\/i><\/a> \n                <form class='wpmm-search-form' action='https:\/\/www.parafia.rudyszwald.pl\/'>\n                    <input type='text' placeholder='Search' name='s' \/>\n                <\/form>\n            \n                <\/li>\n<\/ul>\n\t\t<\/div>\n\t<\/div>\n\n\n\n<div style=\"height:10px\" aria-hidden=\"true\" class=\"wp-block-spacer\"><\/div>\n\n\n\n<div class=\"wp-block-media-text alignwide is-stacked-on-mobile\" style=\"grid-template-columns:31% auto\"><figure class=\"wp-block-media-text__media\"><img decoding=\"async\" loading=\"lazy\" width=\"465\" height=\"568\" src=\"https:\/\/www.parafia.rudyszwald.pl\/wp-content\/uploads\/2019\/07\/ksiadz-\u2014-kopia.png\" alt=\"\" class=\"wp-image-1205\" srcset=\"https:\/\/www.parafia.rudyszwald.pl\/wp-content\/uploads\/2019\/07\/ksiadz-\u2014-kopia.png 465w, https:\/\/www.parafia.rudyszwald.pl\/wp-content\/uploads\/2019\/07\/ksiadz-\u2014-kopia-246x300.png 246w\" sizes=\"(max-width: 465px) 100vw, 465px\" \/><\/figure><div class=\"wp-block-media-text__content\">\n<p><strong>ks. Pawe\u0142 Chlipa\u0142a<\/strong><br><strong>Proboszcz parafii<\/strong> <br><\/p>\n<\/div><\/div>\n\n\n\n<p>Pawe\u0142 Chlipa\u0142a&nbsp; ur. 20.03.1969 roku w Szczawie (diecezja tarnowska), wy\u015bwi\u0119cony na kap\u0142ana 13.05.1995 roku w Krakowie. Pracowa\u0142 w parafiach:<br>&#8211; 1995 &#8211; 2007   wikariusz w parafii Matki Bo\u017cej Cz\u0119stochowskiej w Krakowie<br>&#8211; 2007 &#8211; 2013   proboszcz parafii<br>&#8211; 2013 &#8211; 2014   wikariusz w parafii \u015bw. Dominika w Nysie<br>&#8211; 2014 &#8211; 2018   wikariusz w parafii \u015bw. Bart\u0142omieja w G\u0142og\u00f3wku<br>&#8211; 12.2018 &#8211; teraz   proboszcz parafii Tr\u00f3jcy \u015aw. w Rudyszwa\u0142dzie<br><\/p>\n\n\n\n<hr class=\"wp-block-separator\"\/>\n\n\n\n<div style=\"height:20px\" aria-hidden=\"true\" class=\"wp-block-spacer\"><\/div>\n\n\n\n<p><strong>Kap\u0142ani pos\u0142uguj\u0105cy w parafii<\/strong><\/p>\n\n\n\n<div class=\"wp-block-media-text alignwide is-stacked-on-mobile\" style=\"grid-template-columns:19% auto\"><figure class=\"wp-block-media-text__media\"><img decoding=\"async\" loading=\"lazy\" width=\"240\" height=\"300\" src=\"https:\/\/www.parafia.rudyszwald.pl\/wp-content\/uploads\/2019\/04\/piotr_figurniak-e1562173428546.jpg\" alt=\"\" class=\"wp-image-119\"\/><\/figure><div class=\"wp-block-media-text__content\">\n<p style=\"text-align:justify\"><strong>Ks. Piotr Figurniak<\/strong> ur. 20.02.1966r. w Z\u0119bowicach, wy\u015bwi\u0119cony 19.06.1993r. w  Opolu. S\u0142u\u017cy\u0142 ponad 14 lat parafii w Rudysza\u0142dzie. Zmar\u0142 w 26 roku  pos\u0142ugi kap\u0142a\u0144skiej 24.09.2018 roku. Pochowany 27.09.2018r. przy ko\u015bciele  pw. Wszystkich \u015awi\u0119tych w Lasowicach Wielkich. <\/p>\n\n\n\n<p><\/p>\n<\/div><\/div>\n\n\n\n<div style=\"height:20px\" aria-hidden=\"true\" class=\"wp-block-spacer\"><\/div>\n\n\n\n<div class=\"wp-block-media-text alignwide is-stacked-on-mobile\" style=\"grid-template-columns:19% auto\"><figure class=\"wp-block-media-text__media\"><img decoding=\"async\" loading=\"lazy\" width=\"216\" height=\"269\" src=\"https:\/\/www.parafia.rudyszwald.pl\/wp-content\/uploads\/2021\/08\/Bez-tytu\u0142u.jpg\" alt=\"\" class=\"wp-image-2855\"\/><\/figure><div class=\"wp-block-media-text__content\">\n<p style=\"text-align:justify\"><strong>Adam Igielski<\/strong> ur. 4.07.1929r. w Tuchowie wy\u015bwiecony na kap\u0142ana  21.06.1954r. w Opolu. Pracowa\u0142 w Rudyszwa\u0142dzie od 29.08.1992 do  19.08.2004 roku.&nbsp; 08.04.1997r. zosta\u0142 podniesiony do godno\u015bci Pra\u0142ata. Tytu\u0142y honorowe: kapelan Jego \u015awi\u0105tobliwo\u015bci (21.11.1996), radca  duchowny (06.06.1992), dziekan honorowy (17.12.1982). Od 19.08.2004 roku kap\u0142an emeryt. Zmar\u0142 12.04.2020r. Pochowany na cmentarzu w Rudyszwa\u0142dzie.  <\/p>\n<\/div><\/div>\n\n\n\n<div style=\"height:20px\" aria-hidden=\"true\" class=\"wp-block-spacer\"><\/div>\n\n\n\n<div class=\"wp-block-media-text alignwide is-stacked-on-mobile\" style=\"grid-template-columns:19% auto\"><figure class=\"wp-block-media-text__media\"><img decoding=\"async\" loading=\"lazy\" width=\"137\" height=\"171\" src=\"https:\/\/www.parafia.rudyszwald.pl\/wp-content\/uploads\/2019\/04\/rudyszwald1-\u2014-kopia-\u2014-kopia-\u2014-kopia-\u2014-kopia_DxO-e1562173470100.jpg\" alt=\"\" class=\"wp-image-115\"\/><\/figure><div class=\"wp-block-media-text__content\">\n<p style=\"text-align:justify\"><strong>Ryszard Serafin<\/strong> &#8211; ur. 16.08.1940r. w Kostopolu, wy\u015bwi\u0119cony na kap\u0142ana  28.06.1964r. pracowa\u0142 w Rudyszwa\u0142dzie od 3.06.1988r. do sierpnia 1992r.  P\u00f3\u017aniej zosta\u0142 przyj\u0119ty do Zgromadzenia Naj\u015bwi\u0119tszego Odkupiciela jako  nowicjusz. Nast\u0119pnie par\u0119 miesi\u0119cy sp\u0119dzi\u0142 na g\u00f3rce w Lubaszowej, sk\u0105d p\u00f3\u017aniej wyjecha\u0142 na misje do Londynu (Anglia). <\/p>\n<\/div><\/div>\n\n\n\n<div style=\"height:20px\" aria-hidden=\"true\" class=\"wp-block-spacer\"><\/div>\n\n\n\n<div class=\"wp-block-media-text alignwide is-stacked-on-mobile\" style=\"grid-template-columns:18% auto\"><figure class=\"wp-block-media-text__media\"><img decoding=\"async\" loading=\"lazy\" width=\"156\" height=\"195\" src=\"https:\/\/www.parafia.rudyszwald.pl\/wp-content\/uploads\/2019\/04\/rudyszwald1-\u2014-kopia-\u2014-kopia-\u2014-kopia_DxO-e1562173515707.jpg\" alt=\"\" class=\"wp-image-113\"\/><\/figure><div class=\"wp-block-media-text__content\">\n<p style=\"text-align:justify\"><strong>Franciszek Moszy\u0144ski<\/strong> &#8211; ur. w Panowicach (woj. Tarnopol) 11.03.1929r.  wy\u015bwi\u0119cony na kap\u0142ana 21.06.1953r. na G\u00f3rze \u015aw. Anny. Pracowa\u0142 w  Rudyszwa\u0142dzie od 22.05.1958r. do 24.05.1988r. zmar\u0142 24.05.1988r.,  pochowany w Rudyszwa\u0142dzie. <\/p>\n<\/div><\/div>\n\n\n\n<div style=\"height:20px\" aria-hidden=\"true\" class=\"wp-block-spacer\"><\/div>\n\n\n\n<div class=\"wp-block-media-text alignwide is-stacked-on-mobile\" style=\"grid-template-columns:18% auto\"><figure class=\"wp-block-media-text__media\"><img decoding=\"async\" loading=\"lazy\" width=\"150\" height=\"188\" src=\"https:\/\/www.parafia.rudyszwald.pl\/wp-content\/uploads\/2019\/04\/rudyszwald1-\u2014-kopia-\u2014-kopia_DxO-e1562173499509.jpg\" alt=\"\" class=\"wp-image-114\"\/><\/figure><div class=\"wp-block-media-text__content\">\n<p style=\"text-align:justify\"><strong>Jan Niedzielski<\/strong> &#8211; ur. 27.02.1917r. w Erle (Francja), wy\u015bwi\u0119cony na  kap\u0142ana 12.07.1947r. pracowa\u0142 w Rudyszwa\u0142dzie od 3.07.1954r. do  22.05.1958r., zmar\u0142 26.03.1975r. w Kopienicy-Lubiu. <\/p>\n<\/div><\/div>\n\n\n\n<div style=\"height:20px\" aria-hidden=\"true\" class=\"wp-block-spacer\"><\/div>\n\n\n\n<div class=\"wp-block-media-text alignwide is-stacked-on-mobile\" style=\"grid-template-columns:19% auto\"><figure class=\"wp-block-media-text__media\"><img decoding=\"async\" loading=\"lazy\" width=\"163\" height=\"204\" src=\"https:\/\/www.parafia.rudyszwald.pl\/wp-content\/uploads\/2019\/04\/rudyszwald1-\u2014-kopia_DxO-e1562173533431.jpg\" alt=\"\" class=\"wp-image-112\"\/><\/figure><div class=\"wp-block-media-text__content\">\n<p style=\"text-align:justify\"><strong>Stanis\u0142aw G\u00f3rka<\/strong> &#8211; ur. 8.05.1911r. w Ostropie, wy\u015bwi\u0119cony na kap\u0142ana  5.04.1936r. pracowa\u0142 w Rudyszwa\u0142dzie od 12.07.1946r. do 10.07.1954r. <\/p>\n<\/div><\/div>\n\n\n\n<div style=\"height:20px\" aria-hidden=\"true\" class=\"wp-block-spacer\"><\/div>\n\n\n\n<div class=\"wp-block-media-text alignwide is-stacked-on-mobile\" style=\"grid-template-columns:19% auto\"><figure class=\"wp-block-media-text__media\"><img decoding=\"async\" src=\"https:\/\/www.parafia.rudyszwald.pl\/wp-content\/uploads\/2019\/04\/rudyszwald1_DxO.jpg\" alt=\"\" class=\"wp-image-111\"\/><\/figure><div class=\"wp-block-media-text__content\">\n<p style=\"text-align:justify\"><strong>Albert Himmel<\/strong> &#8211; ur.6.08.1889r. w Go\u015bci\u0119cinie, wy\u015bwi\u0119cony na kap\u0142ana  18.06.1914r., pracowa\u0142 w Rudyszwa\u0142dzie od 21.11.1931r. do 12.07.1946r.,  zmar\u0142 13.10.1951r. w Flachstockheim, pochowany w Bad Salzgitter. <\/p>\n<\/div><\/div>\n\n\n\n<div style=\"height:20px\" aria-hidden=\"true\" class=\"wp-block-spacer\"><\/div>\n\n\n\n<div class=\"wp-block-media-text alignwide is-stacked-on-mobile\" style=\"grid-template-columns:18% auto\"><figure class=\"wp-block-media-text__media\"><img decoding=\"async\" loading=\"lazy\" width=\"227\" height=\"222\" src=\"https:\/\/www.parafia.rudyszwald.pl\/wp-content\/uploads\/2019\/07\/priest.png\" alt=\"\" class=\"wp-image-339\"\/><\/figure><div class=\"wp-block-media-text__content\">\n<p style=\"text-align:justify\"><strong>Karol Berg<\/strong> &#8211; ur.18.10.1861r. w Samborowicach, wy\u015bwiecony na kap\u0142ana  23.06.1891r., pracowa\u0142 w Rudyszwa\u0142dzie od 9.09.1897r. do 21.11.1931r.,  zmar\u0142 1945r. w Samborowicach. <\/p>\n<\/div><\/div>\n\n\n\n<div style=\"height:20px\" aria-hidden=\"true\" class=\"wp-block-spacer\"><\/div>\n\n\n\n<p><strong>Powo\u0142ania kap\u0142a\u0144skie z parafii<\/strong><\/p>\n\n\n\n<div class=\"wp-block-media-text alignwide is-stacked-on-mobile\" style=\"grid-template-columns:19% auto\"><figure class=\"wp-block-media-text__media\"><img decoding=\"async\" loading=\"lazy\" width=\"160\" height=\"200\" src=\"https:\/\/www.parafia.rudyszwald.pl\/wp-content\/uploads\/2019\/04\/b55598a071-e1562173714952.jpeg\" alt=\"\" class=\"wp-image-122\"\/><\/figure><div class=\"wp-block-media-text__content\">\n<p style=\"text-align:justify\"><strong>Ojciec SVD Jan Koczy<\/strong>&#8211; urodzony w Raciborzu w 1967 roku. Swoje  dzieci\u0144stwo sp\u0119dzi\u0142 w&nbsp; Rudyszwa\u0142dzie a\u017c do wy\u015bwi\u0119cenia, kt\u00f3re mia\u0142o  miejsce 29.05.1994r. Misjonarz Werbista Zgromadzenia S\u0142owa Bo\u017cego. W  lutym 1997 roku wyjecha\u0142 do pracy misyjnej do Ekwadoru, gdzie by\u0142  kolejno wikarym w Parafii \u015bw. Brata Micha\u0142a w Guasmo, proboszczem  s\u0105siedniej parafii &#8222;S\u0142owa Bo\u017cego&#8221; a nast\u0119pnie proboszczem w mie\u015bcie  Ventanas. Za\u0142o\u017cyciel fundacji im. \u201e\u015aw. J\u00f3zefa Freinademetza SVD \u2013 Fu  Shen Fu\u201d.  <\/p>\n<\/div><\/div>\n\n\n\n<div style=\"height:40px\" aria-hidden=\"true\" class=\"wp-block-spacer\"><\/div>\n\n\n\n<div class=\"wp-block-button aligncenter is-style-outline\"><a class=\"wp-block-button__link\" href=\"https:\/\/www.parafia.rudyszwald.pl\/\">strona g\u0142\u00f3wna<br><\/a><\/div>\n","protected":false},"excerpt":{"rendered":"<p>ks. Pawe\u0142 Chlipa\u0142aProboszcz parafii Pawe\u0142 Chlipa\u0142a&nbsp; ur. 20.03.1969 roku w Szczawie (diecezja tarnowska), wy\u015bwi\u0119cony na kap\u0142ana 13.05.1995 roku w Krakowie. Pracowa\u0142 w parafiach:&#8211; 1995 &#8211; 2007 wikariusz w parafii Matki Bo\u017cej Cz\u0119stochowskiej w Krakowie&#8211; 2007 &#8211; 2013 proboszcz parafii&#8211; 2013 &#8211; 2014 wikariusz w parafii \u015bw. Dominika w Nysie&#8211; 2014<\/p>\n<div class=\"belowpost\"><a class=\"btnmore icon-arrow\" href=\"https:\/\/www.parafia.rudyszwald.pl\/index.php\/kaplani\/\"><span>Read More<\/span><\/a><\/div>\n","protected":false},"author":1,"featured_media":0,"parent":0,"menu_order":0,"comment_status":"closed","ping_status":"closed","template":"","meta":{"_exactmetrics_skip_tracking":false,"_exactmetrics_sitenote_active":false,"_exactmetrics_sitenote_note":"","_exactmetrics_sitenote_category":0,"ngg_post_thumbnail":0},"yoast_head":"<!-- This site is optimized with the Yoast SEO plugin v19.11 - https:\/\/yoast.com\/wordpress\/plugins\/seo\/ -->\n<title>Kap\u0142ani - Parafia Tr\u00f3jcy \u015awi\u0119tej w Rudyszwa\u0142dzie<\/title>\n<meta name=\"description\" content=\"kap\u0142ani Rudyszwa\u0142d\" \/>\n<meta name=\"robots\" content=\"index, follow, max-snippet:-1, max-image-preview:large, max-video-preview:-1\" \/>\n<link rel=\"canonical\" href=\"https:\/\/www.parafia.rudyszwald.pl\/index.php\/kaplani\/\" \/>\n<meta property=\"og:locale\" content=\"pl_PL\" \/>\n<meta property=\"og:type\" content=\"article\" \/>\n<meta property=\"og:title\" content=\"Kap\u0142ani - Parafia Tr\u00f3jcy \u015awi\u0119tej w Rudyszwa\u0142dzie\" \/>\n<meta property=\"og:description\" content=\"kap\u0142ani Rudyszwa\u0142d\" \/>\n<meta property=\"og:url\" content=\"https:\/\/www.parafia.rudyszwald.pl\/index.php\/kaplani\/\" \/>\n<meta property=\"og:site_name\" content=\"Parafia Tr\u00f3jcy \u015awi\u0119tej w Rudyszwa\u0142dzie\" \/>\n<meta property=\"article:modified_time\" content=\"2022-02-14T08:17:02+00:00\" \/>\n<meta property=\"og:image\" content=\"https:\/\/www.parafia.rudyszwald.pl\/wp-content\/uploads\/2019\/04\/piotr_figurniak-e1562173428546.jpg\" \/>\n<meta name=\"twitter:card\" content=\"summary_large_image\" \/>\n<meta name=\"twitter:label1\" content=\"Szacowany czas czytania\" \/>\n\t<meta name=\"twitter:data1\" content=\"2 minuty\" \/>\n<script type=\"application\/ld+json\" class=\"yoast-schema-graph\">{\"@context\":\"https:\/\/schema.org\",\"@graph\":[{\"@type\":\"WebPage\",\"@id\":\"https:\/\/www.parafia.rudyszwald.pl\/index.php\/kaplani\/\",\"url\":\"https:\/\/www.parafia.rudyszwald.pl\/index.php\/kaplani\/\",\"name\":\"Kap\u0142ani - Parafia Tr\u00f3jcy \u015awi\u0119tej w Rudyszwa\u0142dzie\",\"isPartOf\":{\"@id\":\"https:\/\/www.parafia.rudyszwald.pl\/#website\"},\"datePublished\":\"2019-04-05T09:17:13+00:00\",\"dateModified\":\"2022-02-14T08:17:02+00:00\",\"description\":\"kap\u0142ani Rudyszwa\u0142d\",\"breadcrumb\":{\"@id\":\"https:\/\/www.parafia.rudyszwald.pl\/index.php\/kaplani\/#breadcrumb\"},\"inLanguage\":\"pl-PL\",\"potentialAction\":[{\"@type\":\"ReadAction\",\"target\":[\"https:\/\/www.parafia.rudyszwald.pl\/index.php\/kaplani\/\"]}]},{\"@type\":\"BreadcrumbList\",\"@id\":\"https:\/\/www.parafia.rudyszwald.pl\/index.php\/kaplani\/#breadcrumb\",\"itemListElement\":[{\"@type\":\"ListItem\",\"position\":1,\"name\":\"Strona g\u0142\u00f3wna\",\"item\":\"https:\/\/www.parafia.rudyszwald.pl\/\"},{\"@type\":\"ListItem\",\"position\":2,\"name\":\"Kap\u0142ani\"}]},{\"@type\":\"WebSite\",\"@id\":\"https:\/\/www.parafia.rudyszwald.pl\/#website\",\"url\":\"https:\/\/www.parafia.rudyszwald.pl\/\",\"name\":\"Parafia Tr\u00f3jcy \u015awi\u0119tej w Rudyszwa\u0142dzie\",\"description\":\"Parafia Rudyszwa\u0142d\",\"publisher\":{\"@id\":\"https:\/\/www.parafia.rudyszwald.pl\/#organization\"},\"potentialAction\":[{\"@type\":\"SearchAction\",\"target\":{\"@type\":\"EntryPoint\",\"urlTemplate\":\"https:\/\/www.parafia.rudyszwald.pl\/?s={search_term_string}\"},\"query-input\":\"required name=search_term_string\"}],\"inLanguage\":\"pl-PL\"},{\"@type\":\"Organization\",\"@id\":\"https:\/\/www.parafia.rudyszwald.pl\/#organization\",\"name\":\"Parafia Tr\u00f3jcy \u015awi\u0119tej w Rudyszwa\u0142dzie\",\"url\":\"https:\/\/www.parafia.rudyszwald.pl\/\",\"logo\":{\"@type\":\"ImageObject\",\"inLanguage\":\"pl-PL\",\"@id\":\"https:\/\/www.parafia.rudyszwald.pl\/#\/schema\/logo\/image\/\",\"url\":\"https:\/\/www.parafia.rudyszwald.pl\/wp-content\/uploads\/2019\/07\/IMG_1_DxO-copy-\u2014-kopia2-\u2014-kopia-2.jpg\",\"contentUrl\":\"https:\/\/www.parafia.rudyszwald.pl\/wp-content\/uploads\/2019\/07\/IMG_1_DxO-copy-\u2014-kopia2-\u2014-kopia-2.jpg\",\"width\":464,\"height\":711,\"caption\":\"Parafia Tr\u00f3jcy \u015awi\u0119tej w Rudyszwa\u0142dzie\"},\"image\":{\"@id\":\"https:\/\/www.parafia.rudyszwald.pl\/#\/schema\/logo\/image\/\"}}]}<\/script>\n<!-- \/ Yoast SEO plugin. -->","yoast_head_json":{"title":"Kap\u0142ani - Parafia Tr\u00f3jcy \u015awi\u0119tej w Rudyszwa\u0142dzie","description":"kap\u0142ani Rudyszwa\u0142d","robots":{"index":"index","follow":"follow","max-snippet":"max-snippet:-1","max-image-preview":"max-image-preview:large","max-video-preview":"max-video-preview:-1"},"canonical":"https:\/\/www.parafia.rudyszwald.pl\/index.php\/kaplani\/","og_locale":"pl_PL","og_type":"article","og_title":"Kap\u0142ani - Parafia Tr\u00f3jcy \u015awi\u0119tej w Rudyszwa\u0142dzie","og_description":"kap\u0142ani Rudyszwa\u0142d","og_url":"https:\/\/www.parafia.rudyszwald.pl\/index.php\/kaplani\/","og_site_name":"Parafia Tr\u00f3jcy \u015awi\u0119tej w Rudyszwa\u0142dzie","article_modified_time":"2022-02-14T08:17:02+00:00","og_image":[{"url":"https:\/\/www.parafia.rudyszwald.pl\/wp-content\/uploads\/2019\/04\/piotr_figurniak-e1562173428546.jpg"}],"twitter_card":"summary_large_image","twitter_misc":{"Szacowany czas czytania":"2 minuty"},"schema":{"@context":"https:\/\/schema.org","@graph":[{"@type":"WebPage","@id":"https:\/\/www.parafia.rudyszwald.pl\/index.php\/kaplani\/","url":"https:\/\/www.parafia.rudyszwald.pl\/index.php\/kaplani\/","name":"Kap\u0142ani - Parafia Tr\u00f3jcy \u015awi\u0119tej w Rudyszwa\u0142dzie","isPartOf":{"@id":"https:\/\/www.parafia.rudyszwald.pl\/#website"},"datePublished":"2019-04-05T09:17:13+00:00","dateModified":"2022-02-14T08:17:02+00:00","description":"kap\u0142ani Rudyszwa\u0142d","breadcrumb":{"@id":"https:\/\/www.parafia.rudyszwald.pl\/index.php\/kaplani\/#breadcrumb"},"inLanguage":"pl-PL","potentialAction":[{"@type":"ReadAction","target":["https:\/\/www.parafia.rudyszwald.pl\/index.php\/kaplani\/"]}]},{"@type":"BreadcrumbList","@id":"https:\/\/www.parafia.rudyszwald.pl\/index.php\/kaplani\/#breadcrumb","itemListElement":[{"@type":"ListItem","position":1,"name":"Strona g\u0142\u00f3wna","item":"https:\/\/www.parafia.rudyszwald.pl\/"},{"@type":"ListItem","position":2,"name":"Kap\u0142ani"}]},{"@type":"WebSite","@id":"https:\/\/www.parafia.rudyszwald.pl\/#website","url":"https:\/\/www.parafia.rudyszwald.pl\/","name":"Parafia Tr\u00f3jcy \u015awi\u0119tej w Rudyszwa\u0142dzie","description":"Parafia Rudyszwa\u0142d","publisher":{"@id":"https:\/\/www.parafia.rudyszwald.pl\/#organization"},"potentialAction":[{"@type":"SearchAction","target":{"@type":"EntryPoint","urlTemplate":"https:\/\/www.parafia.rudyszwald.pl\/?s={search_term_string}"},"query-input":"required name=search_term_string"}],"inLanguage":"pl-PL"},{"@type":"Organization","@id":"https:\/\/www.parafia.rudyszwald.pl\/#organization","name":"Parafia Tr\u00f3jcy \u015awi\u0119tej w Rudyszwa\u0142dzie","url":"https:\/\/www.parafia.rudyszwald.pl\/","logo":{"@type":"ImageObject","inLanguage":"pl-PL","@id":"https:\/\/www.parafia.rudyszwald.pl\/#\/schema\/logo\/image\/","url":"https:\/\/www.parafia.rudyszwald.pl\/wp-content\/uploads\/2019\/07\/IMG_1_DxO-copy-\u2014-kopia2-\u2014-kopia-2.jpg","contentUrl":"https:\/\/www.parafia.rudyszwald.pl\/wp-content\/uploads\/2019\/07\/IMG_1_DxO-copy-\u2014-kopia2-\u2014-kopia-2.jpg","width":464,"height":711,"caption":"Parafia Tr\u00f3jcy \u015awi\u0119tej w Rudyszwa\u0142dzie"},"image":{"@id":"https:\/\/www.parafia.rudyszwald.pl\/#\/schema\/logo\/image\/"}}]}},"_links":{"self":[{"href":"https:\/\/www.parafia.rudyszwald.pl\/index.php\/wp-json\/wp\/v2\/pages\/110"}],"collection":[{"href":"https:\/\/www.parafia.rudyszwald.pl\/index.php\/wp-json\/wp\/v2\/pages"}],"about":[{"href":"https:\/\/www.parafia.rudyszwald.pl\/index.php\/wp-json\/wp\/v2\/types\/page"}],"author":[{"embeddable":true,"href":"https:\/\/www.parafia.rudyszwald.pl\/index.php\/wp-json\/wp\/v2\/users\/1"}],"replies":[{"embeddable":true,"href":"https:\/\/www.parafia.rudyszwald.pl\/index.php\/wp-json\/wp\/v2\/comments?post=110"}],"version-history":[{"count":53,"href":"https:\/\/www.parafia.rudyszwald.pl\/index.php\/wp-json\/wp\/v2\/pages\/110\/revisions"}],"predecessor-version":[{"id":3106,"href":"https:\/\/www.parafia.rudyszwald.pl\/index.php\/wp-json\/wp\/v2\/pages\/110\/revisions\/3106"}],"wp:attachment":[{"href":"https:\/\/www.parafia.rudyszwald.pl\/index.php\/wp-json\/wp\/v2\/media?parent=110"}],"curies":[{"name":"wp","href":"https:\/\/api.w.org\/{rel}","templated":true}]}}