{"id":1376,"date":"2019-08-18T07:24:47","date_gmt":"2019-08-18T07:24:47","guid":{"rendered":"https:\/\/www.parafia.rudyszwald.pl\/?page_id=1376"},"modified":"2020-12-20T21:41:58","modified_gmt":"2020-12-20T21:41:58","slug":"chrzest-swiety","status":"publish","type":"page","link":"https:\/\/www.parafia.rudyszwald.pl\/index.php\/chrzest-swiety\/","title":{"rendered":"Chrzest \u015awi\u0119ty"},"content":{"rendered":"\n<hr class=\"wp-block-separator\"\/>\n\n\n<div id=\"wp-megamenu-main_menu\" class=\"wp-megamenu-wrap    \">\n\t\t<div class=\"wpmm-fullwidth-wrap\"><\/div>\n\t\t<div class=\"wpmm-nav-wrap wpmm-main-wrap-\">\n\t\t\t<a href=\"javascript:;\" class=\"wpmm_mobile_menu_btn\"><i class=\"fa fa-bars\"><\/i> Menu<\/a> <div class='wpmm_brand_logo_wrap'><a href='https:\/\/www.parafia.rudyszwald.pl\/'> <img src='http:\/\/demo.themeum.com\/wordpress\/wp-megamenu\/wp-content\/uploads\/2017\/07\/brand-logo.png'  width='32px'   height='31px' \/> <\/a> <\/div> <ul id=\"menu-main_menu\"  class=\"wp-megamenu\"><li id=\"wp-megamenu-item-75\" class=\"menu-item menu-item-type-post_type menu-item-object-page menu-item-home wp-megamenu-item-75  wpmm_mega_menu  wpmm-fadeindown wpmm-strees-row wpmm-submenu-right\"><a href=\"https:\/\/www.parafia.rudyszwald.pl\/\">STRONA G\u0141\u00d3WNA<\/a><\/li>\n<li id=\"wp-megamenu-item-158\" class=\"menu-item menu-item-type-post_type menu-item-object-page menu-item-has-children wp-megamenu-item-158  wpmm_dropdown_menu  wpmm-fadeindown wpmm-strees-default wpmm-submenu-right\"><a href=\"https:\/\/www.parafia.rudyszwald.pl\/index.php\/o-parafii\/\">O parafii <b class=\"fa fa-angle-down\"><\/b> <\/a>\n<ul class=\"wp-megamenu-sub-menu\" >\n\t<li id=\"wp-megamenu-item-133\" class=\"menu-item menu-item-type-post_type menu-item-object-page wp-megamenu-item-133 wpmm-submenu-right\"><a href=\"https:\/\/www.parafia.rudyszwald.pl\/index.php\/intencje\/\">Intencje<\/a><\/li>\n\t<li id=\"wp-megamenu-item-73\" class=\"menu-item menu-item-type-post_type menu-item-object-page wp-megamenu-item-73 wpmm-submenu-right\"><a href=\"https:\/\/www.parafia.rudyszwald.pl\/index.php\/porzadek-mszy-swietych-i-nabozenstw\/\">Msze i Nabo\u017ce\u0144stwa<\/a><\/li>\n\t<li id=\"wp-megamenu-item-948\" class=\"menu-item menu-item-type-post_type menu-item-object-page wp-megamenu-item-948 wpmm-submenu-right\"><a href=\"https:\/\/www.parafia.rudyszwald.pl\/index.php\/liturgia-na-dzis\/\">Liturgia<\/a><\/li>\n\t<li id=\"wp-megamenu-item-127\" class=\"menu-item menu-item-type-post_type menu-item-object-page wp-megamenu-item-127 wpmm-submenu-right\"><a href=\"https:\/\/www.parafia.rudyszwald.pl\/index.php\/patron\/\">Patron<\/a><\/li>\n\t<li id=\"wp-megamenu-item-4719\" class=\"menu-item menu-item-type-post_type menu-item-object-page wp-megamenu-item-4719 wpmm-submenu-right\"><a href=\"https:\/\/www.parafia.rudyszwald.pl\/index.php\/standardy-ochrony-maloletnich\/\">Standardy Ochrony Ma\u0142oletnich<\/a><\/li>\n\t<li id=\"wp-megamenu-item-125\" class=\"menu-item menu-item-type-post_type menu-item-object-page wp-megamenu-item-125 wpmm-submenu-right\"><a href=\"https:\/\/www.parafia.rudyszwald.pl\/index.php\/kaplani\/\">Kap\u0142ani<\/a><\/li>\n\t<li id=\"wp-megamenu-item-130\" class=\"menu-item menu-item-type-post_type menu-item-object-page menu-item-has-children wp-megamenu-item-130 wpmm-submenu-right\"><a href=\"https:\/\/www.parafia.rudyszwald.pl\/index.php\/grupy-parafialne\/\">Grupy parafialne<\/a>\n\t<ul class=\"wp-megamenu-sub-menu\" >\n\t\t<li id=\"wp-megamenu-item-3037\" class=\"menu-item menu-item-type-post_type menu-item-object-page wp-megamenu-item-3037 wpmm-submenu-right\"><a href=\"https:\/\/www.parafia.rudyszwald.pl\/index.php\/dzieci-maryi\/\">Dzieci Maryi<\/a><\/li>\n\t<\/ul>\n<\/li>\n\t<li id=\"wp-megamenu-item-659\" class=\"menu-item menu-item-type-post_type menu-item-object-page wp-megamenu-item-659 wpmm-submenu-right\"><a href=\"https:\/\/www.parafia.rudyszwald.pl\/index.php\/kapliczki\/\">Kapliczki<\/a><\/li>\n\t<li id=\"wp-megamenu-item-1092\" class=\"menu-item menu-item-type-post_type menu-item-object-page wp-megamenu-item-1092 wpmm-submenu-right\"><a href=\"https:\/\/www.parafia.rudyszwald.pl\/index.php\/historia\/\">Historia<\/a><\/li>\n\t<li id=\"wp-megamenu-item-84\" class=\"menu-item menu-item-type-post_type menu-item-object-page wp-megamenu-item-84 wpmm-submenu-right\"><a href=\"https:\/\/www.parafia.rudyszwald.pl\/index.php\/przydatne-linki\/\">Przydatne linki<\/a><\/li>\n<\/ul>\n<\/li>\n<li id=\"wp-megamenu-item-96\" class=\"menu-item menu-item-type-post_type menu-item-object-page wp-megamenu-item-96  wpmm_mega_menu  wpmm-fadeindown wpmm-strees-row-and-content wpmm-submenu-right\"><a href=\"https:\/\/www.parafia.rudyszwald.pl\/index.php\/galeria\/\">Galeria<\/a><\/li>\n<li id=\"wp-megamenu-item-1407\" class=\"menu-item menu-item-type-post_type menu-item-object-page menu-item-has-children wp-megamenu-item-1407  wpmm_dropdown_menu  wpmm-fadeindown wpmm-submenu-right\"><a href=\"https:\/\/www.parafia.rudyszwald.pl\/index.php\/sakramenty\/\">Sakramenty <b class=\"fa fa-angle-down\"><\/b> <\/a>\n<ul class=\"wp-megamenu-sub-menu\" >\n\t<li id=\"wp-megamenu-item-1408\" class=\"menu-item menu-item-type-post_type menu-item-object-page wp-megamenu-item-1408 wpmm-submenu-right\"><a href=\"https:\/\/www.parafia.rudyszwald.pl\/index.php\/chrzest-swiety\/\">Chrzest \u015awi\u0119ty<\/a><\/li>\n\t<li id=\"wp-megamenu-item-1434\" class=\"menu-item menu-item-type-post_type menu-item-object-page wp-megamenu-item-1434 wpmm-submenu-right\"><a href=\"https:\/\/www.parafia.rudyszwald.pl\/index.php\/bierzmowanie\/\">Bierzmowanie<\/a><\/li>\n\t<li id=\"wp-megamenu-item-1447\" class=\"menu-item menu-item-type-post_type menu-item-object-page wp-megamenu-item-1447 wpmm-submenu-right\"><a href=\"https:\/\/www.parafia.rudyszwald.pl\/index.php\/eucharystia-2\/\">Eucharystia<\/a><\/li>\n\t<li id=\"wp-megamenu-item-1467\" class=\"menu-item menu-item-type-post_type menu-item-object-page wp-megamenu-item-1467 wpmm-submenu-right\"><a href=\"https:\/\/www.parafia.rudyszwald.pl\/index.php\/pokuta-i-pojednanie\/\">Pokuta i pojednanie<\/a><\/li>\n\t<li id=\"wp-megamenu-item-1486\" class=\"menu-item menu-item-type-post_type menu-item-object-page wp-megamenu-item-1486 wpmm-submenu-right\"><a href=\"https:\/\/www.parafia.rudyszwald.pl\/index.php\/namaszczenie-chorych\/\">Namaszczenie chorych<\/a><\/li>\n\t<li id=\"wp-megamenu-item-1570\" class=\"menu-item menu-item-type-post_type menu-item-object-page wp-megamenu-item-1570 wpmm-submenu-right\"><a href=\"https:\/\/www.parafia.rudyszwald.pl\/index.php\/kaplanstwo-2\/\">Kap\u0142a\u0144stwo<\/a><\/li>\n\t<li id=\"wp-megamenu-item-1607\" class=\"menu-item menu-item-type-post_type menu-item-object-page wp-megamenu-item-1607 wpmm-submenu-right\"><a href=\"https:\/\/www.parafia.rudyszwald.pl\/index.php\/malzenstwo-2\/\">Ma\u0142\u017ce\u0144stwo<\/a><\/li>\n<\/ul>\n<\/li>\n<li id=\"wp-megamenu-item-74\" class=\"menu-item menu-item-type-post_type menu-item-object-page wp-megamenu-item-74  wpmm_dropdown_menu  wpmm-fadeindown wpmm-strees-default wpmm-submenu-right\"><a href=\"https:\/\/www.parafia.rudyszwald.pl\/index.php\/kancelaria-parafialna\/\">Kontakt<\/a><\/li>\n<li id=\"wp-megamenu-item-wpmm-search-icon\" class=\"wpmm-social-link wpmm-social-link-search wp-megamenu-item-wpmm-search-icon  wpmm_dropdown_menu  wpmm-fadeindown wpmm-submenu-right\">\n                    <a href='#'> <i class='fa fa-search wpmm_search_icon'><\/i><\/a> \n                <form class='wpmm-search-form' action='https:\/\/www.parafia.rudyszwald.pl\/'>\n                    <input type='text' placeholder='Search' name='s' \/>\n                <\/form>\n            \n                <\/li>\n<\/ul>\n\t\t<\/div>\n\t<\/div>\n\n\n\n<div style=\"height:20px\" aria-hidden=\"true\" class=\"wp-block-spacer\"><\/div>\n\n\n\n<blockquote class=\"wp-block-quote is-style-default\"><p><em><strong>Je\u015bli si\u0119 kto\u015b nie narodzi z wody i z Ducha nie mo\u017ce wej\u015b\u0107 do Kr\u00f3lestwa Bo\u017cego (J 3,5)<\/strong><\/em><\/p><\/blockquote>\n\n\n\n<div style=\"height:20px\" aria-hidden=\"true\" class=\"wp-block-spacer\"><\/div>\n\n\n\n<div class=\"wp-block-media-text alignwide is-stacked-on-mobile\" style=\"grid-template-columns:21% auto\"><figure class=\"wp-block-media-text__media\"><img decoding=\"async\" loading=\"lazy\" width=\"425\" height=\"568\" src=\"https:\/\/www.parafia.rudyszwald.pl\/wp-content\/uploads\/2019\/08\/baptism-644267_640-1-e1566112727795.jpg\" alt=\"\" class=\"wp-image-1395\" srcset=\"https:\/\/www.parafia.rudyszwald.pl\/wp-content\/uploads\/2019\/08\/baptism-644267_640-1-e1566112727795.jpg 425w, https:\/\/www.parafia.rudyszwald.pl\/wp-content\/uploads\/2019\/08\/baptism-644267_640-1-e1566112727795-224x300.jpg 224w\" sizes=\"(max-width: 425px) 100vw, 425px\" \/><\/figure><div class=\"wp-block-media-text__content\">\n<p style=\"text-align:justify\"><strong>Sakrament Chrztu \u015awi\u0119tego<\/strong> jest pierwszym i zarazem fundamentalnym sakramentem. Po pierwsze sakrament ten oczyszcza z grzechu (r\u00f3wnie\u017c pierworodnego), a po drugie w\u0142\u0105cza do wsp\u00f3lnoty Ko\u015bcio\u0142a. Owo w\u0142\u0105czenie do wsp\u00f3lnoty (rodziny parafialnej) zwykle odbywa si\u0119 podczas uroczystej Mszy \u015bwi\u0119tej.  <\/p>\n\n\n\n<p><\/p>\n<\/div><\/div>\n\n\n\n<div class=\"wp-block-media-text alignwide has-media-on-the-right is-stacked-on-mobile\" style=\"grid-template-columns:auto 20%\"><figure class=\"wp-block-media-text__media\"><img decoding=\"async\" loading=\"lazy\" width=\"425\" height=\"568\" src=\"https:\/\/www.parafia.rudyszwald.pl\/wp-content\/uploads\/2019\/08\/man-417583_640-1-e1566112754336.jpg\" alt=\"\" class=\"wp-image-1393\" srcset=\"https:\/\/www.parafia.rudyszwald.pl\/wp-content\/uploads\/2019\/08\/man-417583_640-1-e1566112754336.jpg 425w, https:\/\/www.parafia.rudyszwald.pl\/wp-content\/uploads\/2019\/08\/man-417583_640-1-e1566112754336-224x300.jpg 224w\" sizes=\"(max-width: 425px) 100vw, 425px\" \/><\/figure><div class=\"wp-block-media-text__content\">\n<p style=\"text-align:justify\">Pi\u0119knymi symbolami tego wydarzenia s\u0105: woda, kt\u00f3ra oczyszcza i podtrzymuje \u017cycie; krzy\u017c \u015bwi\u0119ty, kt\u00f3ry wskazuje nam naszego zbawiciela i Jego ofiar\u0119; bia\u0142a szata, kt\u00f3ra jest symbolem nowego stworzenia oraz godno\u015bci dzieci Bo\u017cych a tak\u017ce zapalona \u015bwieca, jako \u015bwiat\u0142o Chrystusa, kt\u00f3re nale\u017cy w \u017cyciu podtrzymywa\u0107.  <\/p>\n<\/div><\/div>\n\n\n\n<div style=\"height:20px\" aria-hidden=\"true\" class=\"wp-block-spacer\"><\/div>\n\n\n\n<p><strong><em>Bo\u017ce, spraw, abym zawsze by\u0142 \u017cywym cz\u0142onkiem Ko\u015bcio\u0142a i wraz ze wszystkimi chrze\u015bcijanami trwa\u0142 w jedno\u015bci wiary i dawa\u0142 jej \u015bwiadectwo swoim \u017cyciem. Amen.<\/em><\/strong><\/p>\n\n\n\n<div style=\"height:40px\" aria-hidden=\"true\" class=\"wp-block-spacer\"><\/div>\n\n\n\n<div class=\"wp-block-button aligncenter is-style-outline\"><a class=\"wp-block-button__link\" href=\"https:\/\/www.parafia.rudyszwald.pl\/\">strona g\u0142\u00f3wna<\/a><\/div>\n","protected":false},"excerpt":{"rendered":"<p>Je\u015bli si\u0119 kto\u015b nie narodzi z wody i z Ducha nie mo\u017ce wej\u015b\u0107 do Kr\u00f3lestwa Bo\u017cego (J 3,5) Sakrament Chrztu \u015awi\u0119tego jest pierwszym i zarazem fundamentalnym sakramentem. Po pierwsze sakrament ten oczyszcza z grzechu (r\u00f3wnie\u017c pierworodnego), a po drugie w\u0142\u0105cza do wsp\u00f3lnoty Ko\u015bcio\u0142a. Owo w\u0142\u0105czenie do wsp\u00f3lnoty (rodziny parafialnej) zwykle<\/p>\n<div class=\"belowpost\"><a class=\"btnmore icon-arrow\" href=\"https:\/\/www.parafia.rudyszwald.pl\/index.php\/chrzest-swiety\/\"><span>Read More<\/span><\/a><\/div>\n","protected":false},"author":1,"featured_media":0,"parent":0,"menu_order":0,"comment_status":"closed","ping_status":"closed","template":"","meta":{"_exactmetrics_skip_tracking":false,"_exactmetrics_sitenote_active":false,"_exactmetrics_sitenote_note":"","_exactmetrics_sitenote_category":0,"ngg_post_thumbnail":0},"yoast_head":"<!-- This site is optimized with the Yoast SEO plugin v19.11 - https:\/\/yoast.com\/wordpress\/plugins\/seo\/ -->\n<title>Chrzest \u015awi\u0119ty - Parafia Tr\u00f3jcy \u015awi\u0119tej w Rudyszwa\u0142dzie<\/title>\n<meta name=\"robots\" content=\"index, follow, max-snippet:-1, max-image-preview:large, max-video-preview:-1\" \/>\n<link rel=\"canonical\" href=\"https:\/\/www.parafia.rudyszwald.pl\/index.php\/chrzest-swiety\/\" \/>\n<meta property=\"og:locale\" content=\"pl_PL\" \/>\n<meta property=\"og:type\" content=\"article\" \/>\n<meta property=\"og:title\" content=\"Chrzest \u015awi\u0119ty - Parafia Tr\u00f3jcy \u015awi\u0119tej w Rudyszwa\u0142dzie\" \/>\n<meta property=\"og:description\" content=\"Je\u015bli si\u0119 kto\u015b nie narodzi z wody i z Ducha nie mo\u017ce wej\u015b\u0107 do Kr\u00f3lestwa Bo\u017cego (J 3,5) Sakrament Chrztu \u015awi\u0119tego jest pierwszym i zarazem fundamentalnym sakramentem. Po pierwsze sakrament ten oczyszcza z grzechu (r\u00f3wnie\u017c pierworodnego), a po drugie w\u0142\u0105cza do wsp\u00f3lnoty Ko\u015bcio\u0142a. Owo w\u0142\u0105czenie do wsp\u00f3lnoty (rodziny parafialnej) zwykleRead More\" \/>\n<meta property=\"og:url\" content=\"https:\/\/www.parafia.rudyszwald.pl\/index.php\/chrzest-swiety\/\" \/>\n<meta property=\"og:site_name\" content=\"Parafia Tr\u00f3jcy \u015awi\u0119tej w Rudyszwa\u0142dzie\" \/>\n<meta property=\"article:modified_time\" content=\"2020-12-20T21:41:58+00:00\" \/>\n<meta property=\"og:image\" content=\"https:\/\/www.parafia.rudyszwald.pl\/wp-content\/uploads\/2019\/08\/baptism-644267_640-1-e1566112727795.jpg\" \/>\n<meta name=\"twitter:card\" content=\"summary_large_image\" \/>\n<meta name=\"twitter:label1\" content=\"Szacowany czas czytania\" \/>\n\t<meta name=\"twitter:data1\" content=\"1 minuta\" \/>\n<script type=\"application\/ld+json\" class=\"yoast-schema-graph\">{\"@context\":\"https:\/\/schema.org\",\"@graph\":[{\"@type\":\"WebPage\",\"@id\":\"https:\/\/www.parafia.rudyszwald.pl\/index.php\/chrzest-swiety\/\",\"url\":\"https:\/\/www.parafia.rudyszwald.pl\/index.php\/chrzest-swiety\/\",\"name\":\"Chrzest \u015awi\u0119ty - Parafia Tr\u00f3jcy \u015awi\u0119tej w Rudyszwa\u0142dzie\",\"isPartOf\":{\"@id\":\"https:\/\/www.parafia.rudyszwald.pl\/#website\"},\"datePublished\":\"2019-08-18T07:24:47+00:00\",\"dateModified\":\"2020-12-20T21:41:58+00:00\",\"breadcrumb\":{\"@id\":\"https:\/\/www.parafia.rudyszwald.pl\/index.php\/chrzest-swiety\/#breadcrumb\"},\"inLanguage\":\"pl-PL\",\"potentialAction\":[{\"@type\":\"ReadAction\",\"target\":[\"https:\/\/www.parafia.rudyszwald.pl\/index.php\/chrzest-swiety\/\"]}]},{\"@type\":\"BreadcrumbList\",\"@id\":\"https:\/\/www.parafia.rudyszwald.pl\/index.php\/chrzest-swiety\/#breadcrumb\",\"itemListElement\":[{\"@type\":\"ListItem\",\"position\":1,\"name\":\"Strona g\u0142\u00f3wna\",\"item\":\"https:\/\/www.parafia.rudyszwald.pl\/\"},{\"@type\":\"ListItem\",\"position\":2,\"name\":\"Chrzest \u015awi\u0119ty\"}]},{\"@type\":\"WebSite\",\"@id\":\"https:\/\/www.parafia.rudyszwald.pl\/#website\",\"url\":\"https:\/\/www.parafia.rudyszwald.pl\/\",\"name\":\"Parafia Tr\u00f3jcy \u015awi\u0119tej w Rudyszwa\u0142dzie\",\"description\":\"Parafia Rudyszwa\u0142d\",\"publisher\":{\"@id\":\"https:\/\/www.parafia.rudyszwald.pl\/#organization\"},\"potentialAction\":[{\"@type\":\"SearchAction\",\"target\":{\"@type\":\"EntryPoint\",\"urlTemplate\":\"https:\/\/www.parafia.rudyszwald.pl\/?s={search_term_string}\"},\"query-input\":\"required name=search_term_string\"}],\"inLanguage\":\"pl-PL\"},{\"@type\":\"Organization\",\"@id\":\"https:\/\/www.parafia.rudyszwald.pl\/#organization\",\"name\":\"Parafia Tr\u00f3jcy \u015awi\u0119tej w Rudyszwa\u0142dzie\",\"url\":\"https:\/\/www.parafia.rudyszwald.pl\/\",\"logo\":{\"@type\":\"ImageObject\",\"inLanguage\":\"pl-PL\",\"@id\":\"https:\/\/www.parafia.rudyszwald.pl\/#\/schema\/logo\/image\/\",\"url\":\"https:\/\/www.parafia.rudyszwald.pl\/wp-content\/uploads\/2019\/07\/IMG_1_DxO-copy-\u2014-kopia2-\u2014-kopia-2.jpg\",\"contentUrl\":\"https:\/\/www.parafia.rudyszwald.pl\/wp-content\/uploads\/2019\/07\/IMG_1_DxO-copy-\u2014-kopia2-\u2014-kopia-2.jpg\",\"width\":464,\"height\":711,\"caption\":\"Parafia Tr\u00f3jcy \u015awi\u0119tej w Rudyszwa\u0142dzie\"},\"image\":{\"@id\":\"https:\/\/www.parafia.rudyszwald.pl\/#\/schema\/logo\/image\/\"}}]}<\/script>\n<!-- \/ Yoast SEO plugin. -->","yoast_head_json":{"title":"Chrzest \u015awi\u0119ty - Parafia Tr\u00f3jcy \u015awi\u0119tej w Rudyszwa\u0142dzie","robots":{"index":"index","follow":"follow","max-snippet":"max-snippet:-1","max-image-preview":"max-image-preview:large","max-video-preview":"max-video-preview:-1"},"canonical":"https:\/\/www.parafia.rudyszwald.pl\/index.php\/chrzest-swiety\/","og_locale":"pl_PL","og_type":"article","og_title":"Chrzest \u015awi\u0119ty - Parafia Tr\u00f3jcy \u015awi\u0119tej w Rudyszwa\u0142dzie","og_description":"Je\u015bli si\u0119 kto\u015b nie narodzi z wody i z Ducha nie mo\u017ce wej\u015b\u0107 do Kr\u00f3lestwa Bo\u017cego (J 3,5) Sakrament Chrztu \u015awi\u0119tego jest pierwszym i zarazem fundamentalnym sakramentem. Po pierwsze sakrament ten oczyszcza z grzechu (r\u00f3wnie\u017c pierworodnego), a po drugie w\u0142\u0105cza do wsp\u00f3lnoty Ko\u015bcio\u0142a. Owo w\u0142\u0105czenie do wsp\u00f3lnoty (rodziny parafialnej) zwykleRead More","og_url":"https:\/\/www.parafia.rudyszwald.pl\/index.php\/chrzest-swiety\/","og_site_name":"Parafia Tr\u00f3jcy \u015awi\u0119tej w Rudyszwa\u0142dzie","article_modified_time":"2020-12-20T21:41:58+00:00","og_image":[{"url":"https:\/\/www.parafia.rudyszwald.pl\/wp-content\/uploads\/2019\/08\/baptism-644267_640-1-e1566112727795.jpg"}],"twitter_card":"summary_large_image","twitter_misc":{"Szacowany czas czytania":"1 minuta"},"schema":{"@context":"https:\/\/schema.org","@graph":[{"@type":"WebPage","@id":"https:\/\/www.parafia.rudyszwald.pl\/index.php\/chrzest-swiety\/","url":"https:\/\/www.parafia.rudyszwald.pl\/index.php\/chrzest-swiety\/","name":"Chrzest \u015awi\u0119ty - Parafia Tr\u00f3jcy \u015awi\u0119tej w Rudyszwa\u0142dzie","isPartOf":{"@id":"https:\/\/www.parafia.rudyszwald.pl\/#website"},"datePublished":"2019-08-18T07:24:47+00:00","dateModified":"2020-12-20T21:41:58+00:00","breadcrumb":{"@id":"https:\/\/www.parafia.rudyszwald.pl\/index.php\/chrzest-swiety\/#breadcrumb"},"inLanguage":"pl-PL","potentialAction":[{"@type":"ReadAction","target":["https:\/\/www.parafia.rudyszwald.pl\/index.php\/chrzest-swiety\/"]}]},{"@type":"BreadcrumbList","@id":"https:\/\/www.parafia.rudyszwald.pl\/index.php\/chrzest-swiety\/#breadcrumb","itemListElement":[{"@type":"ListItem","position":1,"name":"Strona g\u0142\u00f3wna","item":"https:\/\/www.parafia.rudyszwald.pl\/"},{"@type":"ListItem","position":2,"name":"Chrzest \u015awi\u0119ty"}]},{"@type":"WebSite","@id":"https:\/\/www.parafia.rudyszwald.pl\/#website","url":"https:\/\/www.parafia.rudyszwald.pl\/","name":"Parafia Tr\u00f3jcy \u015awi\u0119tej w Rudyszwa\u0142dzie","description":"Parafia Rudyszwa\u0142d","publisher":{"@id":"https:\/\/www.parafia.rudyszwald.pl\/#organization"},"potentialAction":[{"@type":"SearchAction","target":{"@type":"EntryPoint","urlTemplate":"https:\/\/www.parafia.rudyszwald.pl\/?s={search_term_string}"},"query-input":"required name=search_term_string"}],"inLanguage":"pl-PL"},{"@type":"Organization","@id":"https:\/\/www.parafia.rudyszwald.pl\/#organization","name":"Parafia Tr\u00f3jcy \u015awi\u0119tej w Rudyszwa\u0142dzie","url":"https:\/\/www.parafia.rudyszwald.pl\/","logo":{"@type":"ImageObject","inLanguage":"pl-PL","@id":"https:\/\/www.parafia.rudyszwald.pl\/#\/schema\/logo\/image\/","url":"https:\/\/www.parafia.rudyszwald.pl\/wp-content\/uploads\/2019\/07\/IMG_1_DxO-copy-\u2014-kopia2-\u2014-kopia-2.jpg","contentUrl":"https:\/\/www.parafia.rudyszwald.pl\/wp-content\/uploads\/2019\/07\/IMG_1_DxO-copy-\u2014-kopia2-\u2014-kopia-2.jpg","width":464,"height":711,"caption":"Parafia Tr\u00f3jcy \u015awi\u0119tej w Rudyszwa\u0142dzie"},"image":{"@id":"https:\/\/www.parafia.rudyszwald.pl\/#\/schema\/logo\/image\/"}}]}},"_links":{"self":[{"href":"https:\/\/www.parafia.rudyszwald.pl\/index.php\/wp-json\/wp\/v2\/pages\/1376"}],"collection":[{"href":"https:\/\/www.parafia.rudyszwald.pl\/index.php\/wp-json\/wp\/v2\/pages"}],"about":[{"href":"https:\/\/www.parafia.rudyszwald.pl\/index.php\/wp-json\/wp\/v2\/types\/page"}],"author":[{"embeddable":true,"href":"https:\/\/www.parafia.rudyszwald.pl\/index.php\/wp-json\/wp\/v2\/users\/1"}],"replies":[{"embeddable":true,"href":"https:\/\/www.parafia.rudyszwald.pl\/index.php\/wp-json\/wp\/v2\/comments?post=1376"}],"version-history":[{"count":23,"href":"https:\/\/www.parafia.rudyszwald.pl\/index.php\/wp-json\/wp\/v2\/pages\/1376\/revisions"}],"predecessor-version":[{"id":2589,"href":"https:\/\/www.parafia.rudyszwald.pl\/index.php\/wp-json\/wp\/v2\/pages\/1376\/revisions\/2589"}],"wp:attachment":[{"href":"https:\/\/www.parafia.rudyszwald.pl\/index.php\/wp-json\/wp\/v2\/media?parent=1376"}],"curies":[{"name":"wp","href":"https:\/\/api.w.org\/{rel}","templated":true}]}}