{"id":3137,"date":"2022-03-06T17:21:58","date_gmt":"2022-03-06T17:21:58","guid":{"rendered":"https:\/\/www.parafia.rudyszwald.pl\/?page_id=3137"},"modified":"2022-03-06T17:22:00","modified_gmt":"2022-03-06T17:22:00","slug":"dzieci-maryi-25-lutego","status":"publish","type":"page","link":"https:\/\/www.parafia.rudyszwald.pl\/index.php\/dzieci-maryi-25-lutego\/","title":{"rendered":"Dzieci Maryi (25 lutego)"},"content":{"rendered":"\n<hr class=\"wp-block-separator\"\/>\n\n\n\n<p class=\"has-background has-very-light-gray-background-color\" style=\"text-align:justify\">Poni\u017cej znajduje si\u0119 fotorelacja z zako\u0144czenia ferii zimowych. Spotkanie dzieci opr\u00f3cz gier i zabaw, u\u015bwietni\u0142y przepyszne domowe p\u0105czki.<\/br>Nie oby\u0142o si\u0119 tak\u017ce bez chwili zadumy. W zwi\u0105zku z panuj\u0105cymi dzia\u0142aniami wojennymi w Ukrainie, uda\u0142y\u015bmy si\u0119 wsp\u00f3lnie pod parafialny krzy\u017c w celu odm\u00f3wienia 10 r\u00f3\u017ca\u0144ca z pro\u015bb\u0105 o pok\u00f3j.<\/br><\/br> Dzi\u0119kujemy za okazane dobro.\n<\/p>\n\n\n\n<div class=\"wp-block-image\"><figure class=\"aligncenter size-large is-resized\"><img decoding=\"async\" loading=\"lazy\" src=\"https:\/\/www.parafia.rudyszwald.pl\/wp-content\/uploads\/2022\/03\/WhatsApp-Image-2022-03-05-at-10.39.25.jpeg\" alt=\"\" class=\"wp-image-3151\" width=\"479\" height=\"479\" srcset=\"https:\/\/www.parafia.rudyszwald.pl\/wp-content\/uploads\/2022\/03\/WhatsApp-Image-2022-03-05-at-10.39.25.jpeg 720w, https:\/\/www.parafia.rudyszwald.pl\/wp-content\/uploads\/2022\/03\/WhatsApp-Image-2022-03-05-at-10.39.25-300x300.jpeg 300w, https:\/\/www.parafia.rudyszwald.pl\/wp-content\/uploads\/2022\/03\/WhatsApp-Image-2022-03-05-at-10.39.25-150x150.jpeg 150w\" sizes=\"(max-width: 479px) 100vw, 479px\" \/><\/figure><\/div>\n\n\n\n<!-- default-view.php -->\n<div\n\tclass=\"ngg-galleryoverview default-view \"\n\tid=\"ngg-gallery-610d0dddb0599764ff7d49e37d9ace4b-1\">\n\n\t\t<!-- Thumbnails -->\n\t\t\t\t<div id=\"ngg-image-0\" class=\"ngg-gallery-thumbnail-box \" >\n\t\t\t\t        <div class=\"ngg-gallery-thumbnail\">\n            <a href=\"https:\/\/www.parafia.rudyszwald.pl\/wp-content\/gallery\/dzieci-maryi-25-lutego\/Dzieci-Maryi-1.jpeg\"\n               title=\"\"\n               data-src=\"https:\/\/www.parafia.rudyszwald.pl\/wp-content\/gallery\/dzieci-maryi-25-lutego\/Dzieci-Maryi-1.jpeg\"\n               data-thumbnail=\"https:\/\/www.parafia.rudyszwald.pl\/wp-content\/gallery\/dzieci-maryi-25-lutego\/thumbs\/thumbs_Dzieci-Maryi-1.jpeg\"\n               data-image-id=\"299\"\n               data-title=\"Dzieci Maryi (25 lutego)\"\n               data-description=\"\"\n               data-image-slug=\"dzieci-maryi-1\"\n               class=\"ngg-simplelightbox\" rel=\"610d0dddb0599764ff7d49e37d9ace4b\">\n                <img\n                    title=\"Dzieci Maryi (25 lutego)\"\n                    alt=\"Dzieci Maryi (25 lutego)\"\n                    src=\"https:\/\/www.parafia.rudyszwald.pl\/wp-content\/gallery\/dzieci-maryi-25-lutego\/thumbs\/thumbs_Dzieci-Maryi-1.jpeg\"\n                    width=\"240\"\n                    height=\"160\"\n                    style=\"max-width:100%;\"\n                \/>\n            <\/a>\n        <\/div>\n\t\t\t\t\t\t\t<\/div> \n\t\t\t\n\t\t\t\t<div id=\"ngg-image-1\" class=\"ngg-gallery-thumbnail-box \" >\n\t\t\t\t        <div class=\"ngg-gallery-thumbnail\">\n            <a href=\"https:\/\/www.parafia.rudyszwald.pl\/wp-content\/gallery\/dzieci-maryi-25-lutego\/Dzieci-Maryi-2.jpeg\"\n               title=\"\"\n               data-src=\"https:\/\/www.parafia.rudyszwald.pl\/wp-content\/gallery\/dzieci-maryi-25-lutego\/Dzieci-Maryi-2.jpeg\"\n               data-thumbnail=\"https:\/\/www.parafia.rudyszwald.pl\/wp-content\/gallery\/dzieci-maryi-25-lutego\/thumbs\/thumbs_Dzieci-Maryi-2.jpeg\"\n               data-image-id=\"300\"\n               data-title=\"Dzieci Maryi (25 lutego)\"\n               data-description=\"\"\n               data-image-slug=\"dzieci-maryi-2\"\n               class=\"ngg-simplelightbox\" rel=\"610d0dddb0599764ff7d49e37d9ace4b\">\n                <img\n                    title=\"Dzieci Maryi (25 lutego)\"\n                    alt=\"Dzieci Maryi (25 lutego)\"\n                    src=\"https:\/\/www.parafia.rudyszwald.pl\/wp-content\/gallery\/dzieci-maryi-25-lutego\/thumbs\/thumbs_Dzieci-Maryi-2.jpeg\"\n                    width=\"240\"\n                    height=\"160\"\n                    style=\"max-width:100%;\"\n                \/>\n            <\/a>\n        <\/div>\n\t\t\t\t\t\t\t<\/div> \n\t\t\t\n\t\t\t\t<div id=\"ngg-image-2\" class=\"ngg-gallery-thumbnail-box \" >\n\t\t\t\t        <div class=\"ngg-gallery-thumbnail\">\n            <a href=\"https:\/\/www.parafia.rudyszwald.pl\/wp-content\/gallery\/dzieci-maryi-25-lutego\/Dzieci-Maryi-3.jpeg\"\n               title=\"\"\n               data-src=\"https:\/\/www.parafia.rudyszwald.pl\/wp-content\/gallery\/dzieci-maryi-25-lutego\/Dzieci-Maryi-3.jpeg\"\n               data-thumbnail=\"https:\/\/www.parafia.rudyszwald.pl\/wp-content\/gallery\/dzieci-maryi-25-lutego\/thumbs\/thumbs_Dzieci-Maryi-3.jpeg\"\n               data-image-id=\"301\"\n               data-title=\"Dzieci Maryi (25 lutego)\"\n               data-description=\"\"\n               data-image-slug=\"dzieci-maryi-3\"\n               class=\"ngg-simplelightbox\" rel=\"610d0dddb0599764ff7d49e37d9ace4b\">\n                <img\n                    title=\"Dzieci Maryi (25 lutego)\"\n                    alt=\"Dzieci Maryi (25 lutego)\"\n                    src=\"https:\/\/www.parafia.rudyszwald.pl\/wp-content\/gallery\/dzieci-maryi-25-lutego\/thumbs\/thumbs_Dzieci-Maryi-3.jpeg\"\n                    width=\"240\"\n                    height=\"160\"\n                    style=\"max-width:100%;\"\n                \/>\n            <\/a>\n        <\/div>\n\t\t\t\t\t\t\t<\/div> \n\t\t\t\n\t\t\t\t<div id=\"ngg-image-3\" class=\"ngg-gallery-thumbnail-box \" >\n\t\t\t\t        <div class=\"ngg-gallery-thumbnail\">\n            <a href=\"https:\/\/www.parafia.rudyszwald.pl\/wp-content\/gallery\/dzieci-maryi-25-lutego\/Dzieci-Maryi-4.jpeg\"\n               title=\"\"\n               data-src=\"https:\/\/www.parafia.rudyszwald.pl\/wp-content\/gallery\/dzieci-maryi-25-lutego\/Dzieci-Maryi-4.jpeg\"\n               data-thumbnail=\"https:\/\/www.parafia.rudyszwald.pl\/wp-content\/gallery\/dzieci-maryi-25-lutego\/thumbs\/thumbs_Dzieci-Maryi-4.jpeg\"\n               data-image-id=\"302\"\n               data-title=\"Dzieci Maryi (25 lutego)\"\n               data-description=\"\"\n               data-image-slug=\"dzieci-maryi-4\"\n               class=\"ngg-simplelightbox\" rel=\"610d0dddb0599764ff7d49e37d9ace4b\">\n                <img\n                    title=\"Dzieci Maryi (25 lutego)\"\n                    alt=\"Dzieci Maryi (25 lutego)\"\n                    src=\"https:\/\/www.parafia.rudyszwald.pl\/wp-content\/gallery\/dzieci-maryi-25-lutego\/thumbs\/thumbs_Dzieci-Maryi-4.jpeg\"\n                    width=\"240\"\n                    height=\"160\"\n                    style=\"max-width:100%;\"\n                \/>\n            <\/a>\n        <\/div>\n\t\t\t\t\t\t\t<\/div> \n\t\t\t\n\t\t\t\t<div id=\"ngg-image-4\" class=\"ngg-gallery-thumbnail-box \" >\n\t\t\t\t        <div class=\"ngg-gallery-thumbnail\">\n            <a href=\"https:\/\/www.parafia.rudyszwald.pl\/wp-content\/gallery\/dzieci-maryi-25-lutego\/Dzieci-Maryi-5.jpeg\"\n               title=\"\"\n               data-src=\"https:\/\/www.parafia.rudyszwald.pl\/wp-content\/gallery\/dzieci-maryi-25-lutego\/Dzieci-Maryi-5.jpeg\"\n               data-thumbnail=\"https:\/\/www.parafia.rudyszwald.pl\/wp-content\/gallery\/dzieci-maryi-25-lutego\/thumbs\/thumbs_Dzieci-Maryi-5.jpeg\"\n               data-image-id=\"303\"\n               data-title=\"Dzieci Maryi (25 lutego)\"\n               data-description=\"\"\n               data-image-slug=\"dzieci-maryi-5\"\n               class=\"ngg-simplelightbox\" rel=\"610d0dddb0599764ff7d49e37d9ace4b\">\n                <img\n                    title=\"Dzieci Maryi (25 lutego)\"\n                    alt=\"Dzieci Maryi (25 lutego)\"\n                    src=\"https:\/\/www.parafia.rudyszwald.pl\/wp-content\/gallery\/dzieci-maryi-25-lutego\/thumbs\/thumbs_Dzieci-Maryi-5.jpeg\"\n                    width=\"240\"\n                    height=\"160\"\n                    style=\"max-width:100%;\"\n                \/>\n            <\/a>\n        <\/div>\n\t\t\t\t\t\t\t<\/div> \n\t\t\t\n\t\t\t\t<div id=\"ngg-image-5\" class=\"ngg-gallery-thumbnail-box \" >\n\t\t\t\t        <div class=\"ngg-gallery-thumbnail\">\n            <a href=\"https:\/\/www.parafia.rudyszwald.pl\/wp-content\/gallery\/dzieci-maryi-25-lutego\/Dzieci-Maryi-6.jpeg\"\n               title=\"\"\n               data-src=\"https:\/\/www.parafia.rudyszwald.pl\/wp-content\/gallery\/dzieci-maryi-25-lutego\/Dzieci-Maryi-6.jpeg\"\n               data-thumbnail=\"https:\/\/www.parafia.rudyszwald.pl\/wp-content\/gallery\/dzieci-maryi-25-lutego\/thumbs\/thumbs_Dzieci-Maryi-6.jpeg\"\n               data-image-id=\"304\"\n               data-title=\"Dzieci Maryi (25 lutego)\"\n               data-description=\"\"\n               data-image-slug=\"dzieci-maryi-6\"\n               class=\"ngg-simplelightbox\" rel=\"610d0dddb0599764ff7d49e37d9ace4b\">\n                <img\n                    title=\"Dzieci Maryi (25 lutego)\"\n                    alt=\"Dzieci Maryi (25 lutego)\"\n                    src=\"https:\/\/www.parafia.rudyszwald.pl\/wp-content\/gallery\/dzieci-maryi-25-lutego\/thumbs\/thumbs_Dzieci-Maryi-6.jpeg\"\n                    width=\"240\"\n                    height=\"160\"\n                    style=\"max-width:100%;\"\n                \/>\n            <\/a>\n        <\/div>\n\t\t\t\t\t\t\t<\/div> \n\t\t\t\n\t\t\t\t<div id=\"ngg-image-6\" class=\"ngg-gallery-thumbnail-box \" >\n\t\t\t\t        <div class=\"ngg-gallery-thumbnail\">\n            <a href=\"https:\/\/www.parafia.rudyszwald.pl\/wp-content\/gallery\/dzieci-maryi-25-lutego\/Dzieci-Maryi-7.jpeg\"\n               title=\"\"\n               data-src=\"https:\/\/www.parafia.rudyszwald.pl\/wp-content\/gallery\/dzieci-maryi-25-lutego\/Dzieci-Maryi-7.jpeg\"\n               data-thumbnail=\"https:\/\/www.parafia.rudyszwald.pl\/wp-content\/gallery\/dzieci-maryi-25-lutego\/thumbs\/thumbs_Dzieci-Maryi-7.jpeg\"\n               data-image-id=\"305\"\n               data-title=\"Dzieci Maryi (25 lutego)\"\n               data-description=\"\"\n               data-image-slug=\"dzieci-maryi-7\"\n               class=\"ngg-simplelightbox\" rel=\"610d0dddb0599764ff7d49e37d9ace4b\">\n                <img\n                    title=\"Dzieci Maryi (25 lutego)\"\n                    alt=\"Dzieci Maryi (25 lutego)\"\n                    src=\"https:\/\/www.parafia.rudyszwald.pl\/wp-content\/gallery\/dzieci-maryi-25-lutego\/thumbs\/thumbs_Dzieci-Maryi-7.jpeg\"\n                    width=\"240\"\n                    height=\"160\"\n                    style=\"max-width:100%;\"\n                \/>\n            <\/a>\n        <\/div>\n\t\t\t\t\t\t\t<\/div> \n\t\t\t\n\t\t\t\t<div id=\"ngg-image-7\" class=\"ngg-gallery-thumbnail-box \" >\n\t\t\t\t        <div class=\"ngg-gallery-thumbnail\">\n            <a href=\"https:\/\/www.parafia.rudyszwald.pl\/wp-content\/gallery\/dzieci-maryi-25-lutego\/Dzieci-Maryi-8.jpeg\"\n               title=\"\"\n               data-src=\"https:\/\/www.parafia.rudyszwald.pl\/wp-content\/gallery\/dzieci-maryi-25-lutego\/Dzieci-Maryi-8.jpeg\"\n               data-thumbnail=\"https:\/\/www.parafia.rudyszwald.pl\/wp-content\/gallery\/dzieci-maryi-25-lutego\/thumbs\/thumbs_Dzieci-Maryi-8.jpeg\"\n               data-image-id=\"306\"\n               data-title=\"Dzieci Maryi (25 lutego)\"\n               data-description=\"\"\n               data-image-slug=\"dzieci-maryi-8\"\n               class=\"ngg-simplelightbox\" rel=\"610d0dddb0599764ff7d49e37d9ace4b\">\n                <img\n                    title=\"Dzieci Maryi (25 lutego)\"\n                    alt=\"Dzieci Maryi (25 lutego)\"\n                    src=\"https:\/\/www.parafia.rudyszwald.pl\/wp-content\/gallery\/dzieci-maryi-25-lutego\/thumbs\/thumbs_Dzieci-Maryi-8.jpeg\"\n                    width=\"240\"\n                    height=\"160\"\n                    style=\"max-width:100%;\"\n                \/>\n            <\/a>\n        <\/div>\n\t\t\t\t\t\t\t<\/div> \n\t\t\t\n\t\t\t\t<div id=\"ngg-image-8\" class=\"ngg-gallery-thumbnail-box \" >\n\t\t\t\t        <div class=\"ngg-gallery-thumbnail\">\n            <a href=\"https:\/\/www.parafia.rudyszwald.pl\/wp-content\/gallery\/dzieci-maryi-25-lutego\/Dzieci-Maryi-9.jpeg\"\n               title=\"\"\n               data-src=\"https:\/\/www.parafia.rudyszwald.pl\/wp-content\/gallery\/dzieci-maryi-25-lutego\/Dzieci-Maryi-9.jpeg\"\n               data-thumbnail=\"https:\/\/www.parafia.rudyszwald.pl\/wp-content\/gallery\/dzieci-maryi-25-lutego\/thumbs\/thumbs_Dzieci-Maryi-9.jpeg\"\n               data-image-id=\"307\"\n               data-title=\"Dzieci Maryi (25 lutego)\"\n               data-description=\"\"\n               data-image-slug=\"dzieci-maryi-9\"\n               class=\"ngg-simplelightbox\" rel=\"610d0dddb0599764ff7d49e37d9ace4b\">\n                <img\n                    title=\"Dzieci Maryi (25 lutego)\"\n                    alt=\"Dzieci Maryi (25 lutego)\"\n                    src=\"https:\/\/www.parafia.rudyszwald.pl\/wp-content\/gallery\/dzieci-maryi-25-lutego\/thumbs\/thumbs_Dzieci-Maryi-9.jpeg\"\n                    width=\"240\"\n                    height=\"160\"\n                    style=\"max-width:100%;\"\n                \/>\n            <\/a>\n        <\/div>\n\t\t\t\t\t\t\t<\/div> \n\t\t\t\n\t\t\t\t<div id=\"ngg-image-9\" class=\"ngg-gallery-thumbnail-box \" >\n\t\t\t\t        <div class=\"ngg-gallery-thumbnail\">\n            <a href=\"https:\/\/www.parafia.rudyszwald.pl\/wp-content\/gallery\/dzieci-maryi-25-lutego\/Dzieci-Maryi-10.jpeg\"\n               title=\"\"\n               data-src=\"https:\/\/www.parafia.rudyszwald.pl\/wp-content\/gallery\/dzieci-maryi-25-lutego\/Dzieci-Maryi-10.jpeg\"\n               data-thumbnail=\"https:\/\/www.parafia.rudyszwald.pl\/wp-content\/gallery\/dzieci-maryi-25-lutego\/thumbs\/thumbs_Dzieci-Maryi-10.jpeg\"\n               data-image-id=\"308\"\n               data-title=\"Dzieci Maryi (25 lutego)\"\n               data-description=\"\"\n               data-image-slug=\"dzieci-maryi-10\"\n               class=\"ngg-simplelightbox\" rel=\"610d0dddb0599764ff7d49e37d9ace4b\">\n                <img\n                    title=\"Dzieci Maryi (25 lutego)\"\n                    alt=\"Dzieci Maryi (25 lutego)\"\n                    src=\"https:\/\/www.parafia.rudyszwald.pl\/wp-content\/gallery\/dzieci-maryi-25-lutego\/thumbs\/thumbs_Dzieci-Maryi-10.jpeg\"\n                    width=\"240\"\n                    height=\"160\"\n                    style=\"max-width:100%;\"\n                \/>\n            <\/a>\n        <\/div>\n\t\t\t\t\t\t\t<\/div> \n\t\t\t\n\t\t\t\t<div id=\"ngg-image-10\" class=\"ngg-gallery-thumbnail-box \" >\n\t\t\t\t        <div class=\"ngg-gallery-thumbnail\">\n            <a href=\"https:\/\/www.parafia.rudyszwald.pl\/wp-content\/gallery\/dzieci-maryi-25-lutego\/Dzieci-Maryi-11.jpeg\"\n               title=\"\"\n               data-src=\"https:\/\/www.parafia.rudyszwald.pl\/wp-content\/gallery\/dzieci-maryi-25-lutego\/Dzieci-Maryi-11.jpeg\"\n               data-thumbnail=\"https:\/\/www.parafia.rudyszwald.pl\/wp-content\/gallery\/dzieci-maryi-25-lutego\/thumbs\/thumbs_Dzieci-Maryi-11.jpeg\"\n               data-image-id=\"309\"\n               data-title=\"Dzieci Maryi (25 lutego)\"\n               data-description=\"\"\n               data-image-slug=\"dzieci-maryi-11\"\n               class=\"ngg-simplelightbox\" rel=\"610d0dddb0599764ff7d49e37d9ace4b\">\n                <img\n                    title=\"Dzieci Maryi (25 lutego)\"\n                    alt=\"Dzieci Maryi (25 lutego)\"\n                    src=\"https:\/\/www.parafia.rudyszwald.pl\/wp-content\/gallery\/dzieci-maryi-25-lutego\/thumbs\/thumbs_Dzieci-Maryi-11.jpeg\"\n                    width=\"240\"\n                    height=\"160\"\n                    style=\"max-width:100%;\"\n                \/>\n            <\/a>\n        <\/div>\n\t\t\t\t\t\t\t<\/div> \n\t\t\t\n\t\n\t<br style=\"clear: both\" \/>\n\n\t\n\t\t<!-- Pagination -->\n\t<div class='ngg-clear'><\/div>\t<\/div>\n\n\n\n\n<div class=\"is-layout-flex wp-block-buttons aligncenter\">\n<div class=\"wp-block-button\"><a class=\"wp-block-button__link\" href=\"https:\/\/www.parafia.rudyszwald.pl\/index.php\/dzieci-maryi\/\">powr\u00f3t<\/a><\/div>\n<\/div>\n\n\n\n<div class=\"is-layout-flex wp-block-buttons aligncenter\">\n<div class=\"wp-block-button is-style-outline\"><a class=\"wp-block-button__link\" href=\"https:\/\/www.parafia.rudyszwald.pl\/\">strona g\u0142\u00f3wna<\/a><\/div>\n<\/div>\n","protected":false},"excerpt":{"rendered":"<p>Poni\u017cej znajduje si\u0119 fotorelacja z zako\u0144czenia ferii zimowych. Spotkanie dzieci opr\u00f3cz gier i zabaw, u\u015bwietni\u0142y przepyszne domowe p\u0105czki.Nie oby\u0142o si\u0119 tak\u017ce bez chwili zadumy. W zwi\u0105zku z panuj\u0105cymi dzia\u0142aniami wojennymi w Ukrainie, uda\u0142y\u015bmy si\u0119 wsp\u00f3lnie pod parafialny krzy\u017c w celu odm\u00f3wienia 10 r\u00f3\u017ca\u0144ca z pro\u015bb\u0105 o pok\u00f3j. Dzi\u0119kujemy za okazane<\/p>\n<div class=\"belowpost\"><a class=\"btnmore icon-arrow\" href=\"https:\/\/www.parafia.rudyszwald.pl\/index.php\/dzieci-maryi-25-lutego\/\"><span>Read More<\/span><\/a><\/div>\n","protected":false},"author":1,"featured_media":0,"parent":0,"menu_order":0,"comment_status":"closed","ping_status":"closed","template":"","meta":{"_exactmetrics_skip_tracking":false,"_exactmetrics_sitenote_active":false,"_exactmetrics_sitenote_note":"","_exactmetrics_sitenote_category":0,"ngg_post_thumbnail":0},"yoast_head":"<!-- This site is optimized with the Yoast SEO plugin v19.11 - https:\/\/yoast.com\/wordpress\/plugins\/seo\/ -->\n<title>Dzieci Maryi (25 lutego) - Parafia Tr\u00f3jcy \u015awi\u0119tej w Rudyszwa\u0142dzie<\/title>\n<meta name=\"robots\" content=\"index, follow, max-snippet:-1, max-image-preview:large, max-video-preview:-1\" \/>\n<link rel=\"canonical\" href=\"https:\/\/www.parafia.rudyszwald.pl\/index.php\/dzieci-maryi-25-lutego\/\" \/>\n<meta property=\"og:locale\" content=\"pl_PL\" \/>\n<meta property=\"og:type\" content=\"article\" \/>\n<meta property=\"og:title\" content=\"Dzieci Maryi (25 lutego) - Parafia Tr\u00f3jcy \u015awi\u0119tej w Rudyszwa\u0142dzie\" \/>\n<meta property=\"og:description\" content=\"Poni\u017cej znajduje si\u0119 fotorelacja z zako\u0144czenia ferii zimowych. Spotkanie dzieci opr\u00f3cz gier i zabaw, u\u015bwietni\u0142y przepyszne domowe p\u0105czki.Nie oby\u0142o si\u0119 tak\u017ce bez chwili zadumy. W zwi\u0105zku z panuj\u0105cymi dzia\u0142aniami wojennymi w Ukrainie, uda\u0142y\u015bmy si\u0119 wsp\u00f3lnie pod parafialny krzy\u017c w celu odm\u00f3wienia 10 r\u00f3\u017ca\u0144ca z pro\u015bb\u0105 o pok\u00f3j. Dzi\u0119kujemy za okazaneRead More\" \/>\n<meta property=\"og:url\" content=\"https:\/\/www.parafia.rudyszwald.pl\/index.php\/dzieci-maryi-25-lutego\/\" \/>\n<meta property=\"og:site_name\" content=\"Parafia Tr\u00f3jcy \u015awi\u0119tej w Rudyszwa\u0142dzie\" \/>\n<meta property=\"article:modified_time\" content=\"2022-03-06T17:22:00+00:00\" \/>\n<meta property=\"og:image\" content=\"https:\/\/www.parafia.rudyszwald.pl\/wp-content\/uploads\/2022\/03\/WhatsApp-Image-2022-03-05-at-10.39.25.jpeg\" \/>\n<meta name=\"twitter:card\" content=\"summary_large_image\" \/>\n<script type=\"application\/ld+json\" class=\"yoast-schema-graph\">{\"@context\":\"https:\/\/schema.org\",\"@graph\":[{\"@type\":\"WebPage\",\"@id\":\"https:\/\/www.parafia.rudyszwald.pl\/index.php\/dzieci-maryi-25-lutego\/\",\"url\":\"https:\/\/www.parafia.rudyszwald.pl\/index.php\/dzieci-maryi-25-lutego\/\",\"name\":\"Dzieci Maryi (25 lutego) - Parafia Tr\u00f3jcy \u015awi\u0119tej w Rudyszwa\u0142dzie\",\"isPartOf\":{\"@id\":\"https:\/\/www.parafia.rudyszwald.pl\/#website\"},\"datePublished\":\"2022-03-06T17:21:58+00:00\",\"dateModified\":\"2022-03-06T17:22:00+00:00\",\"breadcrumb\":{\"@id\":\"https:\/\/www.parafia.rudyszwald.pl\/index.php\/dzieci-maryi-25-lutego\/#breadcrumb\"},\"inLanguage\":\"pl-PL\",\"potentialAction\":[{\"@type\":\"ReadAction\",\"target\":[\"https:\/\/www.parafia.rudyszwald.pl\/index.php\/dzieci-maryi-25-lutego\/\"]}]},{\"@type\":\"BreadcrumbList\",\"@id\":\"https:\/\/www.parafia.rudyszwald.pl\/index.php\/dzieci-maryi-25-lutego\/#breadcrumb\",\"itemListElement\":[{\"@type\":\"ListItem\",\"position\":1,\"name\":\"Strona g\u0142\u00f3wna\",\"item\":\"https:\/\/www.parafia.rudyszwald.pl\/\"},{\"@type\":\"ListItem\",\"position\":2,\"name\":\"Dzieci Maryi (25 lutego)\"}]},{\"@type\":\"WebSite\",\"@id\":\"https:\/\/www.parafia.rudyszwald.pl\/#website\",\"url\":\"https:\/\/www.parafia.rudyszwald.pl\/\",\"name\":\"Parafia Tr\u00f3jcy \u015awi\u0119tej w Rudyszwa\u0142dzie\",\"description\":\"Parafia Rudyszwa\u0142d\",\"publisher\":{\"@id\":\"https:\/\/www.parafia.rudyszwald.pl\/#organization\"},\"potentialAction\":[{\"@type\":\"SearchAction\",\"target\":{\"@type\":\"EntryPoint\",\"urlTemplate\":\"https:\/\/www.parafia.rudyszwald.pl\/?s={search_term_string}\"},\"query-input\":\"required name=search_term_string\"}],\"inLanguage\":\"pl-PL\"},{\"@type\":\"Organization\",\"@id\":\"https:\/\/www.parafia.rudyszwald.pl\/#organization\",\"name\":\"Parafia Tr\u00f3jcy \u015awi\u0119tej w Rudyszwa\u0142dzie\",\"url\":\"https:\/\/www.parafia.rudyszwald.pl\/\",\"logo\":{\"@type\":\"ImageObject\",\"inLanguage\":\"pl-PL\",\"@id\":\"https:\/\/www.parafia.rudyszwald.pl\/#\/schema\/logo\/image\/\",\"url\":\"https:\/\/www.parafia.rudyszwald.pl\/wp-content\/uploads\/2019\/07\/IMG_1_DxO-copy-\u2014-kopia2-\u2014-kopia-2.jpg\",\"contentUrl\":\"https:\/\/www.parafia.rudyszwald.pl\/wp-content\/uploads\/2019\/07\/IMG_1_DxO-copy-\u2014-kopia2-\u2014-kopia-2.jpg\",\"width\":464,\"height\":711,\"caption\":\"Parafia Tr\u00f3jcy \u015awi\u0119tej w Rudyszwa\u0142dzie\"},\"image\":{\"@id\":\"https:\/\/www.parafia.rudyszwald.pl\/#\/schema\/logo\/image\/\"}}]}<\/script>\n<!-- \/ Yoast SEO plugin. -->","yoast_head_json":{"title":"Dzieci Maryi (25 lutego) - Parafia Tr\u00f3jcy \u015awi\u0119tej w Rudyszwa\u0142dzie","robots":{"index":"index","follow":"follow","max-snippet":"max-snippet:-1","max-image-preview":"max-image-preview:large","max-video-preview":"max-video-preview:-1"},"canonical":"https:\/\/www.parafia.rudyszwald.pl\/index.php\/dzieci-maryi-25-lutego\/","og_locale":"pl_PL","og_type":"article","og_title":"Dzieci Maryi (25 lutego) - Parafia Tr\u00f3jcy \u015awi\u0119tej w Rudyszwa\u0142dzie","og_description":"Poni\u017cej znajduje si\u0119 fotorelacja z zako\u0144czenia ferii zimowych. Spotkanie dzieci opr\u00f3cz gier i zabaw, u\u015bwietni\u0142y przepyszne domowe p\u0105czki.Nie oby\u0142o si\u0119 tak\u017ce bez chwili zadumy. W zwi\u0105zku z panuj\u0105cymi dzia\u0142aniami wojennymi w Ukrainie, uda\u0142y\u015bmy si\u0119 wsp\u00f3lnie pod parafialny krzy\u017c w celu odm\u00f3wienia 10 r\u00f3\u017ca\u0144ca z pro\u015bb\u0105 o pok\u00f3j. Dzi\u0119kujemy za okazaneRead More","og_url":"https:\/\/www.parafia.rudyszwald.pl\/index.php\/dzieci-maryi-25-lutego\/","og_site_name":"Parafia Tr\u00f3jcy \u015awi\u0119tej w Rudyszwa\u0142dzie","article_modified_time":"2022-03-06T17:22:00+00:00","og_image":[{"url":"https:\/\/www.parafia.rudyszwald.pl\/wp-content\/uploads\/2022\/03\/WhatsApp-Image-2022-03-05-at-10.39.25.jpeg"}],"twitter_card":"summary_large_image","schema":{"@context":"https:\/\/schema.org","@graph":[{"@type":"WebPage","@id":"https:\/\/www.parafia.rudyszwald.pl\/index.php\/dzieci-maryi-25-lutego\/","url":"https:\/\/www.parafia.rudyszwald.pl\/index.php\/dzieci-maryi-25-lutego\/","name":"Dzieci Maryi (25 lutego) - Parafia Tr\u00f3jcy \u015awi\u0119tej w Rudyszwa\u0142dzie","isPartOf":{"@id":"https:\/\/www.parafia.rudyszwald.pl\/#website"},"datePublished":"2022-03-06T17:21:58+00:00","dateModified":"2022-03-06T17:22:00+00:00","breadcrumb":{"@id":"https:\/\/www.parafia.rudyszwald.pl\/index.php\/dzieci-maryi-25-lutego\/#breadcrumb"},"inLanguage":"pl-PL","potentialAction":[{"@type":"ReadAction","target":["https:\/\/www.parafia.rudyszwald.pl\/index.php\/dzieci-maryi-25-lutego\/"]}]},{"@type":"BreadcrumbList","@id":"https:\/\/www.parafia.rudyszwald.pl\/index.php\/dzieci-maryi-25-lutego\/#breadcrumb","itemListElement":[{"@type":"ListItem","position":1,"name":"Strona g\u0142\u00f3wna","item":"https:\/\/www.parafia.rudyszwald.pl\/"},{"@type":"ListItem","position":2,"name":"Dzieci Maryi (25 lutego)"}]},{"@type":"WebSite","@id":"https:\/\/www.parafia.rudyszwald.pl\/#website","url":"https:\/\/www.parafia.rudyszwald.pl\/","name":"Parafia Tr\u00f3jcy \u015awi\u0119tej w Rudyszwa\u0142dzie","description":"Parafia Rudyszwa\u0142d","publisher":{"@id":"https:\/\/www.parafia.rudyszwald.pl\/#organization"},"potentialAction":[{"@type":"SearchAction","target":{"@type":"EntryPoint","urlTemplate":"https:\/\/www.parafia.rudyszwald.pl\/?s={search_term_string}"},"query-input":"required name=search_term_string"}],"inLanguage":"pl-PL"},{"@type":"Organization","@id":"https:\/\/www.parafia.rudyszwald.pl\/#organization","name":"Parafia Tr\u00f3jcy \u015awi\u0119tej w Rudyszwa\u0142dzie","url":"https:\/\/www.parafia.rudyszwald.pl\/","logo":{"@type":"ImageObject","inLanguage":"pl-PL","@id":"https:\/\/www.parafia.rudyszwald.pl\/#\/schema\/logo\/image\/","url":"https:\/\/www.parafia.rudyszwald.pl\/wp-content\/uploads\/2019\/07\/IMG_1_DxO-copy-\u2014-kopia2-\u2014-kopia-2.jpg","contentUrl":"https:\/\/www.parafia.rudyszwald.pl\/wp-content\/uploads\/2019\/07\/IMG_1_DxO-copy-\u2014-kopia2-\u2014-kopia-2.jpg","width":464,"height":711,"caption":"Parafia Tr\u00f3jcy \u015awi\u0119tej w Rudyszwa\u0142dzie"},"image":{"@id":"https:\/\/www.parafia.rudyszwald.pl\/#\/schema\/logo\/image\/"}}]}},"_links":{"self":[{"href":"https:\/\/www.parafia.rudyszwald.pl\/index.php\/wp-json\/wp\/v2\/pages\/3137"}],"collection":[{"href":"https:\/\/www.parafia.rudyszwald.pl\/index.php\/wp-json\/wp\/v2\/pages"}],"about":[{"href":"https:\/\/www.parafia.rudyszwald.pl\/index.php\/wp-json\/wp\/v2\/types\/page"}],"author":[{"embeddable":true,"href":"https:\/\/www.parafia.rudyszwald.pl\/index.php\/wp-json\/wp\/v2\/users\/1"}],"replies":[{"embeddable":true,"href":"https:\/\/www.parafia.rudyszwald.pl\/index.php\/wp-json\/wp\/v2\/comments?post=3137"}],"version-history":[{"count":6,"href":"https:\/\/www.parafia.rudyszwald.pl\/index.php\/wp-json\/wp\/v2\/pages\/3137\/revisions"}],"predecessor-version":[{"id":3157,"href":"https:\/\/www.parafia.rudyszwald.pl\/index.php\/wp-json\/wp\/v2\/pages\/3137\/revisions\/3157"}],"wp:attachment":[{"href":"https:\/\/www.parafia.rudyszwald.pl\/index.php\/wp-json\/wp\/v2\/media?parent=3137"}],"curies":[{"name":"wp","href":"https:\/\/api.w.org\/{rel}","templated":true}]}}