{"id":3161,"date":"2022-03-13T21:33:25","date_gmt":"2022-03-13T21:33:25","guid":{"rendered":"https:\/\/www.parafia.rudyszwald.pl\/?page_id=3161"},"modified":"2022-05-02T08:51:43","modified_gmt":"2022-05-02T08:51:43","slug":"dzieci-maryi-wielki-post","status":"publish","type":"page","link":"https:\/\/www.parafia.rudyszwald.pl\/index.php\/dzieci-maryi-wielki-post\/","title":{"rendered":"Dzieci Maryi &#8211; Wielki Post"},"content":{"rendered":"\n<hr class=\"wp-block-separator\"\/>\n\n\n\n<div style=\"height:20px\" aria-hidden=\"true\" class=\"wp-block-spacer\"><\/div>\n\n\n\n<p class=\"has-background has-very-light-gray-background-color\" style=\"text-align:justify\"><strong>Materia\u0142y na I niedziel\u0119 Wielkiego Postu<\/strong><\/br>zatrzymajmy si\u0119 na chwil\u0119&#8230;\n<\/p>\n\n\n\n<div class=\"wp-block-image\"><figure class=\"aligncenter size-large is-resized\"><img decoding=\"async\" loading=\"lazy\" src=\"https:\/\/www.parafia.rudyszwald.pl\/wp-content\/uploads\/2022\/03\/IMG-20220313-WA0000.jpg\" alt=\"\" class=\"wp-image-3163\" width=\"453\" height=\"519\" srcset=\"https:\/\/www.parafia.rudyszwald.pl\/wp-content\/uploads\/2022\/03\/IMG-20220313-WA0000.jpg 574w, https:\/\/www.parafia.rudyszwald.pl\/wp-content\/uploads\/2022\/03\/IMG-20220313-WA0000-262x300.jpg 262w\" sizes=\"(max-width: 453px) 100vw, 453px\" \/><\/figure><\/div>\n\n\n\n<p class=\"has-background has-very-light-gray-background-color\" style=\"text-align:justify\"><i>Stacja II Jezus bierze krzy\u017c na swoje ramiona<\/i>\n<\/p>\n\n\n\n<figure class=\"wp-block-embed-youtube aligncenter wp-block-embed is-type-video is-provider-youtube wp-embed-aspect-4-3 wp-has-aspect-ratio\"><div class=\"wp-block-embed__wrapper\">\n<iframe loading=\"lazy\" title=\"Hymn o Krzy\u017cu + tekst piosenki\" width=\"1000\" height=\"750\" src=\"https:\/\/www.youtube.com\/embed\/GyK5iZASWEg?feature=oembed\" frameborder=\"0\" allow=\"accelerometer; autoplay; clipboard-write; encrypted-media; gyroscope; picture-in-picture\" allowfullscreen><\/iframe>\n<\/div><\/figure>\n\n\n\n<p class=\"has-background has-very-light-gray-background-color\" style=\"text-align:justify\"><strong>Materia\u0142y na II niedziel\u0119 Wielkiego Postu<\/strong>\n<\/p>\n\n\n\n<div class=\"wp-block-image\"><figure class=\"aligncenter size-large is-resized\"><img decoding=\"async\" loading=\"lazy\" src=\"https:\/\/www.parafia.rudyszwald.pl\/wp-content\/uploads\/2022\/03\/IMG-20220313-WA0001.jpg\" alt=\"\" class=\"wp-image-3166\" width=\"387\" height=\"491\" srcset=\"https:\/\/www.parafia.rudyszwald.pl\/wp-content\/uploads\/2022\/03\/IMG-20220313-WA0001.jpg 542w, https:\/\/www.parafia.rudyszwald.pl\/wp-content\/uploads\/2022\/03\/IMG-20220313-WA0001-237x300.jpg 237w\" sizes=\"(max-width: 387px) 100vw, 387px\" \/><\/figure><\/div>\n\n\n\n<p class=\"has-background has-very-light-gray-background-color\" style=\"text-align:justify\"><i>Stacja IV Pan Jezus spotyka swoj\u0105 Matk\u0119<\/i>\n<\/p>\n\n\n\n<figure class=\"wp-block-embed-youtube aligncenter wp-block-embed is-type-video is-provider-youtube wp-embed-aspect-16-9 wp-has-aspect-ratio\"><div class=\"wp-block-embed__wrapper\">\n<iframe loading=\"lazy\" title=\"Mario, czy ju\u017c wiesz? (Mary Did You Know - Polish version) Studio Accantus\" width=\"1000\" height=\"563\" src=\"https:\/\/www.youtube.com\/embed\/iXztt14uFXw?feature=oembed\" frameborder=\"0\" allow=\"accelerometer; autoplay; clipboard-write; encrypted-media; gyroscope; picture-in-picture\" allowfullscreen><\/iframe>\n<\/div><\/figure>\n\n\n\n<div class=\"wp-block-image\"><figure class=\"aligncenter size-large is-resized\"><img decoding=\"async\" loading=\"lazy\" src=\"https:\/\/www.parafia.rudyszwald.pl\/wp-content\/uploads\/2022\/03\/IMG-20220313-WA0002.jpg\" alt=\"\" class=\"wp-image-3167\" width=\"429\" height=\"425\" srcset=\"https:\/\/www.parafia.rudyszwald.pl\/wp-content\/uploads\/2022\/03\/IMG-20220313-WA0002.jpg 582w, https:\/\/www.parafia.rudyszwald.pl\/wp-content\/uploads\/2022\/03\/IMG-20220313-WA0002-300x297.jpg 300w, https:\/\/www.parafia.rudyszwald.pl\/wp-content\/uploads\/2022\/03\/IMG-20220313-WA0002-150x150.jpg 150w\" sizes=\"(max-width: 429px) 100vw, 429px\" \/><\/figure><\/div>\n\n\n\n<figure class=\"wp-block-embed-youtube aligncenter wp-block-embed is-type-video is-provider-youtube wp-embed-aspect-16-9 wp-has-aspect-ratio\"><div class=\"wp-block-embed__wrapper\">\n<iframe loading=\"lazy\" title=\"Bo\u017ce Granie &amp; Jakub Tomalak (wyk. Agnieszka Musia\u0142 &amp; Gabi G\u0105sior) \u2013 Razem z Maryj\u0105 (Official video)\" width=\"1000\" height=\"563\" src=\"https:\/\/www.youtube.com\/embed\/j59DIg82eb4?feature=oembed\" frameborder=\"0\" allow=\"accelerometer; autoplay; clipboard-write; encrypted-media; gyroscope; picture-in-picture\" allowfullscreen><\/iframe>\n<\/div><\/figure>\n\n\n\n<p class=\"has-background has-very-light-gray-background-color\" style=\"text-align:justify\"><strong>Materia\u0142y na III niedziel\u0119 Wielkiego Postu<\/strong>\n<\/p>\n\n\n\n<div class=\"wp-block-image\"><figure class=\"aligncenter size-large is-resized\"><img decoding=\"async\" loading=\"lazy\" src=\"https:\/\/www.parafia.rudyszwald.pl\/wp-content\/uploads\/2022\/03\/WhatsApp-Image-2022-03-20-at-11.38.25.jpeg\" alt=\"\" class=\"wp-image-3194\" width=\"387\" height=\"429\"\/><\/figure><\/div>\n\n\n\n<p class=\"has-background has-very-light-gray-background-color\" style=\"text-align:justify\"><i>Stacja VI Weronika ociera twarz Jezusowi<\/i>\n<\/p>\n\n\n\n<div class=\"wp-block-image\"><figure class=\"aligncenter size-large is-resized\"><img decoding=\"async\" loading=\"lazy\" src=\"https:\/\/www.parafia.rudyszwald.pl\/wp-content\/uploads\/2022\/03\/WhatsApp-Image-2022-03-20-at-11.39.57.jpeg\" alt=\"\" class=\"wp-image-3195\" width=\"315\" height=\"359\" srcset=\"https:\/\/www.parafia.rudyszwald.pl\/wp-content\/uploads\/2022\/03\/WhatsApp-Image-2022-03-20-at-11.39.57.jpeg 720w, https:\/\/www.parafia.rudyszwald.pl\/wp-content\/uploads\/2022\/03\/WhatsApp-Image-2022-03-20-at-11.39.57-262x300.jpeg 262w\" sizes=\"(max-width: 315px) 100vw, 315px\" \/><\/figure><\/div>\n\n\n\n<figure class=\"wp-block-embed-youtube aligncenter wp-block-embed is-type-video is-provider-youtube wp-embed-aspect-16-9 wp-has-aspect-ratio\"><div class=\"wp-block-embed__wrapper\">\n<iframe loading=\"lazy\" title=\"B\u0105d\u017a Tu, nie chc\u0119 by\u0107 sam....\" width=\"1000\" height=\"563\" src=\"https:\/\/www.youtube.com\/embed\/b1Op0A6yl3s?feature=oembed\" frameborder=\"0\" allow=\"accelerometer; autoplay; clipboard-write; encrypted-media; gyroscope; picture-in-picture\" allowfullscreen><\/iframe>\n<\/div><\/figure>\n\n\n\n<p class=\"has-background has-very-light-gray-background-color\" style=\"text-align:justify\"><strong>Materia\u0142y na IV niedziel\u0119 Wielkiego Postu<\/strong>\n<\/p>\n\n\n\n<div class=\"wp-block-image\"><figure class=\"aligncenter size-large is-resized\"><img decoding=\"async\" loading=\"lazy\" src=\"https:\/\/www.parafia.rudyszwald.pl\/wp-content\/uploads\/2022\/03\/WhatsApp-Image-2022-03-27-at-19.27.01.jpeg\" alt=\"\" class=\"wp-image-3203\" width=\"474\" height=\"482\" srcset=\"https:\/\/www.parafia.rudyszwald.pl\/wp-content\/uploads\/2022\/03\/WhatsApp-Image-2022-03-27-at-19.27.01.jpeg 678w, https:\/\/www.parafia.rudyszwald.pl\/wp-content\/uploads\/2022\/03\/WhatsApp-Image-2022-03-27-at-19.27.01-295x300.jpeg 295w\" sizes=\"(max-width: 474px) 100vw, 474px\" \/><\/figure><\/div>\n\n\n\n<p class=\"has-background has-very-light-gray-background-color\" style=\"text-align:justify\"><i>Stacja VIII Jezus spotyka p\u0142acz\u0105ce niewiasty<\/i>\n<\/p>\n\n\n\n<figure class=\"wp-block-embed-youtube wp-block-embed is-type-video is-provider-youtube wp-embed-aspect-16-9 wp-has-aspect-ratio\"><div class=\"wp-block-embed__wrapper\">\n<iframe loading=\"lazy\" title=\"EKS - Tak mnie skrusz, tak mnie z\u0142am (prod: Smoku \/\u015bpiew: schola z Wolsztyna)\" width=\"1000\" height=\"563\" src=\"https:\/\/www.youtube.com\/embed\/88rvDjrTZ1I?feature=oembed\" frameborder=\"0\" allow=\"accelerometer; autoplay; clipboard-write; encrypted-media; gyroscope; picture-in-picture\" allowfullscreen><\/iframe>\n<\/div><\/figure>\n\n\n\n<p class=\"has-background has-very-light-gray-background-color\" style=\"text-align:justify\"><strong>Materia\u0142y na V niedziel\u0119 Wielkiego Postu<\/strong>\n<\/p>\n\n\n\n<div class=\"wp-block-image\"><figure class=\"aligncenter size-large is-resized\"><img decoding=\"async\" loading=\"lazy\" src=\"https:\/\/www.parafia.rudyszwald.pl\/wp-content\/uploads\/2022\/04\/WhatsApp-Image-2022-04-03-at-11.33.02.jpeg\" alt=\"\" class=\"wp-image-3207\" width=\"502\" height=\"507\" srcset=\"https:\/\/www.parafia.rudyszwald.pl\/wp-content\/uploads\/2022\/04\/WhatsApp-Image-2022-04-03-at-11.33.02.jpeg 720w, https:\/\/www.parafia.rudyszwald.pl\/wp-content\/uploads\/2022\/04\/WhatsApp-Image-2022-04-03-at-11.33.02-297x300.jpeg 297w, https:\/\/www.parafia.rudyszwald.pl\/wp-content\/uploads\/2022\/04\/WhatsApp-Image-2022-04-03-at-11.33.02-150x150.jpeg 150w\" sizes=\"(max-width: 502px) 100vw, 502px\" \/><\/figure><\/div>\n\n\n\n<p class=\"has-background has-very-light-gray-background-color\" style=\"text-align:justify\"><i>Stacja IX Jezus upada po raz trzeci pod ci\u0119\u017carem krzy\u017ca<\/i>\n<\/p>\n\n\n\n<figure class=\"wp-block-embed-youtube aligncenter wp-block-embed is-type-video is-provider-youtube wp-embed-aspect-4-3 wp-has-aspect-ratio\"><div class=\"wp-block-embed__wrapper\">\n<iframe loading=\"lazy\" title=\"Pom\u00f3dl Si\u0119 Miriam\" width=\"1000\" height=\"750\" src=\"https:\/\/www.youtube.com\/embed\/THDFb3wFGck?feature=oembed\" frameborder=\"0\" allow=\"accelerometer; autoplay; clipboard-write; encrypted-media; gyroscope; picture-in-picture\" allowfullscreen><\/iframe>\n<\/div><\/figure>\n\n\n\n<div class=\"wp-block-image\"><figure class=\"aligncenter size-large is-resized\"><img decoding=\"async\" loading=\"lazy\" src=\"https:\/\/www.parafia.rudyszwald.pl\/wp-content\/uploads\/2022\/04\/WhatsApp-Image-2022-04-03-at-11.34.38.jpeg\" alt=\"\" class=\"wp-image-3208\" width=\"479\" height=\"463\" srcset=\"https:\/\/www.parafia.rudyszwald.pl\/wp-content\/uploads\/2022\/04\/WhatsApp-Image-2022-04-03-at-11.34.38.jpeg 720w, https:\/\/www.parafia.rudyszwald.pl\/wp-content\/uploads\/2022\/04\/WhatsApp-Image-2022-04-03-at-11.34.38-300x290.jpeg 300w\" sizes=\"(max-width: 479px) 100vw, 479px\" \/><\/figure><\/div>\n\n\n\n<p class=\"has-background has-very-light-gray-background-color\" style=\"text-align:justify\"><i>Wykorzystajmy czas naszych parafialnych rekolekcji<\/i>\n<\/p>\n\n\n\n<div class=\"wp-block-image\"><figure class=\"aligncenter size-large is-resized\"><img decoding=\"async\" loading=\"lazy\" src=\"https:\/\/www.parafia.rudyszwald.pl\/wp-content\/uploads\/2022\/04\/WhatsApp-Image-2022-04-04-at-20.00.20.jpeg\" alt=\"\" class=\"wp-image-3209\" width=\"525\" height=\"533\" srcset=\"https:\/\/www.parafia.rudyszwald.pl\/wp-content\/uploads\/2022\/04\/WhatsApp-Image-2022-04-04-at-20.00.20.jpeg 720w, https:\/\/www.parafia.rudyszwald.pl\/wp-content\/uploads\/2022\/04\/WhatsApp-Image-2022-04-04-at-20.00.20-295x300.jpeg 295w\" sizes=\"(max-width: 525px) 100vw, 525px\" \/><\/figure><\/div>\n\n\n\n<p class=\"has-background has-very-light-gray-background-color\" style=\"text-align:justify\"><strong>Materia\u0142y na Niedziel\u0119 Palmow\u0105<\/strong>\n<\/p>\n\n\n\n<div class=\"wp-block-image\"><figure class=\"aligncenter size-large is-resized\"><img decoding=\"async\" loading=\"lazy\" src=\"https:\/\/www.parafia.rudyszwald.pl\/wp-content\/uploads\/2022\/05\/WhatsApp-Image-2022-04-10-at-11.04.50.jpeg\" alt=\"\" class=\"wp-image-3272\" width=\"236\" height=\"342\" srcset=\"https:\/\/www.parafia.rudyszwald.pl\/wp-content\/uploads\/2022\/05\/WhatsApp-Image-2022-04-10-at-11.04.50.jpeg 670w, https:\/\/www.parafia.rudyszwald.pl\/wp-content\/uploads\/2022\/05\/WhatsApp-Image-2022-04-10-at-11.04.50-207x300.jpeg 207w\" sizes=\"(max-width: 236px) 100vw, 236px\" \/><\/figure><\/div>\n\n\n\n<figure class=\"wp-block-embed-youtube aligncenter wp-block-embed is-type-video is-provider-youtube wp-embed-aspect-16-9 wp-has-aspect-ratio\"><div class=\"wp-block-embed__wrapper\">\n<iframe loading=\"lazy\" title=\"MODLITWA NA NIEDZIEL\u0118 PALMOW\u0104 | Modlitwa do Chrystusa Pana przed Wielkanoc\u0105\" width=\"1000\" height=\"563\" src=\"https:\/\/www.youtube.com\/embed\/ycHXrmNIv4A?feature=oembed\" frameborder=\"0\" allow=\"accelerometer; autoplay; clipboard-write; encrypted-media; gyroscope; picture-in-picture\" allowfullscreen><\/iframe>\n<\/div><\/figure>\n\n\n\n<div class=\"wp-block-image\"><figure class=\"aligncenter size-large is-resized\"><img decoding=\"async\" loading=\"lazy\" src=\"https:\/\/www.parafia.rudyszwald.pl\/wp-content\/uploads\/2022\/05\/WhatsApp-Image-2022-04-10-at-11.05.33.jpeg\" alt=\"\" class=\"wp-image-3273\" width=\"456\" height=\"666\" srcset=\"https:\/\/www.parafia.rudyszwald.pl\/wp-content\/uploads\/2022\/05\/WhatsApp-Image-2022-04-10-at-11.05.33.jpeg 699w, https:\/\/www.parafia.rudyszwald.pl\/wp-content\/uploads\/2022\/05\/WhatsApp-Image-2022-04-10-at-11.05.33-205x300.jpeg 205w\" sizes=\"(max-width: 456px) 100vw, 456px\" \/><\/figure><\/div>\n\n\n\n<div style=\"height:40px\" aria-hidden=\"true\" class=\"wp-block-spacer\"><\/div>\n\n\n\n<div class=\"is-layout-flex wp-block-buttons aligncenter\">\n<div class=\"wp-block-button\"><a class=\"wp-block-button__link\" href=\"https:\/\/www.parafia.rudyszwald.pl\/index.php\/dzieci-maryi\/\">powr\u00f3t<\/a><\/div>\n<\/div>\n\n\n\n<div class=\"is-layout-flex wp-block-buttons aligncenter\">\n<div class=\"wp-block-button is-style-outline\"><a class=\"wp-block-button__link\" href=\"https:\/\/www.parafia.rudyszwald.pl\/\">strona g\u0142\u00f3wna<\/a><\/div>\n<\/div>\n\n\n\n<p><\/p>\n","protected":false},"excerpt":{"rendered":"<p>Materia\u0142y na I niedziel\u0119 Wielkiego Postuzatrzymajmy si\u0119 na chwil\u0119&#8230; Stacja II Jezus bierze krzy\u017c na swoje ramiona Materia\u0142y na II niedziel\u0119 Wielkiego Postu Stacja IV Pan Jezus spotyka swoj\u0105 Matk\u0119 Materia\u0142y na III niedziel\u0119 Wielkiego Postu Stacja VI Weronika ociera twarz Jezusowi Materia\u0142y na IV niedziel\u0119 Wielkiego Postu Stacja VIII<\/p>\n<div class=\"belowpost\"><a class=\"btnmore icon-arrow\" href=\"https:\/\/www.parafia.rudyszwald.pl\/index.php\/dzieci-maryi-wielki-post\/\"><span>Read More<\/span><\/a><\/div>\n","protected":false},"author":1,"featured_media":0,"parent":0,"menu_order":0,"comment_status":"closed","ping_status":"closed","template":"","meta":{"_exactmetrics_skip_tracking":false,"_exactmetrics_sitenote_active":false,"_exactmetrics_sitenote_note":"","_exactmetrics_sitenote_category":0,"ngg_post_thumbnail":0},"yoast_head":"<!-- This site is optimized with the Yoast SEO plugin v19.11 - https:\/\/yoast.com\/wordpress\/plugins\/seo\/ -->\n<title>Dzieci Maryi - Wielki Post - Parafia Tr\u00f3jcy \u015awi\u0119tej w Rudyszwa\u0142dzie<\/title>\n<meta name=\"robots\" content=\"index, follow, max-snippet:-1, max-image-preview:large, max-video-preview:-1\" \/>\n<link rel=\"canonical\" href=\"https:\/\/www.parafia.rudyszwald.pl\/index.php\/dzieci-maryi-wielki-post\/\" \/>\n<meta property=\"og:locale\" content=\"pl_PL\" \/>\n<meta property=\"og:type\" content=\"article\" \/>\n<meta property=\"og:title\" content=\"Dzieci Maryi - Wielki Post - Parafia Tr\u00f3jcy \u015awi\u0119tej w Rudyszwa\u0142dzie\" \/>\n<meta property=\"og:description\" content=\"Materia\u0142y na I niedziel\u0119 Wielkiego Postuzatrzymajmy si\u0119 na chwil\u0119&#8230; Stacja II Jezus bierze krzy\u017c na swoje ramiona Materia\u0142y na II niedziel\u0119 Wielkiego Postu Stacja IV Pan Jezus spotyka swoj\u0105 Matk\u0119 Materia\u0142y na III niedziel\u0119 Wielkiego Postu Stacja VI Weronika ociera twarz Jezusowi Materia\u0142y na IV niedziel\u0119 Wielkiego Postu Stacja VIIIRead More\" \/>\n<meta property=\"og:url\" content=\"https:\/\/www.parafia.rudyszwald.pl\/index.php\/dzieci-maryi-wielki-post\/\" \/>\n<meta property=\"og:site_name\" content=\"Parafia Tr\u00f3jcy \u015awi\u0119tej w Rudyszwa\u0142dzie\" \/>\n<meta property=\"article:modified_time\" content=\"2022-05-02T08:51:43+00:00\" \/>\n<meta property=\"og:image\" content=\"https:\/\/www.parafia.rudyszwald.pl\/wp-content\/uploads\/2022\/03\/IMG-20220313-WA0000.jpg\" \/>\n<meta name=\"twitter:card\" content=\"summary_large_image\" \/>\n<meta name=\"twitter:label1\" content=\"Szacowany czas czytania\" \/>\n\t<meta name=\"twitter:data1\" content=\"1 minuta\" \/>\n<script type=\"application\/ld+json\" class=\"yoast-schema-graph\">{\"@context\":\"https:\/\/schema.org\",\"@graph\":[{\"@type\":\"WebPage\",\"@id\":\"https:\/\/www.parafia.rudyszwald.pl\/index.php\/dzieci-maryi-wielki-post\/\",\"url\":\"https:\/\/www.parafia.rudyszwald.pl\/index.php\/dzieci-maryi-wielki-post\/\",\"name\":\"Dzieci Maryi - Wielki Post - Parafia Tr\u00f3jcy \u015awi\u0119tej w Rudyszwa\u0142dzie\",\"isPartOf\":{\"@id\":\"https:\/\/www.parafia.rudyszwald.pl\/#website\"},\"datePublished\":\"2022-03-13T21:33:25+00:00\",\"dateModified\":\"2022-05-02T08:51:43+00:00\",\"breadcrumb\":{\"@id\":\"https:\/\/www.parafia.rudyszwald.pl\/index.php\/dzieci-maryi-wielki-post\/#breadcrumb\"},\"inLanguage\":\"pl-PL\",\"potentialAction\":[{\"@type\":\"ReadAction\",\"target\":[\"https:\/\/www.parafia.rudyszwald.pl\/index.php\/dzieci-maryi-wielki-post\/\"]}]},{\"@type\":\"BreadcrumbList\",\"@id\":\"https:\/\/www.parafia.rudyszwald.pl\/index.php\/dzieci-maryi-wielki-post\/#breadcrumb\",\"itemListElement\":[{\"@type\":\"ListItem\",\"position\":1,\"name\":\"Strona g\u0142\u00f3wna\",\"item\":\"https:\/\/www.parafia.rudyszwald.pl\/\"},{\"@type\":\"ListItem\",\"position\":2,\"name\":\"Dzieci Maryi &#8211; Wielki Post\"}]},{\"@type\":\"WebSite\",\"@id\":\"https:\/\/www.parafia.rudyszwald.pl\/#website\",\"url\":\"https:\/\/www.parafia.rudyszwald.pl\/\",\"name\":\"Parafia Tr\u00f3jcy \u015awi\u0119tej w Rudyszwa\u0142dzie\",\"description\":\"Parafia Rudyszwa\u0142d\",\"publisher\":{\"@id\":\"https:\/\/www.parafia.rudyszwald.pl\/#organization\"},\"potentialAction\":[{\"@type\":\"SearchAction\",\"target\":{\"@type\":\"EntryPoint\",\"urlTemplate\":\"https:\/\/www.parafia.rudyszwald.pl\/?s={search_term_string}\"},\"query-input\":\"required name=search_term_string\"}],\"inLanguage\":\"pl-PL\"},{\"@type\":\"Organization\",\"@id\":\"https:\/\/www.parafia.rudyszwald.pl\/#organization\",\"name\":\"Parafia Tr\u00f3jcy \u015awi\u0119tej w Rudyszwa\u0142dzie\",\"url\":\"https:\/\/www.parafia.rudyszwald.pl\/\",\"logo\":{\"@type\":\"ImageObject\",\"inLanguage\":\"pl-PL\",\"@id\":\"https:\/\/www.parafia.rudyszwald.pl\/#\/schema\/logo\/image\/\",\"url\":\"https:\/\/www.parafia.rudyszwald.pl\/wp-content\/uploads\/2019\/07\/IMG_1_DxO-copy-\u2014-kopia2-\u2014-kopia-2.jpg\",\"contentUrl\":\"https:\/\/www.parafia.rudyszwald.pl\/wp-content\/uploads\/2019\/07\/IMG_1_DxO-copy-\u2014-kopia2-\u2014-kopia-2.jpg\",\"width\":464,\"height\":711,\"caption\":\"Parafia Tr\u00f3jcy \u015awi\u0119tej w Rudyszwa\u0142dzie\"},\"image\":{\"@id\":\"https:\/\/www.parafia.rudyszwald.pl\/#\/schema\/logo\/image\/\"}}]}<\/script>\n<!-- \/ Yoast SEO plugin. -->","yoast_head_json":{"title":"Dzieci Maryi - Wielki Post - Parafia Tr\u00f3jcy \u015awi\u0119tej w Rudyszwa\u0142dzie","robots":{"index":"index","follow":"follow","max-snippet":"max-snippet:-1","max-image-preview":"max-image-preview:large","max-video-preview":"max-video-preview:-1"},"canonical":"https:\/\/www.parafia.rudyszwald.pl\/index.php\/dzieci-maryi-wielki-post\/","og_locale":"pl_PL","og_type":"article","og_title":"Dzieci Maryi - Wielki Post - Parafia Tr\u00f3jcy \u015awi\u0119tej w Rudyszwa\u0142dzie","og_description":"Materia\u0142y na I niedziel\u0119 Wielkiego Postuzatrzymajmy si\u0119 na chwil\u0119&#8230; Stacja II Jezus bierze krzy\u017c na swoje ramiona Materia\u0142y na II niedziel\u0119 Wielkiego Postu Stacja IV Pan Jezus spotyka swoj\u0105 Matk\u0119 Materia\u0142y na III niedziel\u0119 Wielkiego Postu Stacja VI Weronika ociera twarz Jezusowi Materia\u0142y na IV niedziel\u0119 Wielkiego Postu Stacja VIIIRead More","og_url":"https:\/\/www.parafia.rudyszwald.pl\/index.php\/dzieci-maryi-wielki-post\/","og_site_name":"Parafia Tr\u00f3jcy \u015awi\u0119tej w Rudyszwa\u0142dzie","article_modified_time":"2022-05-02T08:51:43+00:00","og_image":[{"url":"https:\/\/www.parafia.rudyszwald.pl\/wp-content\/uploads\/2022\/03\/IMG-20220313-WA0000.jpg"}],"twitter_card":"summary_large_image","twitter_misc":{"Szacowany czas czytania":"1 minuta"},"schema":{"@context":"https:\/\/schema.org","@graph":[{"@type":"WebPage","@id":"https:\/\/www.parafia.rudyszwald.pl\/index.php\/dzieci-maryi-wielki-post\/","url":"https:\/\/www.parafia.rudyszwald.pl\/index.php\/dzieci-maryi-wielki-post\/","name":"Dzieci Maryi - Wielki Post - Parafia Tr\u00f3jcy \u015awi\u0119tej w Rudyszwa\u0142dzie","isPartOf":{"@id":"https:\/\/www.parafia.rudyszwald.pl\/#website"},"datePublished":"2022-03-13T21:33:25+00:00","dateModified":"2022-05-02T08:51:43+00:00","breadcrumb":{"@id":"https:\/\/www.parafia.rudyszwald.pl\/index.php\/dzieci-maryi-wielki-post\/#breadcrumb"},"inLanguage":"pl-PL","potentialAction":[{"@type":"ReadAction","target":["https:\/\/www.parafia.rudyszwald.pl\/index.php\/dzieci-maryi-wielki-post\/"]}]},{"@type":"BreadcrumbList","@id":"https:\/\/www.parafia.rudyszwald.pl\/index.php\/dzieci-maryi-wielki-post\/#breadcrumb","itemListElement":[{"@type":"ListItem","position":1,"name":"Strona g\u0142\u00f3wna","item":"https:\/\/www.parafia.rudyszwald.pl\/"},{"@type":"ListItem","position":2,"name":"Dzieci Maryi &#8211; Wielki Post"}]},{"@type":"WebSite","@id":"https:\/\/www.parafia.rudyszwald.pl\/#website","url":"https:\/\/www.parafia.rudyszwald.pl\/","name":"Parafia Tr\u00f3jcy \u015awi\u0119tej w Rudyszwa\u0142dzie","description":"Parafia Rudyszwa\u0142d","publisher":{"@id":"https:\/\/www.parafia.rudyszwald.pl\/#organization"},"potentialAction":[{"@type":"SearchAction","target":{"@type":"EntryPoint","urlTemplate":"https:\/\/www.parafia.rudyszwald.pl\/?s={search_term_string}"},"query-input":"required name=search_term_string"}],"inLanguage":"pl-PL"},{"@type":"Organization","@id":"https:\/\/www.parafia.rudyszwald.pl\/#organization","name":"Parafia Tr\u00f3jcy \u015awi\u0119tej w Rudyszwa\u0142dzie","url":"https:\/\/www.parafia.rudyszwald.pl\/","logo":{"@type":"ImageObject","inLanguage":"pl-PL","@id":"https:\/\/www.parafia.rudyszwald.pl\/#\/schema\/logo\/image\/","url":"https:\/\/www.parafia.rudyszwald.pl\/wp-content\/uploads\/2019\/07\/IMG_1_DxO-copy-\u2014-kopia2-\u2014-kopia-2.jpg","contentUrl":"https:\/\/www.parafia.rudyszwald.pl\/wp-content\/uploads\/2019\/07\/IMG_1_DxO-copy-\u2014-kopia2-\u2014-kopia-2.jpg","width":464,"height":711,"caption":"Parafia Tr\u00f3jcy \u015awi\u0119tej w Rudyszwa\u0142dzie"},"image":{"@id":"https:\/\/www.parafia.rudyszwald.pl\/#\/schema\/logo\/image\/"}}]}},"_links":{"self":[{"href":"https:\/\/www.parafia.rudyszwald.pl\/index.php\/wp-json\/wp\/v2\/pages\/3161"}],"collection":[{"href":"https:\/\/www.parafia.rudyszwald.pl\/index.php\/wp-json\/wp\/v2\/pages"}],"about":[{"href":"https:\/\/www.parafia.rudyszwald.pl\/index.php\/wp-json\/wp\/v2\/types\/page"}],"author":[{"embeddable":true,"href":"https:\/\/www.parafia.rudyszwald.pl\/index.php\/wp-json\/wp\/v2\/users\/1"}],"replies":[{"embeddable":true,"href":"https:\/\/www.parafia.rudyszwald.pl\/index.php\/wp-json\/wp\/v2\/comments?post=3161"}],"version-history":[{"count":6,"href":"https:\/\/www.parafia.rudyszwald.pl\/index.php\/wp-json\/wp\/v2\/pages\/3161\/revisions"}],"predecessor-version":[{"id":3275,"href":"https:\/\/www.parafia.rudyszwald.pl\/index.php\/wp-json\/wp\/v2\/pages\/3161\/revisions\/3275"}],"wp:attachment":[{"href":"https:\/\/www.parafia.rudyszwald.pl\/index.php\/wp-json\/wp\/v2\/media?parent=3161"}],"curies":[{"name":"wp","href":"https:\/\/api.w.org\/{rel}","templated":true}]}}