{"id":3577,"date":"2022-10-02T19:58:37","date_gmt":"2022-10-02T19:58:37","guid":{"rendered":"https:\/\/www.parafia.rudyszwald.pl\/?page_id=3577"},"modified":"2022-10-04T20:17:33","modified_gmt":"2022-10-04T20:17:33","slug":"rozaniec-materialy-dla-najmlodszych","status":"publish","type":"page","link":"https:\/\/www.parafia.rudyszwald.pl\/index.php\/rozaniec-materialy-dla-najmlodszych\/","title":{"rendered":"R\u00f3\u017caniec &#8211; materia\u0142y dla najm\u0142odszych"},"content":{"rendered":"\n<hr class=\"wp-block-separator\"\/>\n\n\n\n<div style=\"height:20px\" aria-hidden=\"true\" class=\"wp-block-spacer\"><\/div>\n\n\n\n<div class=\"wp-block-image\"><figure class=\"aligncenter size-large is-resized\"><img decoding=\"async\" loading=\"lazy\" src=\"https:\/\/www.parafia.rudyszwald.pl\/wp-content\/uploads\/2022\/10\/WhatsApp-Image-2022-09-30-at-09.21.22.jpeg\" alt=\"\" class=\"wp-image-3578\" width=\"260\" height=\"345\" srcset=\"https:\/\/www.parafia.rudyszwald.pl\/wp-content\/uploads\/2022\/10\/WhatsApp-Image-2022-09-30-at-09.21.22.jpeg 719w, https:\/\/www.parafia.rudyszwald.pl\/wp-content\/uploads\/2022\/10\/WhatsApp-Image-2022-09-30-at-09.21.22-225x300.jpeg 225w\" sizes=\"(max-width: 260px) 100vw, 260px\" \/><\/figure><\/div>\n\n\n\n<figure class=\"wp-block-embed-youtube aligncenter wp-block-embed is-type-video is-provider-youtube wp-embed-aspect-4-3 wp-has-aspect-ratio\"><div class=\"wp-block-embed__wrapper\">\n<iframe loading=\"lazy\" title=\"Jak paciorki r\u00f3\u017ca\u0144ca\" width=\"1000\" height=\"750\" src=\"https:\/\/www.youtube.com\/embed\/G8yJR5znJ_0?feature=oembed\" frameborder=\"0\" allow=\"accelerometer; autoplay; clipboard-write; encrypted-media; gyroscope; picture-in-picture\" allowfullscreen><\/iframe>\n<\/div><\/figure>\n\n\n\n<div class=\"wp-block-image\"><figure class=\"aligncenter size-large is-resized\"><a href=\"https:\/\/www.parafia.rudyszwald.pl\/wp-content\/uploads\/2022\/10\/WhatsApp-Image-2022-09-30-at-09.25.37.jpeg\"><img decoding=\"async\" loading=\"lazy\" src=\"https:\/\/www.parafia.rudyszwald.pl\/wp-content\/uploads\/2022\/10\/WhatsApp-Image-2022-09-30-at-09.25.37.jpeg\" alt=\"\" class=\"wp-image-3580\" width=\"500\" height=\"371\" srcset=\"https:\/\/www.parafia.rudyszwald.pl\/wp-content\/uploads\/2022\/10\/WhatsApp-Image-2022-09-30-at-09.25.37.jpeg 719w, https:\/\/www.parafia.rudyszwald.pl\/wp-content\/uploads\/2022\/10\/WhatsApp-Image-2022-09-30-at-09.25.37-300x223.jpeg 300w\" sizes=\"(max-width: 500px) 100vw, 500px\" \/><\/a><\/figure><\/div>\n\n\n\n<div class=\"wp-block-image\"><figure class=\"aligncenter size-large is-resized\"><a href=\"https:\/\/www.parafia.rudyszwald.pl\/wp-content\/uploads\/2022\/10\/WhatsApp-Image-2022-09-30-at-09.25.45.jpeg\"><img decoding=\"async\" loading=\"lazy\" src=\"https:\/\/www.parafia.rudyszwald.pl\/wp-content\/uploads\/2022\/10\/WhatsApp-Image-2022-09-30-at-09.25.45.jpeg\" alt=\"\" class=\"wp-image-3582\" width=\"383\" height=\"407\" srcset=\"https:\/\/www.parafia.rudyszwald.pl\/wp-content\/uploads\/2022\/10\/WhatsApp-Image-2022-09-30-at-09.25.45.jpeg 720w, https:\/\/www.parafia.rudyszwald.pl\/wp-content\/uploads\/2022\/10\/WhatsApp-Image-2022-09-30-at-09.25.45-282x300.jpeg 282w\" sizes=\"(max-width: 383px) 100vw, 383px\" \/><\/a><\/figure><\/div>\n\n\n\n<p><strong>PLIKI z kolorowank\u0105 do pobrania poni\u017cej (prosz\u0119 klika\u0107 na poni\u017csze obrazy)<\/strong><\/p>\n\n\n\n<div class=\"wp-block-image\"><figure class=\"aligncenter size-large is-resized\"><a href=\"https:\/\/www.parafia.rudyszwald.pl\/wp-content\/uploads\/2022\/10\/Tajemnice-radosne.pdf\"><img decoding=\"async\" loading=\"lazy\" src=\"https:\/\/www.parafia.rudyszwald.pl\/wp-content\/uploads\/2022\/10\/WhatsApp-Image-2022-09-30-at-09.26.02.jpeg\" alt=\"\" class=\"wp-image-3583\" width=\"539\" height=\"386\" srcset=\"https:\/\/www.parafia.rudyszwald.pl\/wp-content\/uploads\/2022\/10\/WhatsApp-Image-2022-09-30-at-09.26.02.jpeg 719w, https:\/\/www.parafia.rudyszwald.pl\/wp-content\/uploads\/2022\/10\/WhatsApp-Image-2022-09-30-at-09.26.02-300x215.jpeg 300w\" sizes=\"(max-width: 539px) 100vw, 539px\" \/><\/a><\/figure><\/div>\n\n\n\n<div class=\"wp-block-image\"><figure class=\"aligncenter size-large is-resized\"><a href=\"https:\/\/www.parafia.rudyszwald.pl\/wp-content\/uploads\/2022\/10\/Tajemnice-swiatla.pdf\"><img decoding=\"async\" loading=\"lazy\" src=\"https:\/\/www.parafia.rudyszwald.pl\/wp-content\/uploads\/2022\/10\/WhatsApp-Image-2022-09-30-at-09.27.03.jpeg\" alt=\"\" class=\"wp-image-3586\" width=\"539\" height=\"400\" srcset=\"https:\/\/www.parafia.rudyszwald.pl\/wp-content\/uploads\/2022\/10\/WhatsApp-Image-2022-09-30-at-09.27.03.jpeg 718w, https:\/\/www.parafia.rudyszwald.pl\/wp-content\/uploads\/2022\/10\/WhatsApp-Image-2022-09-30-at-09.27.03-300x223.jpeg 300w\" sizes=\"(max-width: 539px) 100vw, 539px\" \/><\/a><\/figure><\/div>\n\n\n\n<div class=\"wp-block-image\"><figure class=\"aligncenter size-large is-resized\"><a href=\"https:\/\/www.parafia.rudyszwald.pl\/wp-content\/uploads\/2022\/10\/Tajemnice-bolesne.pdf\"><img decoding=\"async\" loading=\"lazy\" src=\"https:\/\/www.parafia.rudyszwald.pl\/wp-content\/uploads\/2022\/10\/WhatsApp-Image-2022-09-30-at-09.26.35.jpeg\" alt=\"\" class=\"wp-image-3584\" width=\"540\" height=\"398\" srcset=\"https:\/\/www.parafia.rudyszwald.pl\/wp-content\/uploads\/2022\/10\/WhatsApp-Image-2022-09-30-at-09.26.35.jpeg 720w, https:\/\/www.parafia.rudyszwald.pl\/wp-content\/uploads\/2022\/10\/WhatsApp-Image-2022-09-30-at-09.26.35-300x221.jpeg 300w\" sizes=\"(max-width: 540px) 100vw, 540px\" \/><\/a><\/figure><\/div>\n\n\n\n<div class=\"wp-block-image\"><figure class=\"aligncenter size-large is-resized\"><a href=\"https:\/\/www.parafia.rudyszwald.pl\/wp-content\/uploads\/2022\/10\/Tajemnice-chwalebne.pdf\"><img decoding=\"async\" loading=\"lazy\" src=\"https:\/\/www.parafia.rudyszwald.pl\/wp-content\/uploads\/2022\/10\/WhatsApp-Image-2022-09-30-at-09.26.48.jpeg\" alt=\"\" class=\"wp-image-3585\" width=\"540\" height=\"389\" srcset=\"https:\/\/www.parafia.rudyszwald.pl\/wp-content\/uploads\/2022\/10\/WhatsApp-Image-2022-09-30-at-09.26.48.jpeg 720w, https:\/\/www.parafia.rudyszwald.pl\/wp-content\/uploads\/2022\/10\/WhatsApp-Image-2022-09-30-at-09.26.48-300x216.jpeg 300w\" sizes=\"(max-width: 540px) 100vw, 540px\" \/><\/a><\/figure><\/div>\n\n\n\n<div class=\"is-layout-flex wp-block-buttons aligncenter\">\n<div class=\"wp-block-button\"><a class=\"wp-block-button__link\" href=\"https:\/\/www.parafia.rudyszwald.pl\/index.php\/dzieci-maryi\/\">powr\u00f3t<\/a><\/div>\n<\/div>\n\n\n\n<div class=\"is-layout-flex wp-block-buttons aligncenter\">\n<div class=\"wp-block-button is-style-outline\"><a class=\"wp-block-button__link\" href=\"https:\/\/www.parafia.rudyszwald.pl\/\">strona g\u0142\u00f3wna<\/a><\/div>\n<\/div>\n","protected":false},"excerpt":{"rendered":"<p>PLIKI z kolorowank\u0105 do pobrania poni\u017cej (prosz\u0119 klika\u0107 na poni\u017csze obrazy)<\/p>\n","protected":false},"author":1,"featured_media":0,"parent":0,"menu_order":0,"comment_status":"closed","ping_status":"closed","template":"","meta":{"_exactmetrics_skip_tracking":false,"_exactmetrics_sitenote_active":false,"_exactmetrics_sitenote_note":"","_exactmetrics_sitenote_category":0,"ngg_post_thumbnail":0},"yoast_head":"<!-- This site is optimized with the Yoast SEO plugin v19.11 - https:\/\/yoast.com\/wordpress\/plugins\/seo\/ -->\n<title>R\u00f3\u017caniec - materia\u0142y dla najm\u0142odszych - Parafia Tr\u00f3jcy \u015awi\u0119tej w Rudyszwa\u0142dzie<\/title>\n<meta name=\"robots\" content=\"index, follow, max-snippet:-1, max-image-preview:large, max-video-preview:-1\" \/>\n<link rel=\"canonical\" href=\"https:\/\/www.parafia.rudyszwald.pl\/index.php\/rozaniec-materialy-dla-najmlodszych\/\" \/>\n<meta property=\"og:locale\" content=\"pl_PL\" \/>\n<meta property=\"og:type\" content=\"article\" \/>\n<meta property=\"og:title\" content=\"R\u00f3\u017caniec - materia\u0142y dla najm\u0142odszych - Parafia Tr\u00f3jcy \u015awi\u0119tej w Rudyszwa\u0142dzie\" \/>\n<meta property=\"og:description\" content=\"PLIKI z kolorowank\u0105 do pobrania poni\u017cej (prosz\u0119 klika\u0107 na poni\u017csze obrazy)\" \/>\n<meta property=\"og:url\" content=\"https:\/\/www.parafia.rudyszwald.pl\/index.php\/rozaniec-materialy-dla-najmlodszych\/\" \/>\n<meta property=\"og:site_name\" content=\"Parafia Tr\u00f3jcy \u015awi\u0119tej w Rudyszwa\u0142dzie\" \/>\n<meta property=\"article:modified_time\" content=\"2022-10-04T20:17:33+00:00\" \/>\n<meta property=\"og:image\" content=\"https:\/\/www.parafia.rudyszwald.pl\/wp-content\/uploads\/2022\/10\/WhatsApp-Image-2022-09-30-at-09.21.22.jpeg\" \/>\n<meta name=\"twitter:card\" content=\"summary_large_image\" \/>\n<script type=\"application\/ld+json\" class=\"yoast-schema-graph\">{\"@context\":\"https:\/\/schema.org\",\"@graph\":[{\"@type\":\"WebPage\",\"@id\":\"https:\/\/www.parafia.rudyszwald.pl\/index.php\/rozaniec-materialy-dla-najmlodszych\/\",\"url\":\"https:\/\/www.parafia.rudyszwald.pl\/index.php\/rozaniec-materialy-dla-najmlodszych\/\",\"name\":\"R\u00f3\u017caniec - materia\u0142y dla najm\u0142odszych - Parafia Tr\u00f3jcy \u015awi\u0119tej w Rudyszwa\u0142dzie\",\"isPartOf\":{\"@id\":\"https:\/\/www.parafia.rudyszwald.pl\/#website\"},\"datePublished\":\"2022-10-02T19:58:37+00:00\",\"dateModified\":\"2022-10-04T20:17:33+00:00\",\"breadcrumb\":{\"@id\":\"https:\/\/www.parafia.rudyszwald.pl\/index.php\/rozaniec-materialy-dla-najmlodszych\/#breadcrumb\"},\"inLanguage\":\"pl-PL\",\"potentialAction\":[{\"@type\":\"ReadAction\",\"target\":[\"https:\/\/www.parafia.rudyszwald.pl\/index.php\/rozaniec-materialy-dla-najmlodszych\/\"]}]},{\"@type\":\"BreadcrumbList\",\"@id\":\"https:\/\/www.parafia.rudyszwald.pl\/index.php\/rozaniec-materialy-dla-najmlodszych\/#breadcrumb\",\"itemListElement\":[{\"@type\":\"ListItem\",\"position\":1,\"name\":\"Strona g\u0142\u00f3wna\",\"item\":\"https:\/\/www.parafia.rudyszwald.pl\/\"},{\"@type\":\"ListItem\",\"position\":2,\"name\":\"R\u00f3\u017caniec &#8211; materia\u0142y dla najm\u0142odszych\"}]},{\"@type\":\"WebSite\",\"@id\":\"https:\/\/www.parafia.rudyszwald.pl\/#website\",\"url\":\"https:\/\/www.parafia.rudyszwald.pl\/\",\"name\":\"Parafia Tr\u00f3jcy \u015awi\u0119tej w Rudyszwa\u0142dzie\",\"description\":\"Parafia Rudyszwa\u0142d\",\"publisher\":{\"@id\":\"https:\/\/www.parafia.rudyszwald.pl\/#organization\"},\"potentialAction\":[{\"@type\":\"SearchAction\",\"target\":{\"@type\":\"EntryPoint\",\"urlTemplate\":\"https:\/\/www.parafia.rudyszwald.pl\/?s={search_term_string}\"},\"query-input\":\"required name=search_term_string\"}],\"inLanguage\":\"pl-PL\"},{\"@type\":\"Organization\",\"@id\":\"https:\/\/www.parafia.rudyszwald.pl\/#organization\",\"name\":\"Parafia Tr\u00f3jcy \u015awi\u0119tej w Rudyszwa\u0142dzie\",\"url\":\"https:\/\/www.parafia.rudyszwald.pl\/\",\"logo\":{\"@type\":\"ImageObject\",\"inLanguage\":\"pl-PL\",\"@id\":\"https:\/\/www.parafia.rudyszwald.pl\/#\/schema\/logo\/image\/\",\"url\":\"https:\/\/www.parafia.rudyszwald.pl\/wp-content\/uploads\/2019\/07\/IMG_1_DxO-copy-\u2014-kopia2-\u2014-kopia-2.jpg\",\"contentUrl\":\"https:\/\/www.parafia.rudyszwald.pl\/wp-content\/uploads\/2019\/07\/IMG_1_DxO-copy-\u2014-kopia2-\u2014-kopia-2.jpg\",\"width\":464,\"height\":711,\"caption\":\"Parafia Tr\u00f3jcy \u015awi\u0119tej w Rudyszwa\u0142dzie\"},\"image\":{\"@id\":\"https:\/\/www.parafia.rudyszwald.pl\/#\/schema\/logo\/image\/\"}}]}<\/script>\n<!-- \/ Yoast SEO plugin. -->","yoast_head_json":{"title":"R\u00f3\u017caniec - materia\u0142y dla najm\u0142odszych - Parafia Tr\u00f3jcy \u015awi\u0119tej w Rudyszwa\u0142dzie","robots":{"index":"index","follow":"follow","max-snippet":"max-snippet:-1","max-image-preview":"max-image-preview:large","max-video-preview":"max-video-preview:-1"},"canonical":"https:\/\/www.parafia.rudyszwald.pl\/index.php\/rozaniec-materialy-dla-najmlodszych\/","og_locale":"pl_PL","og_type":"article","og_title":"R\u00f3\u017caniec - materia\u0142y dla najm\u0142odszych - Parafia Tr\u00f3jcy \u015awi\u0119tej w Rudyszwa\u0142dzie","og_description":"PLIKI z kolorowank\u0105 do pobrania poni\u017cej (prosz\u0119 klika\u0107 na poni\u017csze obrazy)","og_url":"https:\/\/www.parafia.rudyszwald.pl\/index.php\/rozaniec-materialy-dla-najmlodszych\/","og_site_name":"Parafia Tr\u00f3jcy \u015awi\u0119tej w Rudyszwa\u0142dzie","article_modified_time":"2022-10-04T20:17:33+00:00","og_image":[{"url":"https:\/\/www.parafia.rudyszwald.pl\/wp-content\/uploads\/2022\/10\/WhatsApp-Image-2022-09-30-at-09.21.22.jpeg"}],"twitter_card":"summary_large_image","schema":{"@context":"https:\/\/schema.org","@graph":[{"@type":"WebPage","@id":"https:\/\/www.parafia.rudyszwald.pl\/index.php\/rozaniec-materialy-dla-najmlodszych\/","url":"https:\/\/www.parafia.rudyszwald.pl\/index.php\/rozaniec-materialy-dla-najmlodszych\/","name":"R\u00f3\u017caniec - materia\u0142y dla najm\u0142odszych - Parafia Tr\u00f3jcy \u015awi\u0119tej w Rudyszwa\u0142dzie","isPartOf":{"@id":"https:\/\/www.parafia.rudyszwald.pl\/#website"},"datePublished":"2022-10-02T19:58:37+00:00","dateModified":"2022-10-04T20:17:33+00:00","breadcrumb":{"@id":"https:\/\/www.parafia.rudyszwald.pl\/index.php\/rozaniec-materialy-dla-najmlodszych\/#breadcrumb"},"inLanguage":"pl-PL","potentialAction":[{"@type":"ReadAction","target":["https:\/\/www.parafia.rudyszwald.pl\/index.php\/rozaniec-materialy-dla-najmlodszych\/"]}]},{"@type":"BreadcrumbList","@id":"https:\/\/www.parafia.rudyszwald.pl\/index.php\/rozaniec-materialy-dla-najmlodszych\/#breadcrumb","itemListElement":[{"@type":"ListItem","position":1,"name":"Strona g\u0142\u00f3wna","item":"https:\/\/www.parafia.rudyszwald.pl\/"},{"@type":"ListItem","position":2,"name":"R\u00f3\u017caniec &#8211; materia\u0142y dla najm\u0142odszych"}]},{"@type":"WebSite","@id":"https:\/\/www.parafia.rudyszwald.pl\/#website","url":"https:\/\/www.parafia.rudyszwald.pl\/","name":"Parafia Tr\u00f3jcy \u015awi\u0119tej w Rudyszwa\u0142dzie","description":"Parafia Rudyszwa\u0142d","publisher":{"@id":"https:\/\/www.parafia.rudyszwald.pl\/#organization"},"potentialAction":[{"@type":"SearchAction","target":{"@type":"EntryPoint","urlTemplate":"https:\/\/www.parafia.rudyszwald.pl\/?s={search_term_string}"},"query-input":"required name=search_term_string"}],"inLanguage":"pl-PL"},{"@type":"Organization","@id":"https:\/\/www.parafia.rudyszwald.pl\/#organization","name":"Parafia Tr\u00f3jcy \u015awi\u0119tej w Rudyszwa\u0142dzie","url":"https:\/\/www.parafia.rudyszwald.pl\/","logo":{"@type":"ImageObject","inLanguage":"pl-PL","@id":"https:\/\/www.parafia.rudyszwald.pl\/#\/schema\/logo\/image\/","url":"https:\/\/www.parafia.rudyszwald.pl\/wp-content\/uploads\/2019\/07\/IMG_1_DxO-copy-\u2014-kopia2-\u2014-kopia-2.jpg","contentUrl":"https:\/\/www.parafia.rudyszwald.pl\/wp-content\/uploads\/2019\/07\/IMG_1_DxO-copy-\u2014-kopia2-\u2014-kopia-2.jpg","width":464,"height":711,"caption":"Parafia Tr\u00f3jcy \u015awi\u0119tej w Rudyszwa\u0142dzie"},"image":{"@id":"https:\/\/www.parafia.rudyszwald.pl\/#\/schema\/logo\/image\/"}}]}},"_links":{"self":[{"href":"https:\/\/www.parafia.rudyszwald.pl\/index.php\/wp-json\/wp\/v2\/pages\/3577"}],"collection":[{"href":"https:\/\/www.parafia.rudyszwald.pl\/index.php\/wp-json\/wp\/v2\/pages"}],"about":[{"href":"https:\/\/www.parafia.rudyszwald.pl\/index.php\/wp-json\/wp\/v2\/types\/page"}],"author":[{"embeddable":true,"href":"https:\/\/www.parafia.rudyszwald.pl\/index.php\/wp-json\/wp\/v2\/users\/1"}],"replies":[{"embeddable":true,"href":"https:\/\/www.parafia.rudyszwald.pl\/index.php\/wp-json\/wp\/v2\/comments?post=3577"}],"version-history":[{"count":3,"href":"https:\/\/www.parafia.rudyszwald.pl\/index.php\/wp-json\/wp\/v2\/pages\/3577\/revisions"}],"predecessor-version":[{"id":3609,"href":"https:\/\/www.parafia.rudyszwald.pl\/index.php\/wp-json\/wp\/v2\/pages\/3577\/revisions\/3609"}],"wp:attachment":[{"href":"https:\/\/www.parafia.rudyszwald.pl\/index.php\/wp-json\/wp\/v2\/media?parent=3577"}],"curies":[{"name":"wp","href":"https:\/\/api.w.org\/{rel}","templated":true}]}}