{"id":3698,"date":"2022-11-24T23:16:13","date_gmt":"2022-11-24T23:16:13","guid":{"rendered":"https:\/\/www.parafia.rudyszwald.pl\/?page_id=3698"},"modified":"2022-11-26T09:30:28","modified_gmt":"2022-11-26T09:30:28","slug":"materialy-dla-rodzin-wierze-w-kosciol-chrystusowy","status":"publish","type":"page","link":"https:\/\/www.parafia.rudyszwald.pl\/index.php\/materialy-dla-rodzin-wierze-w-kosciol-chrystusowy\/","title":{"rendered":"Materia\u0142y dla rodzin &#8211; Wierz\u0119 w Ko\u015bci\u00f3\u0142 Chrystusowy"},"content":{"rendered":"\n<hr class=\"wp-block-separator has-alpha-channel-opacity\"\/>\n\n\n\n<div style=\"height:20px\" aria-hidden=\"true\" class=\"wp-block-spacer\"><\/div>\n\n\n\n<p class=\"has-background has-very-light-gray-background-color\" style=\"text-align:justify\">27 listopada 2022 r. rozpoczyna si\u0119 nowy rok duszpasterski pod has\u0142em \u201eWierz\u0119 w Ko\u015bci\u00f3\u0142 Chrystusowy\u201d. Z tej okazji zosta\u0142y przygotowane materia\u0142y duszpasterskie dla rodzin. Jest to zbi\u00f3r rozwa\u017ca\u0144 przybli\u017caj\u0105cych tematyk\u0119 Ko\u015bcio\u0142a oraz skupiaj\u0105cych si\u0119 na rodzinie.<\/br><\/br>Rozwa\u017cania zosta\u0142y przygotowane na poszczeg\u00f3lne niedziele w ci\u0105gu ca\u0142ego roku. Ka\u017cdy miesi\u0105c posiada swoje has\u0142o przewodnie, za\u015b poszczeg\u00f3lnie tematy s\u0105 jego rozwini\u0119ciem. Ka\u017cdy temat sk\u0142ada si\u0119 z 3 cz\u0119\u015bci: wprowadzenia (najcz\u0119\u015bciej jest to nauczanie Ko\u015bcio\u0142a na dany temat); \u201edo refleksji\u201d (rozwa\u017cania pog\u0142\u0119biaj\u0105ce nauczanie Ko\u015bcio\u0142a) oraz \u201ezadanie\u201d (konkretna propozycja dzia\u0142a\u0144).<\/br> <\/p>\n\n\n\n<div style=\"height:5px\" aria-hidden=\"true\" class=\"wp-block-spacer\"><\/div>\n\n\n\n<p><strong>Po co Ko\u015bci\u00f3\u0142? (grudzie\u0144 2022)<\/strong><\/p>\n\n\n\n<div class=\"wp-block-file\"><a id=\"wp-block-file--media-de00ae5a-c472-44fd-be06-fc79f4dd91b7\" href=\"https:\/\/www.parafia.rudyszwald.pl\/wp-content\/uploads\/2022\/11\/1_2022.11.27_compressed.pdf\" target=\"_blank\" rel=\"noreferrer noopener\"><strong>1_2022.11.27<\/strong><\/a><a href=\"https:\/\/www.parafia.rudyszwald.pl\/wp-content\/uploads\/2022\/11\/1_2022.11.27_compressed.pdf\" class=\"wp-block-file__button wp-element-button\" download aria-describedby=\"wp-block-file--media-de00ae5a-c472-44fd-be06-fc79f4dd91b7\">Pobierz<\/a><\/br><a id=\"wp-block-file--media-de00ae5a-c472-44fd-be06-fc79f4dd91b7\" href=\"https:\/\/www.parafia.rudyszwald.pl\/wp-content\/uploads\/2022\/11\/2_2022.12.03_compressed.pdf\" target=\"_blank\" rel=\"noreferrer noopener\"><strong>2_2022.12.03<\/strong><\/a><a href=\"https:\/\/www.parafia.rudyszwald.pl\/wp-content\/uploads\/2022\/11\/2_2022.12.03_compressed.pdf\" class=\"wp-block-file__button wp-element-button\" download aria-describedby=\"wp-block-file--media-de00ae5a-c472-44fd-be06-fc79f4dd91b7\">Pobierz<\/a><\/br><a id=\"wp-block-file--media-de00ae5a-c472-44fd-be06-fc79f4dd91b7\" href=\"https:\/\/www.parafia.rudyszwald.pl\/wp-content\/uploads\/2022\/11\/3_2022.12.11_compressed.pdf\" target=\"_blank\" rel=\"noreferrer noopener\"><strong>3_2022.12.11<\/strong><\/a><a href=\"https:\/\/www.parafia.rudyszwald.pl\/wp-content\/uploads\/2022\/11\/3_2022.12.11_compressed.pdf\" class=\"wp-block-file__button wp-element-button\" download aria-describedby=\"wp-block-file--media-de00ae5a-c472-44fd-be06-fc79f4dd91b7\">Pobierz<\/a><\/br><a id=\"wp-block-file--media-de00ae5a-c472-44fd-be06-fc79f4dd91b7\" href=\"https:\/\/www.parafia.rudyszwald.pl\/wp-content\/uploads\/2022\/11\/4_2022.12.18_compressed.pdf\" target=\"_blank\" rel=\"noreferrer noopener\"><strong>4_2022.12.18<\/strong><\/a><a href=\"https:\/\/www.parafia.rudyszwald.pl\/wp-content\/uploads\/2022\/11\/4_2022.12.18_compressed.pdf\" class=\"wp-block-file__button wp-element-button\" download aria-describedby=\"wp-block-file--media-de00ae5a-c472-44fd-be06-fc79f4dd91b7\">Pobierz<\/a><\/br><a id=\"wp-block-file--media-de00ae5a-c472-44fd-be06-fc79f4dd91b7\" href=\"https:\/\/www.parafia.rudyszwald.pl\/wp-content\/uploads\/2022\/11\/5_2022.12.25_compressed.pdf\" target=\"_blank\" rel=\"noreferrer noopener\"><strong>5_2022.12.25<\/strong><\/a><a href=\"https:\/\/www.parafia.rudyszwald.pl\/wp-content\/uploads\/2022\/11\/5_2022.12.25_compressed.pdf\" class=\"wp-block-file__button wp-element-button\" download aria-describedby=\"wp-block-file--media-de00ae5a-c472-44fd-be06-fc79f4dd91b7\">Pobierz<\/a><\/div>\n\n\n\n<div style=\"height:5px\" aria-hidden=\"true\" class=\"wp-block-spacer\"><\/div>\n\n\n\n<p><strong>Budowanie Ko\u015bcio\u0142a (stycze\u0144 2023)<\/strong><\/p>\n\n\n\n<div style=\"height:5px\" aria-hidden=\"true\" class=\"wp-block-spacer\"><\/div>\n\n\n\n<div class=\"wp-block-file\"><a id=\"wp-block-file--media-de00ae5a-c472-44fd-be06-fc79f4dd91b7\" href=\"https:\/\/www.parafia.rudyszwald.pl\/wp-content\/uploads\/2022\/11\/6_2023.01.08_compressed.pdf\" target=\"_blank\" rel=\"noreferrer noopener\"><strong>6_2023.01.08<\/strong><\/a><a href=\"https:\/\/www.parafia.rudyszwald.pl\/wp-content\/uploads\/2022\/11\/6_2023.01.08_compressed.pdf\" class=\"wp-block-file__button wp-element-button\" download aria-describedby=\"wp-block-file--media-de00ae5a-c472-44fd-be06-fc79f4dd91b7\">Pobierz<\/a><\/br><a id=\"wp-block-file--media-de00ae5a-c472-44fd-be06-fc79f4dd91b7\" href=\"https:\/\/www.parafia.rudyszwald.pl\/wp-content\/uploads\/2022\/11\/7_2023.01.15_compressed.pdf\" target=\"_blank\" rel=\"noreferrer noopener\"><strong>7_2023.01.15<\/strong><\/a><a href=\"https:\/\/www.parafia.rudyszwald.pl\/wp-content\/uploads\/2022\/11\/7_2023.01.15_compressed.pdf\" class=\"wp-block-file__button wp-element-button\" download aria-describedby=\"wp-block-file--media-de00ae5a-c472-44fd-be06-fc79f4dd91b7\">Pobierz<\/a><\/br><a id=\"wp-block-file--media-de00ae5a-c472-44fd-be06-fc79f4dd91b7\" href=\"https:\/\/www.parafia.rudyszwald.pl\/wp-content\/uploads\/2022\/11\/8_2023.01.22_compressed.pdf\" target=\"_blank\" rel=\"noreferrer noopener\"><strong>8_2023.01.22<\/strong><\/a><a href=\"https:\/\/www.parafia.rudyszwald.pl\/wp-content\/uploads\/2022\/11\/8_2023.01.22_compressed.pdf\" class=\"wp-block-file__button wp-element-button\" download aria-describedby=\"wp-block-file--media-de00ae5a-c472-44fd-be06-fc79f4dd91b7\">Pobierz<\/a><\/br><a id=\"wp-block-file--media-de00ae5a-c472-44fd-be06-fc79f4dd91b7\" href=\"https:\/\/www.parafia.rudyszwald.pl\/wp-content\/uploads\/2022\/11\/9_2023.01.29_compressed.pdf\" target=\"_blank\" rel=\"noreferrer noopener\"><strong>9_2023.01.29<\/strong><\/a><a href=\"https:\/\/www.parafia.rudyszwald.pl\/wp-content\/uploads\/2022\/11\/9_2023.01.29_compressed.pdf\" class=\"wp-block-file__button wp-element-button\" download aria-describedby=\"wp-block-file--media-de00ae5a-c472-44fd-be06-fc79f4dd91b7\">Pobierz<\/a><\/div>\n\n\n\n<div style=\"height:5px\" aria-hidden=\"true\" class=\"wp-block-spacer\"><\/div>\n\n\n\n<p><strong>Potrzeba wiary w Ko\u015bci\u00f3\u0142 (luty 2023)<\/strong><\/p>\n\n\n\n<div style=\"height:5px\" aria-hidden=\"true\" class=\"wp-block-spacer\"><\/div>\n\n\n\n<div class=\"wp-block-file\"><a id=\"wp-block-file--media-de00ae5a-c472-44fd-be06-fc79f4dd91b7\" href=\"https:\/\/www.parafia.rudyszwald.pl\/wp-content\/uploads\/2022\/11\/10_2023.02.05_compressed.pdf\" target=\"_blank\" rel=\"noreferrer noopener\"><strong>10_2023.02.05<\/strong><\/a><a href=\"https:\/\/www.parafia.rudyszwald.pl\/wp-content\/uploads\/2022\/11\/10_2023.02.05_compressed.pdf\" class=\"wp-block-file__button wp-element-button\" download aria-describedby=\"wp-block-file--media-de00ae5a-c472-44fd-be06-fc79f4dd91b7\">Pobierz<\/a><\/br><a id=\"wp-block-file--media-de00ae5a-c472-44fd-be06-fc79f4dd91b7\" href=\"https:\/\/www.parafia.rudyszwald.pl\/wp-content\/uploads\/2022\/11\/11_2023.02.12_compressed.pdf\" target=\"_blank\" rel=\"noreferrer noopener\"><strong>11_2023.02.12<\/strong><\/a><a href=\"https:\/\/www.parafia.rudyszwald.pl\/wp-content\/uploads\/2022\/11\/11_2023.02.12_compressed.pdf\" class=\"wp-block-file__button wp-element-button\" download aria-describedby=\"wp-block-file--media-de00ae5a-c472-44fd-be06-fc79f4dd91b7\">Pobierz<\/a><\/br><a id=\"wp-block-file--media-de00ae5a-c472-44fd-be06-fc79f4dd91b7\" href=\"https:\/\/www.parafia.rudyszwald.pl\/wp-content\/uploads\/2022\/11\/12_2023.02.19_compressed.pdf\" target=\"_blank\" rel=\"noreferrer noopener\"><strong>12_2023.02.19<\/strong><\/a><a href=\"https:\/\/www.parafia.rudyszwald.pl\/wp-content\/uploads\/2022\/11\/12_2023.02.19_compressed.pdf\" class=\"wp-block-file__button wp-element-button\" download aria-describedby=\"wp-block-file--media-de00ae5a-c472-44fd-be06-fc79f4dd91b7\">Pobierz<\/a><\/br><a id=\"wp-block-file--media-de00ae5a-c472-44fd-be06-fc79f4dd91b7\" href=\"https:\/\/www.parafia.rudyszwald.pl\/wp-content\/uploads\/2022\/11\/13_2023.02.26_compressed.pdf\" target=\"_blank\" rel=\"noreferrer noopener\"><strong>13_2023.02.26<\/strong><\/a><a href=\"https:\/\/www.parafia.rudyszwald.pl\/wp-content\/uploads\/2022\/11\/13_2023.02.26_compressed.pdf\" class=\"wp-block-file__button wp-element-button\" download aria-describedby=\"wp-block-file--media-de00ae5a-c472-44fd-be06-fc79f4dd91b7\">Pobierz<\/a><\/div>\n\n\n\n<div style=\"height:5px\" aria-hidden=\"true\" class=\"wp-block-spacer\"><\/div>\n\n\n\n<p><strong>Kontemplowa\u0107 mi\u0142o\u015b\u0107 Pana (marzec 2023)<\/strong><\/p>\n\n\n\n<div style=\"height:5px\" aria-hidden=\"true\" class=\"wp-block-spacer\"><\/div>\n\n\n\n<div class=\"wp-block-file\"><a id=\"wp-block-file--media-de00ae5a-c472-44fd-be06-fc79f4dd91b7\" href=\"https:\/\/www.parafia.rudyszwald.pl\/wp-content\/uploads\/2022\/11\/14_2023.03.05_compressed.pdf\" target=\"_blank\" rel=\"noreferrer noopener\"><strong>14_2023.03.05<\/strong><\/a><a href=\"https:\/\/www.parafia.rudyszwald.pl\/wp-content\/uploads\/2022\/11\/14_2023.03.05_compressed.pdf\" class=\"wp-block-file__button wp-element-button\" download aria-describedby=\"wp-block-file--media-de00ae5a-c472-44fd-be06-fc79f4dd91b7\">Pobierz<\/a><\/br><a id=\"wp-block-file--media-de00ae5a-c472-44fd-be06-fc79f4dd91b7\" href=\"https:\/\/www.parafia.rudyszwald.pl\/wp-content\/uploads\/2022\/11\/15_2023.03.12_compressed.pdf\" target=\"_blank\" rel=\"noreferrer noopener\"><strong>15_2023.03.12<\/strong><\/a><a href=\"https:\/\/www.parafia.rudyszwald.pl\/wp-content\/uploads\/2022\/11\/15_2023.03.12_compressed.pdf\" class=\"wp-block-file__button wp-element-button\" download aria-describedby=\"wp-block-file--media-de00ae5a-c472-44fd-be06-fc79f4dd91b7\">Pobierz<\/a><\/br><a id=\"wp-block-file--media-de00ae5a-c472-44fd-be06-fc79f4dd91b7\" href=\"https:\/\/www.parafia.rudyszwald.pl\/wp-content\/uploads\/2022\/11\/16_2023.03.19_compressed.pdf\" target=\"_blank\" rel=\"noreferrer noopener\"><strong>16_2023.03.19<\/strong><\/a><a href=\"https:\/\/www.parafia.rudyszwald.pl\/wp-content\/uploads\/2022\/11\/16_2023.03.19_compressed.pdf\" class=\"wp-block-file__button wp-element-button\" download aria-describedby=\"wp-block-file--media-de00ae5a-c472-44fd-be06-fc79f4dd91b7\">Pobierz<\/a><\/br><a id=\"wp-block-file--media-de00ae5a-c472-44fd-be06-fc79f4dd91b7\" href=\"https:\/\/www.parafia.rudyszwald.pl\/wp-content\/uploads\/2022\/11\/17_2023.03.26_compressed.pdf\" target=\"_blank\" rel=\"noreferrer noopener\"><strong>17_2023.03.26<\/strong><\/a><a href=\"https:\/\/www.parafia.rudyszwald.pl\/wp-content\/uploads\/2022\/11\/17_2023.03.26_compressed.pdf\" class=\"wp-block-file__button wp-element-button\" download aria-describedby=\"wp-block-file--media-de00ae5a-c472-44fd-be06-fc79f4dd91b7\">Pobierz<\/a><\/div>\n\n\n\n<div style=\"height:5px\" aria-hidden=\"true\" class=\"wp-block-spacer\"><\/div>\n\n\n\n<p><strong>Rodzina Paschalna (kwiecie\u0144 2023)<\/strong><\/p>\n\n\n\n<div style=\"height:5px\" aria-hidden=\"true\" class=\"wp-block-spacer\"><\/div>\n\n\n\n<div class=\"wp-block-file\"><a id=\"wp-block-file--media-de00ae5a-c472-44fd-be06-fc79f4dd91b7\" href=\"https:\/\/www.parafia.rudyszwald.pl\/wp-content\/uploads\/2022\/11\/18_2023.04.09_compressed.pdf\" target=\"_blank\" rel=\"noreferrer noopener\"><strong>18_2023.04.09<\/strong><\/a><a href=\"https:\/\/www.parafia.rudyszwald.pl\/wp-content\/uploads\/2022\/11\/18_2023.04.09_compressed.pdf\" class=\"wp-block-file__button wp-element-button\" download aria-describedby=\"wp-block-file--media-de00ae5a-c472-44fd-be06-fc79f4dd91b7\">Pobierz<\/a><\/br><a id=\"wp-block-file--media-de00ae5a-c472-44fd-be06-fc79f4dd91b7\" href=\"https:\/\/www.parafia.rudyszwald.pl\/wp-content\/uploads\/2022\/11\/19_2023.04.16_compressed.pdf\" target=\"_blank\" rel=\"noreferrer noopener\"><strong>19_2023.04.16<\/strong><\/a><a href=\"https:\/\/www.parafia.rudyszwald.pl\/wp-content\/uploads\/2022\/11\/19_2023.04.16_compressed.pdf\" class=\"wp-block-file__button wp-element-button\" download aria-describedby=\"wp-block-file--media-de00ae5a-c472-44fd-be06-fc79f4dd91b7\">Pobierz<\/a><\/br><a id=\"wp-block-file--media-de00ae5a-c472-44fd-be06-fc79f4dd91b7\" href=\"https:\/\/www.parafia.rudyszwald.pl\/wp-content\/uploads\/2022\/11\/20_2023.04.23_compressed.pdf\" target=\"_blank\" rel=\"noreferrer noopener\"><strong>20_2023.04.23<\/strong><\/a><a href=\"https:\/\/www.parafia.rudyszwald.pl\/wp-content\/uploads\/2022\/11\/20_2023.04.23_compressed.pdf\" class=\"wp-block-file__button wp-element-button\" download aria-describedby=\"wp-block-file--media-de00ae5a-c472-44fd-be06-fc79f4dd91b7\">Pobierz<\/a><\/br><a id=\"wp-block-file--media-de00ae5a-c472-44fd-be06-fc79f4dd91b7\" href=\"https:\/\/www.parafia.rudyszwald.pl\/wp-content\/uploads\/2022\/11\/21_2023.04.30_compressed.pdf\" target=\"_blank\" rel=\"noreferrer noopener\"><strong>21_2023.04.30<\/strong><\/a><a href=\"https:\/\/www.parafia.rudyszwald.pl\/wp-content\/uploads\/2022\/11\/21_2023.04.30_compressed.pdf\" class=\"wp-block-file__button wp-element-button\" download aria-describedby=\"wp-block-file--media-de00ae5a-c472-44fd-be06-fc79f4dd91b7\">Pobierz<\/a><\/div>\n\n\n\n<div style=\"height:5px\" aria-hidden=\"true\" class=\"wp-block-spacer\"><\/div>\n\n\n\n<p><strong>Rodzina \u017cyje w mocy Bo\u017cego Ducha (maj 2023)<\/strong><\/p>\n\n\n\n<div style=\"height:5px\" aria-hidden=\"true\" class=\"wp-block-spacer\"><\/div>\n\n\n\n<div class=\"wp-block-file\"><a id=\"wp-block-file--media-de00ae5a-c472-44fd-be06-fc79f4dd91b7\" href=\"https:\/\/www.parafia.rudyszwald.pl\/wp-content\/uploads\/2022\/11\/22_2023.05.07_compressed.pdf\" target=\"_blank\" rel=\"noreferrer noopener\"><strong>22_2023.05.07<\/strong><\/a><a href=\"https:\/\/www.parafia.rudyszwald.pl\/wp-content\/uploads\/2022\/11\/22_2023.05.07_compressed.pdf\" class=\"wp-block-file__button wp-element-button\" download aria-describedby=\"wp-block-file--media-de00ae5a-c472-44fd-be06-fc79f4dd91b7\">Pobierz<\/a><\/br><a id=\"wp-block-file--media-de00ae5a-c472-44fd-be06-fc79f4dd91b7\" href=\"https:\/\/www.parafia.rudyszwald.pl\/wp-content\/uploads\/2022\/11\/23_2023.05.14_compressed.pdf\" target=\"_blank\" rel=\"noreferrer noopener\"><strong>23_2023.05.14<\/strong><\/a><a href=\"https:\/\/www.parafia.rudyszwald.pl\/wp-content\/uploads\/2022\/11\/23_2023.05.14_compressed.pdf\" class=\"wp-block-file__button wp-element-button\" download aria-describedby=\"wp-block-file--media-de00ae5a-c472-44fd-be06-fc79f4dd91b7\">Pobierz<\/a><\/br><a id=\"wp-block-file--media-de00ae5a-c472-44fd-be06-fc79f4dd91b7\" href=\"https:\/\/www.parafia.rudyszwald.pl\/wp-content\/uploads\/2022\/11\/24_2023.05.21_compressed.pdf\" target=\"_blank\" rel=\"noreferrer noopener\"><strong>24_2023.05.21<\/strong><\/a><a href=\"https:\/\/www.parafia.rudyszwald.pl\/wp-content\/uploads\/2022\/11\/24_2023.05.21_compressed.pdf\" class=\"wp-block-file__button wp-element-button\" download aria-describedby=\"wp-block-file--media-de00ae5a-c472-44fd-be06-fc79f4dd91b7\">Pobierz<\/a><\/br><a id=\"wp-block-file--media-de00ae5a-c472-44fd-be06-fc79f4dd91b7\" href=\"https:\/\/www.parafia.rudyszwald.pl\/wp-content\/uploads\/2022\/11\/25_2023.05.28_compressed.pdf\" target=\"_blank\" rel=\"noreferrer noopener\"><strong>25_2023.05.28<\/strong><\/a><a href=\"https:\/\/www.parafia.rudyszwald.pl\/wp-content\/uploads\/2022\/11\/25_2023.05.28_compressed.pdf\" class=\"wp-block-file__button wp-element-button\" download aria-describedby=\"wp-block-file--media-de00ae5a-c472-44fd-be06-fc79f4dd91b7\">Pobierz<\/a><\/div>\n\n\n\n<div style=\"height:5px\" aria-hidden=\"true\" class=\"wp-block-spacer\"><\/div>\n\n\n\n<p><strong>Prze\u017cywa\u0107 przymierze z Panem (czerwiec 2023)<\/strong><\/p>\n\n\n\n<div style=\"height:5px\" aria-hidden=\"true\" class=\"wp-block-spacer\"><\/div>\n\n\n\n<div class=\"wp-block-file\"><a id=\"wp-block-file--media-de00ae5a-c472-44fd-be06-fc79f4dd91b7\" href=\"https:\/\/www.parafia.rudyszwald.pl\/wp-content\/uploads\/2022\/11\/26_2023.06.04_compressed.pdf\" target=\"_blank\" rel=\"noreferrer noopener\"><strong>26_2023.06.04<\/strong><\/a><a href=\"https:\/\/www.parafia.rudyszwald.pl\/wp-content\/uploads\/2022\/11\/26_2023.06.04_compressed.pdf\" class=\"wp-block-file__button wp-element-button\" download aria-describedby=\"wp-block-file--media-de00ae5a-c472-44fd-be06-fc79f4dd91b7\">Pobierz<\/a><\/br><a id=\"wp-block-file--media-de00ae5a-c472-44fd-be06-fc79f4dd91b7\" href=\"https:\/\/www.parafia.rudyszwald.pl\/wp-content\/uploads\/2022\/11\/27_2023.06.11_compressed.pdf\" target=\"_blank\" rel=\"noreferrer noopener\"><strong>27_2023.06.11<\/strong><\/a><a href=\"https:\/\/www.parafia.rudyszwald.pl\/wp-content\/uploads\/2022\/11\/27_2023.06.11_compressed.pdf\" class=\"wp-block-file__button wp-element-button\" download aria-describedby=\"wp-block-file--media-de00ae5a-c472-44fd-be06-fc79f4dd91b7\">Pobierz<\/a><\/br><a id=\"wp-block-file--media-de00ae5a-c472-44fd-be06-fc79f4dd91b7\" href=\"https:\/\/www.parafia.rudyszwald.pl\/wp-content\/uploads\/2022\/11\/28_2023.06.18_compressed.pdf\" target=\"_blank\" rel=\"noreferrer noopener\"><strong>28_2023.06.18<\/strong><\/a><a href=\"https:\/\/www.parafia.rudyszwald.pl\/wp-content\/uploads\/2022\/11\/28_2023.06.18_compressed.pdf\" class=\"wp-block-file__button wp-element-button\" download aria-describedby=\"wp-block-file--media-de00ae5a-c472-44fd-be06-fc79f4dd91b7\">Pobierz<\/a><\/br><a id=\"wp-block-file--media-de00ae5a-c472-44fd-be06-fc79f4dd91b7\" href=\"https:\/\/www.parafia.rudyszwald.pl\/wp-content\/uploads\/2022\/11\/29_2023.06.25_compressed.pdf\" target=\"_blank\" rel=\"noreferrer noopener\"><strong>29_2023.06.25<\/strong><\/a><a href=\"https:\/\/www.parafia.rudyszwald.pl\/wp-content\/uploads\/2022\/11\/29_2023.06.25_compressed.pdf\" class=\"wp-block-file__button wp-element-button\" download aria-describedby=\"wp-block-file--media-de00ae5a-c472-44fd-be06-fc79f4dd91b7\">Pobierz<\/a><\/div>\n\n\n\n<div style=\"height:5px\" aria-hidden=\"true\" class=\"wp-block-spacer\"><\/div>\n\n\n\n<p><strong>Pami\u0119taj, aby\u015b dzie\u0144 \u015bwi\u0119ty \u015bwi\u0119ci\u0142 (lipiec 2023)<\/strong><\/p>\n\n\n\n<div style=\"height:5px\" aria-hidden=\"true\" class=\"wp-block-spacer\"><\/div>\n\n\n\n<div class=\"wp-block-file\"><a id=\"wp-block-file--media-de00ae5a-c472-44fd-be06-fc79f4dd91b7\" href=\"https:\/\/www.parafia.rudyszwald.pl\/wp-content\/uploads\/2022\/11\/30_2023.07.02_compressed.pdf\" target=\"_blank\" rel=\"noreferrer noopener\"><strong>30_2023.07.02<\/strong><\/a><a href=\"https:\/\/www.parafia.rudyszwald.pl\/wp-content\/uploads\/2022\/11\/30_2023.07.02_compressed.pdf\" class=\"wp-block-file__button wp-element-button\" download aria-describedby=\"wp-block-file--media-de00ae5a-c472-44fd-be06-fc79f4dd91b7\">Pobierz<\/a><\/br><a id=\"wp-block-file--media-de00ae5a-c472-44fd-be06-fc79f4dd91b7\" href=\"https:\/\/www.parafia.rudyszwald.pl\/wp-content\/uploads\/2022\/11\/31_2023.07.09_compressed.pdf\" target=\"_blank\" rel=\"noreferrer noopener\"><strong>31_2023.07.09<\/strong><\/a><a href=\"https:\/\/www.parafia.rudyszwald.pl\/wp-content\/uploads\/2022\/11\/31_2023.07.09_compressed.pdf\" class=\"wp-block-file__button wp-element-button\" download aria-describedby=\"wp-block-file--media-de00ae5a-c472-44fd-be06-fc79f4dd91b7\">Pobierz<\/a><\/br><a id=\"wp-block-file--media-de00ae5a-c472-44fd-be06-fc79f4dd91b7\" href=\"https:\/\/www.parafia.rudyszwald.pl\/wp-content\/uploads\/2022\/11\/32_2023.07.16_compressed.pdf\" target=\"_blank\" rel=\"noreferrer noopener\"><strong>32_2023.07.16<\/strong><\/a><a href=\"https:\/\/www.parafia.rudyszwald.pl\/wp-content\/uploads\/2022\/11\/32_2023.07.16_compressed.pdf\" class=\"wp-block-file__button wp-element-button\" download aria-describedby=\"wp-block-file--media-de00ae5a-c472-44fd-be06-fc79f4dd91b7\">Pobierz<\/a><\/br><a id=\"wp-block-file--media-de00ae5a-c472-44fd-be06-fc79f4dd91b7\" href=\"https:\/\/www.parafia.rudyszwald.pl\/wp-content\/uploads\/2022\/11\/33_2023.07.23_30_compressed.pdf\" target=\"_blank\" rel=\"noreferrer noopener\"><strong>33_2023.07.23_30<\/strong><\/a><a href=\"https:\/\/www.parafia.rudyszwald.pl\/wp-content\/uploads\/2022\/11\/33_2023.07.23_30_compressed.pdf\" class=\"wp-block-file__button wp-element-button\" download aria-describedby=\"wp-block-file--media-de00ae5a-c472-44fd-be06-fc79f4dd91b7\">Pobierz<\/a><\/div>\n\n\n\n<div style=\"height:5px\" aria-hidden=\"true\" class=\"wp-block-spacer\"><\/div>\n\n\n\n<p><strong>Zbudowani na fundamencie Aposto\u0142\u00f3w (sierpie\u0144 2023)<\/strong><\/p>\n\n\n\n<div style=\"height:5px\" aria-hidden=\"true\" class=\"wp-block-spacer\"><\/div>\n\n\n\n<div class=\"wp-block-file\"><a id=\"wp-block-file--media-de00ae5a-c472-44fd-be06-fc79f4dd91b7\" href=\"https:\/\/www.parafia.rudyszwald.pl\/wp-content\/uploads\/2022\/11\/34_2023.08.06_compressed.pdf\" target=\"_blank\" rel=\"noreferrer noopener\"><strong>34_2023.08.06<\/strong><\/a><a href=\"https:\/\/www.parafia.rudyszwald.pl\/wp-content\/uploads\/2022\/11\/34_2023.08.06_compressed.pdf\" class=\"wp-block-file__button wp-element-button\" download aria-describedby=\"wp-block-file--media-de00ae5a-c472-44fd-be06-fc79f4dd91b7\">Pobierz<\/a><\/br><a id=\"wp-block-file--media-de00ae5a-c472-44fd-be06-fc79f4dd91b7\" href=\"https:\/\/www.parafia.rudyszwald.pl\/wp-content\/uploads\/2022\/11\/35_2023.08.13_compressed.pdf\" target=\"_blank\" rel=\"noreferrer noopener\"><strong>35_2023.08.13<\/strong><\/a><a href=\"https:\/\/www.parafia.rudyszwald.pl\/wp-content\/uploads\/2022\/11\/35_2023.08.13_compressed.pdf\" class=\"wp-block-file__button wp-element-button\" download aria-describedby=\"wp-block-file--media-de00ae5a-c472-44fd-be06-fc79f4dd91b7\">Pobierz<\/a><\/br><a id=\"wp-block-file--media-de00ae5a-c472-44fd-be06-fc79f4dd91b7\" href=\"https:\/\/www.parafia.rudyszwald.pl\/wp-content\/uploads\/2022\/11\/36_2023.08.20_compressed.pdf\" target=\"_blank\" rel=\"noreferrer noopener\"><strong>36_2023.08.20<\/strong><\/a><a href=\"https:\/\/www.parafia.rudyszwald.pl\/wp-content\/uploads\/2022\/11\/36_2023.08.20_compressed.pdf\" class=\"wp-block-file__button wp-element-button\" download aria-describedby=\"wp-block-file--media-de00ae5a-c472-44fd-be06-fc79f4dd91b7\">Pobierz<\/a><\/br><a id=\"wp-block-file--media-de00ae5a-c472-44fd-be06-fc79f4dd91b7\" href=\"https:\/\/www.parafia.rudyszwald.pl\/wp-content\/uploads\/2022\/11\/37_2023.08.27_compressed.pdf\" target=\"_blank\" rel=\"noreferrer noopener\"><strong>37_2023.08.27<\/strong><\/a><a href=\"https:\/\/www.parafia.rudyszwald.pl\/wp-content\/uploads\/2022\/11\/37_2023.08.27_compressed.pdf\" class=\"wp-block-file__button wp-element-button\" download aria-describedby=\"wp-block-file--media-de00ae5a-c472-44fd-be06-fc79f4dd91b7\">Pobierz<\/a><\/div>\n\n\n\n<div style=\"height:5px\" aria-hidden=\"true\" class=\"wp-block-spacer\"><\/div>\n\n\n\n<p><strong>Apostolat i realizacja misji Ko\u015bcio\u0142a (wrzesie\u0144 2023)<\/strong><\/p>\n\n\n\n<div style=\"height:5px\" aria-hidden=\"true\" class=\"wp-block-spacer\"><\/div>\n\n\n\n<div class=\"wp-block-file\"><a id=\"wp-block-file--media-de00ae5a-c472-44fd-be06-fc79f4dd91b7\" href=\"https:\/\/www.parafia.rudyszwald.pl\/wp-content\/uploads\/2022\/11\/38_2023.09.03_compressed.pdf\" target=\"_blank\" rel=\"noreferrer noopener\"><strong>38_2023.09.03<\/strong><\/a><a href=\"https:\/\/www.parafia.rudyszwald.pl\/wp-content\/uploads\/2022\/11\/38_2023.09.03_compressed.pdf\" class=\"wp-block-file__button wp-element-button\" download aria-describedby=\"wp-block-file--media-de00ae5a-c472-44fd-be06-fc79f4dd91b7\">Pobierz<\/a><\/br><a id=\"wp-block-file--media-de00ae5a-c472-44fd-be06-fc79f4dd91b7\" href=\"https:\/\/www.parafia.rudyszwald.pl\/wp-content\/uploads\/2022\/11\/39_2023.09.10_compressed.pdf\" target=\"_blank\" rel=\"noreferrer noopener\"><strong>39_2023.09.10<\/strong><\/a><a href=\"https:\/\/www.parafia.rudyszwald.pl\/wp-content\/uploads\/2022\/11\/39_2023.09.10_compressed.pdf\" class=\"wp-block-file__button wp-element-button\" download aria-describedby=\"wp-block-file--media-de00ae5a-c472-44fd-be06-fc79f4dd91b7\">Pobierz<\/a><\/br><a id=\"wp-block-file--media-de00ae5a-c472-44fd-be06-fc79f4dd91b7\" href=\"https:\/\/www.parafia.rudyszwald.pl\/wp-content\/uploads\/2022\/11\/40_2023.09.17_compressed.pdf\" target=\"_blank\" rel=\"noreferrer noopener\"><strong>40_2023.09.17<\/strong><\/a><a href=\"https:\/\/www.parafia.rudyszwald.pl\/wp-content\/uploads\/2022\/11\/40_2023.09.17_compressed.pdf\" class=\"wp-block-file__button wp-element-button\" download aria-describedby=\"wp-block-file--media-de00ae5a-c472-44fd-be06-fc79f4dd91b7\">Pobierz<\/a><\/br><a id=\"wp-block-file--media-de00ae5a-c472-44fd-be06-fc79f4dd91b7\" href=\"https:\/\/www.parafia.rudyszwald.pl\/wp-content\/uploads\/2022\/11\/41_2023.09.24_compressed.pdf\" target=\"_blank\" rel=\"noreferrer noopener\"><strong>41_2023.09.24<\/strong><\/a><a href=\"https:\/\/www.parafia.rudyszwald.pl\/wp-content\/uploads\/2022\/11\/41_2023.09.24_compressed.pdf\" class=\"wp-block-file__button wp-element-button\" download aria-describedby=\"wp-block-file--media-de00ae5a-c472-44fd-be06-fc79f4dd91b7\">Pobierz<\/a><\/div>\n\n\n\n<div style=\"height:5px\" aria-hidden=\"true\" class=\"wp-block-spacer\"><\/div>\n\n\n\n<p><strong>Rodzina otwarta na bogactwo \u017cycia Ko\u015bcio\u0142a (pa\u017adziernik 2023)<\/strong><\/p>\n\n\n\n<div style=\"height:5px\" aria-hidden=\"true\" class=\"wp-block-spacer\"><\/div>\n\n\n\n<div class=\"wp-block-file\"><a id=\"wp-block-file--media-de00ae5a-c472-44fd-be06-fc79f4dd91b7\" href=\"https:\/\/www.parafia.rudyszwald.pl\/wp-content\/uploads\/2022\/11\/42_2023.10.01_compressed.pdf\" target=\"_blank\" rel=\"noreferrer noopener\"><strong>42_2023.10.01<\/strong><\/a><a href=\"https:\/\/www.parafia.rudyszwald.pl\/wp-content\/uploads\/2022\/11\/42_2023.10.01_compressed.pdf\" class=\"wp-block-file__button wp-element-button\" download aria-describedby=\"wp-block-file--media-de00ae5a-c472-44fd-be06-fc79f4dd91b7\">Pobierz<\/a><\/br><a id=\"wp-block-file--media-de00ae5a-c472-44fd-be06-fc79f4dd91b7\" href=\"https:\/\/www.parafia.rudyszwald.pl\/wp-content\/uploads\/2022\/11\/43_2023.10.08_compressed.pdf\" target=\"_blank\" rel=\"noreferrer noopener\"><strong>43_2023.10.08<\/strong><\/a><a href=\"https:\/\/www.parafia.rudyszwald.pl\/wp-content\/uploads\/2022\/11\/43_2023.10.08_compressed.pdf\" class=\"wp-block-file__button wp-element-button\" download aria-describedby=\"wp-block-file--media-de00ae5a-c472-44fd-be06-fc79f4dd91b7\">Pobierz<\/a><\/br><a id=\"wp-block-file--media-de00ae5a-c472-44fd-be06-fc79f4dd91b7\" href=\"https:\/\/www.parafia.rudyszwald.pl\/wp-content\/uploads\/2022\/11\/44_2023.10.15_compressed.pdf\" target=\"_blank\" rel=\"noreferrer noopener\"><strong>44_2023.10.15<\/strong><\/a><a href=\"https:\/\/www.parafia.rudyszwald.pl\/wp-content\/uploads\/2022\/11\/44_2023.10.15_compressed.pdf\" class=\"wp-block-file__button wp-element-button\" download aria-describedby=\"wp-block-file--media-de00ae5a-c472-44fd-be06-fc79f4dd91b7\">Pobierz<\/a><\/br><a id=\"wp-block-file--media-de00ae5a-c472-44fd-be06-fc79f4dd91b7\" href=\"https:\/\/www.parafia.rudyszwald.pl\/wp-content\/uploads\/2022\/11\/45_2023.10.22_29_compressed.pdf\" target=\"_blank\" rel=\"noreferrer noopener\"><strong>45_2023.10.22_29<\/strong><\/a><a href=\"https:\/\/www.parafia.rudyszwald.pl\/wp-content\/uploads\/2022\/11\/45_2023.10.22_29_compressed.pdf\" class=\"wp-block-file__button wp-element-button\" download aria-describedby=\"wp-block-file--media-de00ae5a-c472-44fd-be06-fc79f4dd91b7\">Pobierz<\/a><\/div>\n\n\n\n<div style=\"height:5px\" aria-hidden=\"true\" class=\"wp-block-spacer\"><\/div>\n\n\n\n<p><strong>Idziemy do Domu Ojca (listopad 2023)<\/strong><\/p>\n\n\n\n<div style=\"height:5px\" aria-hidden=\"true\" class=\"wp-block-spacer\"><\/div>\n\n\n\n<div class=\"wp-block-file\"><a id=\"wp-block-file--media-de00ae5a-c472-44fd-be06-fc79f4dd91b7\" href=\"https:\/\/www.parafia.rudyszwald.pl\/wp-content\/uploads\/2022\/11\/46_2023.11.05_compressed.pdf\" target=\"_blank\" rel=\"noreferrer noopener\"><strong>46_2023.11.05<\/strong><\/a><a href=\"https:\/\/www.parafia.rudyszwald.pl\/wp-content\/uploads\/2022\/11\/46_2023.11.05_compressed.pdf\" class=\"wp-block-file__button wp-element-button\" download aria-describedby=\"wp-block-file--media-de00ae5a-c472-44fd-be06-fc79f4dd91b7\">Pobierz<\/a><\/br><a id=\"wp-block-file--media-de00ae5a-c472-44fd-be06-fc79f4dd91b7\" href=\"https:\/\/www.parafia.rudyszwald.pl\/wp-content\/uploads\/2022\/11\/47_2023.11.12_compressed.pdf\" target=\"_blank\" rel=\"noreferrer noopener\"><strong>47_2023.11.12<\/strong><\/a><a href=\"https:\/\/www.parafia.rudyszwald.pl\/wp-content\/uploads\/2022\/11\/47_2023.11.12_compressed.pdf\" class=\"wp-block-file__button wp-element-button\" download aria-describedby=\"wp-block-file--media-de00ae5a-c472-44fd-be06-fc79f4dd91b7\">Pobierz<\/a><\/br><a id=\"wp-block-file--media-de00ae5a-c472-44fd-be06-fc79f4dd91b7\" href=\"https:\/\/www.parafia.rudyszwald.pl\/wp-content\/uploads\/2022\/11\/48_2023.11.19_compressed.pdf\" target=\"_blank\" rel=\"noreferrer noopener\"><strong>48_2023.11.19<\/strong><\/a><a href=\"https:\/\/www.parafia.rudyszwald.pl\/wp-content\/uploads\/2022\/11\/48_2023.11.19_compressed.pdf\" class=\"wp-block-file__button wp-element-button\" download aria-describedby=\"wp-block-file--media-de00ae5a-c472-44fd-be06-fc79f4dd91b7\">Pobierz<\/a><\/br><a id=\"wp-block-file--media-de00ae5a-c472-44fd-be06-fc79f4dd91b7\" href=\"https:\/\/www.parafia.rudyszwald.pl\/wp-content\/uploads\/2022\/11\/49_2023.11.26_compressed.pdf\" target=\"_blank\" rel=\"noreferrer noopener\"><strong>49_2023.11.26<\/strong><\/a><a href=\"https:\/\/www.parafia.rudyszwald.pl\/wp-content\/uploads\/2022\/11\/49_2023.11.26_compressed.pdf\" class=\"wp-block-file__button wp-element-button\" download aria-describedby=\"wp-block-file--media-de00ae5a-c472-44fd-be06-fc79f4dd91b7\">Pobierz<\/a><\/div>\n\n\n\n<div style=\"height:40px\" aria-hidden=\"true\" class=\"wp-block-spacer\"><\/div>\n\n\n\n<div class=\"is-layout-flex wp-block-buttons\">\n<div class=\"wp-block-button aligncenter is-style-outline\"><a class=\"wp-block-button__link wp-element-button\" href=\"https:\/\/www.parafia.rudyszwald.pl\/\">strona g\u0142\u00f3wna<\/a><\/div>\n<\/div>\n","protected":false},"excerpt":{"rendered":"<p>27 listopada 2022 r. rozpoczyna si\u0119 nowy rok duszpasterski pod has\u0142em \u201eWierz\u0119 w Ko\u015bci\u00f3\u0142 Chrystusowy\u201d. Z tej okazji zosta\u0142y przygotowane materia\u0142y duszpasterskie dla rodzin. Jest to zbi\u00f3r rozwa\u017ca\u0144 przybli\u017caj\u0105cych tematyk\u0119 Ko\u015bcio\u0142a oraz skupiaj\u0105cych si\u0119 na rodzinie.Rozwa\u017cania zosta\u0142y przygotowane na poszczeg\u00f3lne niedziele w ci\u0105gu ca\u0142ego roku. Ka\u017cdy miesi\u0105c posiada swoje has\u0142o<\/p>\n<div class=\"belowpost\"><a class=\"btnmore icon-arrow\" href=\"https:\/\/www.parafia.rudyszwald.pl\/index.php\/materialy-dla-rodzin-wierze-w-kosciol-chrystusowy\/\"><span>Read More<\/span><\/a><\/div>\n","protected":false},"author":1,"featured_media":0,"parent":0,"menu_order":0,"comment_status":"closed","ping_status":"closed","template":"","meta":{"_exactmetrics_skip_tracking":false,"_exactmetrics_sitenote_active":false,"_exactmetrics_sitenote_note":"","_exactmetrics_sitenote_category":0,"ngg_post_thumbnail":0},"yoast_head":"<!-- This site is optimized with the Yoast SEO plugin v19.11 - https:\/\/yoast.com\/wordpress\/plugins\/seo\/ -->\n<title>Materia\u0142y dla rodzin - Wierz\u0119 w Ko\u015bci\u00f3\u0142 Chrystusowy - Parafia Tr\u00f3jcy \u015awi\u0119tej w Rudyszwa\u0142dzie<\/title>\n<meta name=\"robots\" content=\"index, follow, max-snippet:-1, max-image-preview:large, max-video-preview:-1\" \/>\n<link rel=\"canonical\" href=\"https:\/\/www.parafia.rudyszwald.pl\/index.php\/materialy-dla-rodzin-wierze-w-kosciol-chrystusowy\/\" \/>\n<meta property=\"og:locale\" content=\"pl_PL\" \/>\n<meta property=\"og:type\" content=\"article\" \/>\n<meta property=\"og:title\" content=\"Materia\u0142y dla rodzin - Wierz\u0119 w Ko\u015bci\u00f3\u0142 Chrystusowy - Parafia Tr\u00f3jcy \u015awi\u0119tej w Rudyszwa\u0142dzie\" \/>\n<meta property=\"og:description\" content=\"27 listopada 2022 r. rozpoczyna si\u0119 nowy rok duszpasterski pod has\u0142em \u201eWierz\u0119 w Ko\u015bci\u00f3\u0142 Chrystusowy\u201d. Z tej okazji zosta\u0142y przygotowane materia\u0142y duszpasterskie dla rodzin. Jest to zbi\u00f3r rozwa\u017ca\u0144 przybli\u017caj\u0105cych tematyk\u0119 Ko\u015bcio\u0142a oraz skupiaj\u0105cych si\u0119 na rodzinie.Rozwa\u017cania zosta\u0142y przygotowane na poszczeg\u00f3lne niedziele w ci\u0105gu ca\u0142ego roku. Ka\u017cdy miesi\u0105c posiada swoje has\u0142oRead More\" \/>\n<meta property=\"og:url\" content=\"https:\/\/www.parafia.rudyszwald.pl\/index.php\/materialy-dla-rodzin-wierze-w-kosciol-chrystusowy\/\" \/>\n<meta property=\"og:site_name\" content=\"Parafia Tr\u00f3jcy \u015awi\u0119tej w Rudyszwa\u0142dzie\" \/>\n<meta property=\"article:modified_time\" content=\"2022-11-26T09:30:28+00:00\" \/>\n<meta name=\"twitter:card\" content=\"summary_large_image\" \/>\n<meta name=\"twitter:label1\" content=\"Szacowany czas czytania\" \/>\n\t<meta name=\"twitter:data1\" content=\"2 minuty\" \/>\n<script type=\"application\/ld+json\" class=\"yoast-schema-graph\">{\"@context\":\"https:\/\/schema.org\",\"@graph\":[{\"@type\":\"WebPage\",\"@id\":\"https:\/\/www.parafia.rudyszwald.pl\/index.php\/materialy-dla-rodzin-wierze-w-kosciol-chrystusowy\/\",\"url\":\"https:\/\/www.parafia.rudyszwald.pl\/index.php\/materialy-dla-rodzin-wierze-w-kosciol-chrystusowy\/\",\"name\":\"Materia\u0142y dla rodzin - Wierz\u0119 w Ko\u015bci\u00f3\u0142 Chrystusowy - Parafia Tr\u00f3jcy \u015awi\u0119tej w Rudyszwa\u0142dzie\",\"isPartOf\":{\"@id\":\"https:\/\/www.parafia.rudyszwald.pl\/#website\"},\"datePublished\":\"2022-11-24T23:16:13+00:00\",\"dateModified\":\"2022-11-26T09:30:28+00:00\",\"breadcrumb\":{\"@id\":\"https:\/\/www.parafia.rudyszwald.pl\/index.php\/materialy-dla-rodzin-wierze-w-kosciol-chrystusowy\/#breadcrumb\"},\"inLanguage\":\"pl-PL\",\"potentialAction\":[{\"@type\":\"ReadAction\",\"target\":[\"https:\/\/www.parafia.rudyszwald.pl\/index.php\/materialy-dla-rodzin-wierze-w-kosciol-chrystusowy\/\"]}]},{\"@type\":\"BreadcrumbList\",\"@id\":\"https:\/\/www.parafia.rudyszwald.pl\/index.php\/materialy-dla-rodzin-wierze-w-kosciol-chrystusowy\/#breadcrumb\",\"itemListElement\":[{\"@type\":\"ListItem\",\"position\":1,\"name\":\"Strona g\u0142\u00f3wna\",\"item\":\"https:\/\/www.parafia.rudyszwald.pl\/\"},{\"@type\":\"ListItem\",\"position\":2,\"name\":\"Materia\u0142y dla rodzin &#8211; Wierz\u0119 w Ko\u015bci\u00f3\u0142 Chrystusowy\"}]},{\"@type\":\"WebSite\",\"@id\":\"https:\/\/www.parafia.rudyszwald.pl\/#website\",\"url\":\"https:\/\/www.parafia.rudyszwald.pl\/\",\"name\":\"Parafia Tr\u00f3jcy \u015awi\u0119tej w Rudyszwa\u0142dzie\",\"description\":\"Parafia Rudyszwa\u0142d\",\"publisher\":{\"@id\":\"https:\/\/www.parafia.rudyszwald.pl\/#organization\"},\"potentialAction\":[{\"@type\":\"SearchAction\",\"target\":{\"@type\":\"EntryPoint\",\"urlTemplate\":\"https:\/\/www.parafia.rudyszwald.pl\/?s={search_term_string}\"},\"query-input\":\"required name=search_term_string\"}],\"inLanguage\":\"pl-PL\"},{\"@type\":\"Organization\",\"@id\":\"https:\/\/www.parafia.rudyszwald.pl\/#organization\",\"name\":\"Parafia Tr\u00f3jcy \u015awi\u0119tej w Rudyszwa\u0142dzie\",\"url\":\"https:\/\/www.parafia.rudyszwald.pl\/\",\"logo\":{\"@type\":\"ImageObject\",\"inLanguage\":\"pl-PL\",\"@id\":\"https:\/\/www.parafia.rudyszwald.pl\/#\/schema\/logo\/image\/\",\"url\":\"https:\/\/www.parafia.rudyszwald.pl\/wp-content\/uploads\/2019\/07\/IMG_1_DxO-copy-\u2014-kopia2-\u2014-kopia-2.jpg\",\"contentUrl\":\"https:\/\/www.parafia.rudyszwald.pl\/wp-content\/uploads\/2019\/07\/IMG_1_DxO-copy-\u2014-kopia2-\u2014-kopia-2.jpg\",\"width\":464,\"height\":711,\"caption\":\"Parafia Tr\u00f3jcy \u015awi\u0119tej w Rudyszwa\u0142dzie\"},\"image\":{\"@id\":\"https:\/\/www.parafia.rudyszwald.pl\/#\/schema\/logo\/image\/\"}}]}<\/script>\n<!-- \/ Yoast SEO plugin. -->","yoast_head_json":{"title":"Materia\u0142y dla rodzin - Wierz\u0119 w Ko\u015bci\u00f3\u0142 Chrystusowy - Parafia Tr\u00f3jcy \u015awi\u0119tej w Rudyszwa\u0142dzie","robots":{"index":"index","follow":"follow","max-snippet":"max-snippet:-1","max-image-preview":"max-image-preview:large","max-video-preview":"max-video-preview:-1"},"canonical":"https:\/\/www.parafia.rudyszwald.pl\/index.php\/materialy-dla-rodzin-wierze-w-kosciol-chrystusowy\/","og_locale":"pl_PL","og_type":"article","og_title":"Materia\u0142y dla rodzin - Wierz\u0119 w Ko\u015bci\u00f3\u0142 Chrystusowy - Parafia Tr\u00f3jcy \u015awi\u0119tej w Rudyszwa\u0142dzie","og_description":"27 listopada 2022 r. rozpoczyna si\u0119 nowy rok duszpasterski pod has\u0142em \u201eWierz\u0119 w Ko\u015bci\u00f3\u0142 Chrystusowy\u201d. Z tej okazji zosta\u0142y przygotowane materia\u0142y duszpasterskie dla rodzin. Jest to zbi\u00f3r rozwa\u017ca\u0144 przybli\u017caj\u0105cych tematyk\u0119 Ko\u015bcio\u0142a oraz skupiaj\u0105cych si\u0119 na rodzinie.Rozwa\u017cania zosta\u0142y przygotowane na poszczeg\u00f3lne niedziele w ci\u0105gu ca\u0142ego roku. Ka\u017cdy miesi\u0105c posiada swoje has\u0142oRead More","og_url":"https:\/\/www.parafia.rudyszwald.pl\/index.php\/materialy-dla-rodzin-wierze-w-kosciol-chrystusowy\/","og_site_name":"Parafia Tr\u00f3jcy \u015awi\u0119tej w Rudyszwa\u0142dzie","article_modified_time":"2022-11-26T09:30:28+00:00","twitter_card":"summary_large_image","twitter_misc":{"Szacowany czas czytania":"2 minuty"},"schema":{"@context":"https:\/\/schema.org","@graph":[{"@type":"WebPage","@id":"https:\/\/www.parafia.rudyszwald.pl\/index.php\/materialy-dla-rodzin-wierze-w-kosciol-chrystusowy\/","url":"https:\/\/www.parafia.rudyszwald.pl\/index.php\/materialy-dla-rodzin-wierze-w-kosciol-chrystusowy\/","name":"Materia\u0142y dla rodzin - Wierz\u0119 w Ko\u015bci\u00f3\u0142 Chrystusowy - Parafia Tr\u00f3jcy \u015awi\u0119tej w Rudyszwa\u0142dzie","isPartOf":{"@id":"https:\/\/www.parafia.rudyszwald.pl\/#website"},"datePublished":"2022-11-24T23:16:13+00:00","dateModified":"2022-11-26T09:30:28+00:00","breadcrumb":{"@id":"https:\/\/www.parafia.rudyszwald.pl\/index.php\/materialy-dla-rodzin-wierze-w-kosciol-chrystusowy\/#breadcrumb"},"inLanguage":"pl-PL","potentialAction":[{"@type":"ReadAction","target":["https:\/\/www.parafia.rudyszwald.pl\/index.php\/materialy-dla-rodzin-wierze-w-kosciol-chrystusowy\/"]}]},{"@type":"BreadcrumbList","@id":"https:\/\/www.parafia.rudyszwald.pl\/index.php\/materialy-dla-rodzin-wierze-w-kosciol-chrystusowy\/#breadcrumb","itemListElement":[{"@type":"ListItem","position":1,"name":"Strona g\u0142\u00f3wna","item":"https:\/\/www.parafia.rudyszwald.pl\/"},{"@type":"ListItem","position":2,"name":"Materia\u0142y dla rodzin &#8211; Wierz\u0119 w Ko\u015bci\u00f3\u0142 Chrystusowy"}]},{"@type":"WebSite","@id":"https:\/\/www.parafia.rudyszwald.pl\/#website","url":"https:\/\/www.parafia.rudyszwald.pl\/","name":"Parafia Tr\u00f3jcy \u015awi\u0119tej w Rudyszwa\u0142dzie","description":"Parafia Rudyszwa\u0142d","publisher":{"@id":"https:\/\/www.parafia.rudyszwald.pl\/#organization"},"potentialAction":[{"@type":"SearchAction","target":{"@type":"EntryPoint","urlTemplate":"https:\/\/www.parafia.rudyszwald.pl\/?s={search_term_string}"},"query-input":"required name=search_term_string"}],"inLanguage":"pl-PL"},{"@type":"Organization","@id":"https:\/\/www.parafia.rudyszwald.pl\/#organization","name":"Parafia Tr\u00f3jcy \u015awi\u0119tej w Rudyszwa\u0142dzie","url":"https:\/\/www.parafia.rudyszwald.pl\/","logo":{"@type":"ImageObject","inLanguage":"pl-PL","@id":"https:\/\/www.parafia.rudyszwald.pl\/#\/schema\/logo\/image\/","url":"https:\/\/www.parafia.rudyszwald.pl\/wp-content\/uploads\/2019\/07\/IMG_1_DxO-copy-\u2014-kopia2-\u2014-kopia-2.jpg","contentUrl":"https:\/\/www.parafia.rudyszwald.pl\/wp-content\/uploads\/2019\/07\/IMG_1_DxO-copy-\u2014-kopia2-\u2014-kopia-2.jpg","width":464,"height":711,"caption":"Parafia Tr\u00f3jcy \u015awi\u0119tej w Rudyszwa\u0142dzie"},"image":{"@id":"https:\/\/www.parafia.rudyszwald.pl\/#\/schema\/logo\/image\/"}}]}},"_links":{"self":[{"href":"https:\/\/www.parafia.rudyszwald.pl\/index.php\/wp-json\/wp\/v2\/pages\/3698"}],"collection":[{"href":"https:\/\/www.parafia.rudyszwald.pl\/index.php\/wp-json\/wp\/v2\/pages"}],"about":[{"href":"https:\/\/www.parafia.rudyszwald.pl\/index.php\/wp-json\/wp\/v2\/types\/page"}],"author":[{"embeddable":true,"href":"https:\/\/www.parafia.rudyszwald.pl\/index.php\/wp-json\/wp\/v2\/users\/1"}],"replies":[{"embeddable":true,"href":"https:\/\/www.parafia.rudyszwald.pl\/index.php\/wp-json\/wp\/v2\/comments?post=3698"}],"version-history":[{"count":16,"href":"https:\/\/www.parafia.rudyszwald.pl\/index.php\/wp-json\/wp\/v2\/pages\/3698\/revisions"}],"predecessor-version":[{"id":3778,"href":"https:\/\/www.parafia.rudyszwald.pl\/index.php\/wp-json\/wp\/v2\/pages\/3698\/revisions\/3778"}],"wp:attachment":[{"href":"https:\/\/www.parafia.rudyszwald.pl\/index.php\/wp-json\/wp\/v2\/media?parent=3698"}],"curies":[{"name":"wp","href":"https:\/\/api.w.org\/{rel}","templated":true}]}}