{"id":38,"date":"2019-03-09T13:14:26","date_gmt":"2019-03-09T13:14:26","guid":{"rendered":"http:\/\/www.rudyszwald.pl\/?page_id=38"},"modified":"2026-01-19T17:39:53","modified_gmt":"2026-01-19T17:39:53","slug":"porzadek-mszy-swietych-i-nabozenstw","status":"publish","type":"page","link":"https:\/\/www.parafia.rudyszwald.pl\/index.php\/porzadek-mszy-swietych-i-nabozenstw\/","title":{"rendered":"Porz\u0105dek Mszy \u015awi\u0119tych i Nabo\u017ce\u0144stw"},"content":{"rendered":"\n<hr class=\"wp-block-separator has-css-opacity\"\/>\n\n\n<div id=\"wp-megamenu-main_menu\" class=\"wp-megamenu-wrap    \">\n\t\t<div class=\"wpmm-fullwidth-wrap\"><\/div>\n\t\t<div class=\"wpmm-nav-wrap wpmm-main-wrap-\">\n\t\t\t<a href=\"javascript:;\" class=\"wpmm_mobile_menu_btn\"><i class=\"fa fa-bars\"><\/i> Menu<\/a> <div class='wpmm_brand_logo_wrap'><a href='https:\/\/www.parafia.rudyszwald.pl\/'> <img src='http:\/\/demo.themeum.com\/wordpress\/wp-megamenu\/wp-content\/uploads\/2017\/07\/brand-logo.png'  width='32px'   height='31px' \/> <\/a> <\/div> <ul id=\"menu-main_menu\"  class=\"wp-megamenu\"><li id=\"wp-megamenu-item-75\" class=\"menu-item menu-item-type-post_type menu-item-object-page menu-item-home wp-megamenu-item-75  wpmm_mega_menu  wpmm-fadeindown wpmm-strees-row wpmm-submenu-right\"><a href=\"https:\/\/www.parafia.rudyszwald.pl\/\">STRONA G\u0141\u00d3WNA<\/a><\/li>\n<li id=\"wp-megamenu-item-158\" class=\"menu-item menu-item-type-post_type menu-item-object-page menu-item-has-children wp-megamenu-item-158  wpmm_dropdown_menu  wpmm-fadeindown wpmm-strees-default wpmm-submenu-right\"><a href=\"https:\/\/www.parafia.rudyszwald.pl\/index.php\/o-parafii\/\">O parafii <b class=\"fa fa-angle-down\"><\/b> <\/a>\n<ul class=\"wp-megamenu-sub-menu\" >\n\t<li id=\"wp-megamenu-item-133\" class=\"menu-item menu-item-type-post_type menu-item-object-page wp-megamenu-item-133 wpmm-submenu-right\"><a href=\"https:\/\/www.parafia.rudyszwald.pl\/index.php\/intencje\/\">Intencje<\/a><\/li>\n\t<li id=\"wp-megamenu-item-73\" class=\"menu-item menu-item-type-post_type menu-item-object-page wp-megamenu-item-73 wpmm-submenu-right\"><a href=\"https:\/\/www.parafia.rudyszwald.pl\/index.php\/porzadek-mszy-swietych-i-nabozenstw\/\">Msze i Nabo\u017ce\u0144stwa<\/a><\/li>\n\t<li id=\"wp-megamenu-item-948\" class=\"menu-item menu-item-type-post_type menu-item-object-page wp-megamenu-item-948 wpmm-submenu-right\"><a href=\"https:\/\/www.parafia.rudyszwald.pl\/index.php\/liturgia-na-dzis\/\">Liturgia<\/a><\/li>\n\t<li id=\"wp-megamenu-item-127\" class=\"menu-item menu-item-type-post_type menu-item-object-page wp-megamenu-item-127 wpmm-submenu-right\"><a href=\"https:\/\/www.parafia.rudyszwald.pl\/index.php\/patron\/\">Patron<\/a><\/li>\n\t<li id=\"wp-megamenu-item-4719\" class=\"menu-item menu-item-type-post_type menu-item-object-page wp-megamenu-item-4719 wpmm-submenu-right\"><a href=\"https:\/\/www.parafia.rudyszwald.pl\/index.php\/standardy-ochrony-maloletnich\/\">Standardy Ochrony Ma\u0142oletnich<\/a><\/li>\n\t<li id=\"wp-megamenu-item-125\" class=\"menu-item menu-item-type-post_type menu-item-object-page wp-megamenu-item-125 wpmm-submenu-right\"><a href=\"https:\/\/www.parafia.rudyszwald.pl\/index.php\/kaplani\/\">Kap\u0142ani<\/a><\/li>\n\t<li id=\"wp-megamenu-item-130\" class=\"menu-item menu-item-type-post_type menu-item-object-page menu-item-has-children wp-megamenu-item-130 wpmm-submenu-right\"><a href=\"https:\/\/www.parafia.rudyszwald.pl\/index.php\/grupy-parafialne\/\">Grupy parafialne<\/a>\n\t<ul class=\"wp-megamenu-sub-menu\" >\n\t\t<li id=\"wp-megamenu-item-3037\" class=\"menu-item menu-item-type-post_type menu-item-object-page wp-megamenu-item-3037 wpmm-submenu-right\"><a href=\"https:\/\/www.parafia.rudyszwald.pl\/index.php\/dzieci-maryi\/\">Dzieci Maryi<\/a><\/li>\n\t<\/ul>\n<\/li>\n\t<li id=\"wp-megamenu-item-659\" class=\"menu-item menu-item-type-post_type menu-item-object-page wp-megamenu-item-659 wpmm-submenu-right\"><a href=\"https:\/\/www.parafia.rudyszwald.pl\/index.php\/kapliczki\/\">Kapliczki<\/a><\/li>\n\t<li id=\"wp-megamenu-item-1092\" class=\"menu-item menu-item-type-post_type menu-item-object-page wp-megamenu-item-1092 wpmm-submenu-right\"><a href=\"https:\/\/www.parafia.rudyszwald.pl\/index.php\/historia\/\">Historia<\/a><\/li>\n\t<li id=\"wp-megamenu-item-84\" class=\"menu-item menu-item-type-post_type menu-item-object-page wp-megamenu-item-84 wpmm-submenu-right\"><a href=\"https:\/\/www.parafia.rudyszwald.pl\/index.php\/przydatne-linki\/\">Przydatne linki<\/a><\/li>\n<\/ul>\n<\/li>\n<li id=\"wp-megamenu-item-96\" class=\"menu-item menu-item-type-post_type menu-item-object-page wp-megamenu-item-96  wpmm_mega_menu  wpmm-fadeindown wpmm-strees-row-and-content wpmm-submenu-right\"><a href=\"https:\/\/www.parafia.rudyszwald.pl\/index.php\/galeria\/\">Galeria<\/a><\/li>\n<li id=\"wp-megamenu-item-1407\" class=\"menu-item menu-item-type-post_type menu-item-object-page menu-item-has-children wp-megamenu-item-1407  wpmm_dropdown_menu  wpmm-fadeindown wpmm-submenu-right\"><a href=\"https:\/\/www.parafia.rudyszwald.pl\/index.php\/sakramenty\/\">Sakramenty <b class=\"fa fa-angle-down\"><\/b> <\/a>\n<ul class=\"wp-megamenu-sub-menu\" >\n\t<li id=\"wp-megamenu-item-1408\" class=\"menu-item menu-item-type-post_type menu-item-object-page wp-megamenu-item-1408 wpmm-submenu-right\"><a href=\"https:\/\/www.parafia.rudyszwald.pl\/index.php\/chrzest-swiety\/\">Chrzest \u015awi\u0119ty<\/a><\/li>\n\t<li id=\"wp-megamenu-item-1434\" class=\"menu-item menu-item-type-post_type menu-item-object-page wp-megamenu-item-1434 wpmm-submenu-right\"><a href=\"https:\/\/www.parafia.rudyszwald.pl\/index.php\/bierzmowanie\/\">Bierzmowanie<\/a><\/li>\n\t<li id=\"wp-megamenu-item-1447\" class=\"menu-item menu-item-type-post_type menu-item-object-page wp-megamenu-item-1447 wpmm-submenu-right\"><a href=\"https:\/\/www.parafia.rudyszwald.pl\/index.php\/eucharystia-2\/\">Eucharystia<\/a><\/li>\n\t<li id=\"wp-megamenu-item-1467\" class=\"menu-item menu-item-type-post_type menu-item-object-page wp-megamenu-item-1467 wpmm-submenu-right\"><a href=\"https:\/\/www.parafia.rudyszwald.pl\/index.php\/pokuta-i-pojednanie\/\">Pokuta i pojednanie<\/a><\/li>\n\t<li id=\"wp-megamenu-item-1486\" class=\"menu-item menu-item-type-post_type menu-item-object-page wp-megamenu-item-1486 wpmm-submenu-right\"><a href=\"https:\/\/www.parafia.rudyszwald.pl\/index.php\/namaszczenie-chorych\/\">Namaszczenie chorych<\/a><\/li>\n\t<li id=\"wp-megamenu-item-1570\" class=\"menu-item menu-item-type-post_type menu-item-object-page wp-megamenu-item-1570 wpmm-submenu-right\"><a href=\"https:\/\/www.parafia.rudyszwald.pl\/index.php\/kaplanstwo-2\/\">Kap\u0142a\u0144stwo<\/a><\/li>\n\t<li id=\"wp-megamenu-item-1607\" class=\"menu-item menu-item-type-post_type menu-item-object-page wp-megamenu-item-1607 wpmm-submenu-right\"><a href=\"https:\/\/www.parafia.rudyszwald.pl\/index.php\/malzenstwo-2\/\">Ma\u0142\u017ce\u0144stwo<\/a><\/li>\n<\/ul>\n<\/li>\n<li id=\"wp-megamenu-item-74\" class=\"menu-item menu-item-type-post_type menu-item-object-page wp-megamenu-item-74  wpmm_dropdown_menu  wpmm-fadeindown wpmm-strees-default wpmm-submenu-right\"><a href=\"https:\/\/www.parafia.rudyszwald.pl\/index.php\/kancelaria-parafialna\/\">Kontakt<\/a><\/li>\n<li id=\"wp-megamenu-item-wpmm-search-icon\" class=\"wpmm-social-link wpmm-social-link-search wp-megamenu-item-wpmm-search-icon  wpmm_dropdown_menu  wpmm-fadeindown wpmm-submenu-right\">\n                    <a href='#'> <i class='fa fa-search wpmm_search_icon'><\/i><\/a> \n                <form class='wpmm-search-form' action='https:\/\/www.parafia.rudyszwald.pl\/'>\n                    <input type='text' placeholder='Search' name='s' \/>\n                <\/form>\n            \n                <\/li>\n<\/ul>\n\t\t<\/div>\n\t<\/div>\n\n\n\n<h3>MSZE \u015aWI\u0118TE<\/h3>\n\n\n\n<div class=\"wp-block-media-text alignwide\" style=\"grid-template-columns:21% auto\"><figure class=\"wp-block-media-text__media\"><img decoding=\"async\" loading=\"lazy\" width=\"384\" height=\"384\" src=\"https:\/\/www.parafia.rudyszwald.pl\/wp-content\/uploads\/2019\/07\/Sakrament_Eucharystia-1-300x300-1.png\" alt=\"\" class=\"wp-image-307\" srcset=\"https:\/\/www.parafia.rudyszwald.pl\/wp-content\/uploads\/2019\/07\/Sakrament_Eucharystia-1-300x300-1.png 384w, https:\/\/www.parafia.rudyszwald.pl\/wp-content\/uploads\/2019\/07\/Sakrament_Eucharystia-1-300x300-1-150x150.png 150w, https:\/\/www.parafia.rudyszwald.pl\/wp-content\/uploads\/2019\/07\/Sakrament_Eucharystia-1-300x300-1-300x300.png 300w\" sizes=\"(max-width: 384px) 100vw, 384px\" \/><\/figure><div class=\"wp-block-media-text__content\">\n\n<p><strong>Msze niedzielne<\/strong><br>8.00 | 10.00 | 15.00 (poza 4. niedziel\u0105 miesi\u0105ca)<\/p>\n\n\n<p> <strong>Msze w dni powszednie<\/strong><br>17.00 (w okresie letnim 18.00)<\/p>\n\n\n<p><strong>Odpust parafialny &#8211; Msza odpustowa<\/strong><br>niedziela po Zes\u0142aniu Ducha \u015awi\u0119tego <br><\/p>\n\n<\/div><\/div>\n\n\n<h3>NABO\u017bE\u0143STWA<\/h3>\n\n\n<div class=\"wp-block-media-text alignwide is-stacked-on-mobile\" style=\"grid-template-columns:21% auto\"><figure class=\"wp-block-media-text__media\"><img decoding=\"async\" loading=\"lazy\" width=\"1024\" height=\"978\" src=\"https:\/\/www.parafia.rudyszwald.pl\/wp-content\/uploads\/2019\/07\/book_3-1024x978.png\" alt=\"\" class=\"wp-image-305 size-full\" srcset=\"https:\/\/www.parafia.rudyszwald.pl\/wp-content\/uploads\/2019\/07\/book_3-1024x978.png 1024w, https:\/\/www.parafia.rudyszwald.pl\/wp-content\/uploads\/2019\/07\/book_3-300x286.png 300w, https:\/\/www.parafia.rudyszwald.pl\/wp-content\/uploads\/2019\/07\/book_3-768x733.png 768w, https:\/\/www.parafia.rudyszwald.pl\/wp-content\/uploads\/2019\/07\/book_3.png 1192w\" sizes=\"(max-width: 1024px) 100vw, 1024px\" \/><\/figure><div class=\"wp-block-media-text__content\">\n<p><strong>Nieszpory niedzielne<\/strong><br>niedziele 14.30  (poza 4. niedziel\u0105 miesi\u0105ca)<\/p>\n<\/div><\/div>\n\n\n\n<div class=\"wp-block-media-text alignwide\" style=\"grid-template-columns:21% auto\"><figure class=\"wp-block-media-text__media\"><img decoding=\"async\" loading=\"lazy\" width=\"652\" height=\"652\" src=\"https:\/\/www.parafia.rudyszwald.pl\/wp-content\/uploads\/2019\/07\/ihsgwiazda.png\" alt=\"\" class=\"wp-image-303\" srcset=\"https:\/\/www.parafia.rudyszwald.pl\/wp-content\/uploads\/2019\/07\/ihsgwiazda.png 652w, https:\/\/www.parafia.rudyszwald.pl\/wp-content\/uploads\/2019\/07\/ihsgwiazda-150x150.png 150w, https:\/\/www.parafia.rudyszwald.pl\/wp-content\/uploads\/2019\/07\/ihsgwiazda-300x300.png 300w\" sizes=\"(max-width: 652px) 100vw, 652px\" \/><\/figure><div class=\"wp-block-media-text__content\">\n\n<p><strong>Adoracja Naj\u015bwi\u0119tszego Sakramentu<\/strong><br>I niedziela miesi\u0105ca po Mszach \u015aw.\n<\/p>\n\n<\/div><\/div>\n\n\n\n<div class=\"wp-block-media-text alignwide\" style=\"grid-template-columns:21% auto\"><figure class=\"wp-block-media-text__media\"><img decoding=\"async\" loading=\"lazy\" width=\"510\" height=\"510\" src=\"https:\/\/www.parafia.rudyszwald.pl\/wp-content\/uploads\/2019\/07\/trinity-stained-glass-window1_2.png\" alt=\"\" class=\"wp-image-323\" srcset=\"https:\/\/www.parafia.rudyszwald.pl\/wp-content\/uploads\/2019\/07\/trinity-stained-glass-window1_2.png 510w, https:\/\/www.parafia.rudyszwald.pl\/wp-content\/uploads\/2019\/07\/trinity-stained-glass-window1_2-150x150.png 150w, https:\/\/www.parafia.rudyszwald.pl\/wp-content\/uploads\/2019\/07\/trinity-stained-glass-window1_2-300x300.png 300w\" sizes=\"(max-width: 510px) 100vw, 510px\" \/><\/figure><div class=\"wp-block-media-text__content\">\n\n<p><strong>Nabo\u017ce\u0144stwo do Tr\u00f3jcy \u015awi\u0119tej<\/strong><br>wtorki po Mszy \u015aw. \n<\/p>\n\n<\/div><\/div>\n\n\n\n<div class=\"wp-block-media-text alignwide\" style=\"grid-template-columns:21% auto\"><figure class=\"wp-block-media-text__media\"><img decoding=\"async\" loading=\"lazy\" width=\"743\" height=\"796\" src=\"https:\/\/www.parafia.rudyszwald.pl\/wp-content\/uploads\/2019\/07\/nowe-logo_krzywe_2016_a.png\" alt=\"\" class=\"wp-image-314\" srcset=\"https:\/\/www.parafia.rudyszwald.pl\/wp-content\/uploads\/2019\/07\/nowe-logo_krzywe_2016_a.png 743w, https:\/\/www.parafia.rudyszwald.pl\/wp-content\/uploads\/2019\/07\/nowe-logo_krzywe_2016_a-280x300.png 280w\" sizes=\"(max-width: 743px) 100vw, 743px\" \/><\/figure><div class=\"wp-block-media-text__content\">\n\n<p><strong>Nabo\u017ce\u0144stwo o powo\u0142ania zakonne i kap\u0142a\u0144skie<\/strong><br>I czwartek miesi\u0105ca po Mszy \u015aw.\n<\/p>\n\n<\/div><\/div>\n\n\n\n<div class=\"wp-block-media-text alignwide\" style=\"grid-template-columns:21% auto\"><figure class=\"wp-block-media-text__media\"><img decoding=\"async\" loading=\"lazy\" width=\"236\" height=\"421\" src=\"https:\/\/www.parafia.rudyszwald.pl\/wp-content\/uploads\/2019\/07\/Divine-Mercy.png\" alt=\"\" class=\"wp-image-1096\" srcset=\"https:\/\/www.parafia.rudyszwald.pl\/wp-content\/uploads\/2019\/07\/Divine-Mercy.png 236w, https:\/\/www.parafia.rudyszwald.pl\/wp-content\/uploads\/2019\/07\/Divine-Mercy-168x300.png 168w\" sizes=\"(max-width: 236px) 100vw, 236px\" \/><\/figure><div class=\"wp-block-media-text__content\">\n\n<p><strong>Nabo\u017ce\u0144stwo do Mi\u0142osierdzia Bo\u017cego<\/strong><br>pi\u0105tek po Mszy \u015aw.<\/p>\n\n<\/div><\/div>\n\n\n\n<div style=\"height:10px\" aria-hidden=\"true\" class=\"wp-block-spacer\"><\/div>\n\n\n\n<p class=\"has-medium-font-size\" style=\"font-size:-7px\"><strong><em>Nabo\u017ce\u0144stwa Maryjne<\/em><\/strong><\/p>\n\n\n\n<div class=\"wp-block-media-text alignwide\" style=\"grid-template-columns:21% auto\"><figure class=\"wp-block-media-text__media\"><img decoding=\"async\" loading=\"lazy\" width=\"283\" height=\"476\" src=\"https:\/\/www.parafia.rudyszwald.pl\/wp-content\/uploads\/2019\/07\/matka_boza.png\" alt=\"\" class=\"wp-image-291\" srcset=\"https:\/\/www.parafia.rudyszwald.pl\/wp-content\/uploads\/2019\/07\/matka_boza.png 283w, https:\/\/www.parafia.rudyszwald.pl\/wp-content\/uploads\/2019\/07\/matka_boza-178x300.png 178w\" sizes=\"(max-width: 283px) 100vw, 283px\" \/><\/figure><div class=\"wp-block-media-text__content\">\n\n<p><strong>R\u00f3\u017caniec<\/strong><br>II i IV niedziela miesi\u0105ca 7.30 <\/p>\n\n\n<p><strong>Godzinki do Niepokalanego pocz\u0119ci Matki Bo\u017cej<\/strong><br> I i III niedziela miesi\u0105ca 7.30<\/p>\n\n\n<p><strong>Nabo\u017ce\u0144stwo do Matki Bo\u017cej Nieustaj\u0105cej Pomocy<\/strong><br>\u015brody po Mszy \u015aw. <\/p>\n\n\n<p><strong>Nabo\u017ce\u0144stwo do Niepokalanego Serca Maryi <\/strong><br>I sobota miesi\u0105ca po Mszy \u015aw.<\/p>\n\n\n<p><strong>Nabo\u017ce\u0144stwo Fatimskie<\/strong> <br>ka\u017cdy 13. dzie\u0144 miesi\u0105ca    <\/p>\n\n<\/div><\/div>\n\n\n\n<div style=\"height:10px\" aria-hidden=\"true\" class=\"wp-block-spacer\"><\/div>\n\n\n\n<p class=\"has-medium-font-size\"><strong><em>Nabo\u017ce\u0144stwa Wielkopostne<\/em><\/strong>  <\/p>\n\n\n\n<div class=\"wp-block-media-text alignwide\" style=\"grid-template-columns:21% auto\"><figure class=\"wp-block-media-text__media\"><img decoding=\"async\" loading=\"lazy\" width=\"777\" height=\"593\" src=\"https:\/\/www.parafia.rudyszwald.pl\/wp-content\/uploads\/2019\/07\/BBUqzRV_1.png\" alt=\"\" class=\"wp-image-309\" srcset=\"https:\/\/www.parafia.rudyszwald.pl\/wp-content\/uploads\/2019\/07\/BBUqzRV_1.png 777w, https:\/\/www.parafia.rudyszwald.pl\/wp-content\/uploads\/2019\/07\/BBUqzRV_1-300x229.png 300w, https:\/\/www.parafia.rudyszwald.pl\/wp-content\/uploads\/2019\/07\/BBUqzRV_1-768x586.png 768w\" sizes=\"(max-width: 777px) 100vw, 777px\" \/><\/figure><div class=\"wp-block-media-text__content\">\n\n<p style=\"text-align:left\"><strong>Gorzkie \u017bale<\/strong><br>niedziele 14.00<\/p>\n\n\n<p><strong>Droga Krzy\u017cowa<\/strong><br>pi\u0105tki 17.30 \n<\/p>\n\n<\/div><\/div>\n\n\n\n<div style=\"height:40px\" aria-hidden=\"true\" class=\"wp-block-spacer\"><\/div>\n\n\n\n<div class=\"wp-block-button aligncenter is-style-outline\"><a class=\"wp-block-button__link wp-element-button\" href=\"https:\/\/www.parafia.rudyszwald.pl\/\">strona g\u0142\u00f3wna<br><\/a><\/div>\n","protected":false},"excerpt":{"rendered":"<p>MSZE \u015aWI\u0118TE Msze niedzielne8.00 | 10.00 | 15.00 (poza 4. niedziel\u0105 miesi\u0105ca) Msze w dni powszednie17.00 (w okresie letnim 18.00) Odpust parafialny &#8211; Msza odpustowaniedziela po Zes\u0142aniu Ducha \u015awi\u0119tego NABO\u017bE\u0143STWA Nieszpory niedzielneniedziele 14.30 (poza 4. niedziel\u0105 miesi\u0105ca) Adoracja Naj\u015bwi\u0119tszego SakramentuI niedziela miesi\u0105ca po Mszach \u015aw. Nabo\u017ce\u0144stwo do Tr\u00f3jcy \u015awi\u0119tejwtorki po<\/p>\n<div class=\"belowpost\"><a class=\"btnmore icon-arrow\" href=\"https:\/\/www.parafia.rudyszwald.pl\/index.php\/porzadek-mszy-swietych-i-nabozenstw\/\"><span>Read More<\/span><\/a><\/div>\n","protected":false},"author":1,"featured_media":0,"parent":0,"menu_order":0,"comment_status":"closed","ping_status":"closed","template":"","meta":{"_exactmetrics_skip_tracking":false,"_exactmetrics_sitenote_active":false,"_exactmetrics_sitenote_note":"","_exactmetrics_sitenote_category":0,"ngg_post_thumbnail":0},"yoast_head":"<!-- This site is optimized with the Yoast SEO plugin v19.11 - https:\/\/yoast.com\/wordpress\/plugins\/seo\/ -->\n<title>Porz\u0105dek Mszy \u015awi\u0119tych i Nabo\u017ce\u0144stw - Parafia Tr\u00f3jcy \u015awi\u0119tej w Rudyszwa\u0142dzie<\/title>\n<meta name=\"robots\" content=\"index, follow, max-snippet:-1, max-image-preview:large, max-video-preview:-1\" \/>\n<link rel=\"canonical\" href=\"https:\/\/www.parafia.rudyszwald.pl\/index.php\/porzadek-mszy-swietych-i-nabozenstw\/\" \/>\n<meta property=\"og:locale\" content=\"pl_PL\" \/>\n<meta property=\"og:type\" content=\"article\" \/>\n<meta property=\"og:title\" content=\"Porz\u0105dek Mszy \u015awi\u0119tych i Nabo\u017ce\u0144stw - Parafia Tr\u00f3jcy \u015awi\u0119tej w Rudyszwa\u0142dzie\" \/>\n<meta property=\"og:description\" content=\"MSZE \u015aWI\u0118TE Msze niedzielne8.00 | 10.00 | 15.00 (poza 4. niedziel\u0105 miesi\u0105ca) Msze w dni powszednie17.00 (w okresie letnim 18.00) Odpust parafialny &#8211; Msza odpustowaniedziela po Zes\u0142aniu Ducha \u015awi\u0119tego NABO\u017bE\u0143STWA Nieszpory niedzielneniedziele 14.30 (poza 4. niedziel\u0105 miesi\u0105ca) Adoracja Naj\u015bwi\u0119tszego SakramentuI niedziela miesi\u0105ca po Mszach \u015aw. Nabo\u017ce\u0144stwo do Tr\u00f3jcy \u015awi\u0119tejwtorki poRead More\" \/>\n<meta property=\"og:url\" content=\"https:\/\/www.parafia.rudyszwald.pl\/index.php\/porzadek-mszy-swietych-i-nabozenstw\/\" \/>\n<meta property=\"og:site_name\" content=\"Parafia Tr\u00f3jcy \u015awi\u0119tej w Rudyszwa\u0142dzie\" \/>\n<meta property=\"article:modified_time\" content=\"2026-01-19T17:39:53+00:00\" \/>\n<meta property=\"og:image\" content=\"https:\/\/www.parafia.rudyszwald.pl\/wp-content\/uploads\/2019\/07\/Sakrament_Eucharystia-1-300x300-1.png\" \/>\n<meta name=\"twitter:card\" content=\"summary_large_image\" \/>\n<meta name=\"twitter:label1\" content=\"Szacowany czas czytania\" \/>\n\t<meta name=\"twitter:data1\" content=\"3 minuty\" \/>\n<script type=\"application\/ld+json\" class=\"yoast-schema-graph\">{\"@context\":\"https:\/\/schema.org\",\"@graph\":[{\"@type\":\"WebPage\",\"@id\":\"https:\/\/www.parafia.rudyszwald.pl\/index.php\/porzadek-mszy-swietych-i-nabozenstw\/\",\"url\":\"https:\/\/www.parafia.rudyszwald.pl\/index.php\/porzadek-mszy-swietych-i-nabozenstw\/\",\"name\":\"Porz\u0105dek Mszy \u015awi\u0119tych i Nabo\u017ce\u0144stw - Parafia Tr\u00f3jcy \u015awi\u0119tej w Rudyszwa\u0142dzie\",\"isPartOf\":{\"@id\":\"https:\/\/www.parafia.rudyszwald.pl\/#website\"},\"datePublished\":\"2019-03-09T13:14:26+00:00\",\"dateModified\":\"2026-01-19T17:39:53+00:00\",\"breadcrumb\":{\"@id\":\"https:\/\/www.parafia.rudyszwald.pl\/index.php\/porzadek-mszy-swietych-i-nabozenstw\/#breadcrumb\"},\"inLanguage\":\"pl-PL\",\"potentialAction\":[{\"@type\":\"ReadAction\",\"target\":[\"https:\/\/www.parafia.rudyszwald.pl\/index.php\/porzadek-mszy-swietych-i-nabozenstw\/\"]}]},{\"@type\":\"BreadcrumbList\",\"@id\":\"https:\/\/www.parafia.rudyszwald.pl\/index.php\/porzadek-mszy-swietych-i-nabozenstw\/#breadcrumb\",\"itemListElement\":[{\"@type\":\"ListItem\",\"position\":1,\"name\":\"Strona g\u0142\u00f3wna\",\"item\":\"https:\/\/www.parafia.rudyszwald.pl\/\"},{\"@type\":\"ListItem\",\"position\":2,\"name\":\"Porz\u0105dek Mszy \u015awi\u0119tych i Nabo\u017ce\u0144stw\"}]},{\"@type\":\"WebSite\",\"@id\":\"https:\/\/www.parafia.rudyszwald.pl\/#website\",\"url\":\"https:\/\/www.parafia.rudyszwald.pl\/\",\"name\":\"Parafia Tr\u00f3jcy \u015awi\u0119tej w Rudyszwa\u0142dzie\",\"description\":\"Parafia Rudyszwa\u0142d\",\"publisher\":{\"@id\":\"https:\/\/www.parafia.rudyszwald.pl\/#organization\"},\"potentialAction\":[{\"@type\":\"SearchAction\",\"target\":{\"@type\":\"EntryPoint\",\"urlTemplate\":\"https:\/\/www.parafia.rudyszwald.pl\/?s={search_term_string}\"},\"query-input\":\"required name=search_term_string\"}],\"inLanguage\":\"pl-PL\"},{\"@type\":\"Organization\",\"@id\":\"https:\/\/www.parafia.rudyszwald.pl\/#organization\",\"name\":\"Parafia Tr\u00f3jcy \u015awi\u0119tej w Rudyszwa\u0142dzie\",\"url\":\"https:\/\/www.parafia.rudyszwald.pl\/\",\"logo\":{\"@type\":\"ImageObject\",\"inLanguage\":\"pl-PL\",\"@id\":\"https:\/\/www.parafia.rudyszwald.pl\/#\/schema\/logo\/image\/\",\"url\":\"https:\/\/www.parafia.rudyszwald.pl\/wp-content\/uploads\/2019\/07\/IMG_1_DxO-copy-\u2014-kopia2-\u2014-kopia-2.jpg\",\"contentUrl\":\"https:\/\/www.parafia.rudyszwald.pl\/wp-content\/uploads\/2019\/07\/IMG_1_DxO-copy-\u2014-kopia2-\u2014-kopia-2.jpg\",\"width\":464,\"height\":711,\"caption\":\"Parafia Tr\u00f3jcy \u015awi\u0119tej w Rudyszwa\u0142dzie\"},\"image\":{\"@id\":\"https:\/\/www.parafia.rudyszwald.pl\/#\/schema\/logo\/image\/\"}}]}<\/script>\n<!-- \/ Yoast SEO plugin. -->","yoast_head_json":{"title":"Porz\u0105dek Mszy \u015awi\u0119tych i Nabo\u017ce\u0144stw - Parafia Tr\u00f3jcy \u015awi\u0119tej w Rudyszwa\u0142dzie","robots":{"index":"index","follow":"follow","max-snippet":"max-snippet:-1","max-image-preview":"max-image-preview:large","max-video-preview":"max-video-preview:-1"},"canonical":"https:\/\/www.parafia.rudyszwald.pl\/index.php\/porzadek-mszy-swietych-i-nabozenstw\/","og_locale":"pl_PL","og_type":"article","og_title":"Porz\u0105dek Mszy \u015awi\u0119tych i Nabo\u017ce\u0144stw - Parafia Tr\u00f3jcy \u015awi\u0119tej w Rudyszwa\u0142dzie","og_description":"MSZE \u015aWI\u0118TE Msze niedzielne8.00 | 10.00 | 15.00 (poza 4. niedziel\u0105 miesi\u0105ca) Msze w dni powszednie17.00 (w okresie letnim 18.00) Odpust parafialny &#8211; Msza odpustowaniedziela po Zes\u0142aniu Ducha \u015awi\u0119tego NABO\u017bE\u0143STWA Nieszpory niedzielneniedziele 14.30 (poza 4. niedziel\u0105 miesi\u0105ca) Adoracja Naj\u015bwi\u0119tszego SakramentuI niedziela miesi\u0105ca po Mszach \u015aw. Nabo\u017ce\u0144stwo do Tr\u00f3jcy \u015awi\u0119tejwtorki poRead More","og_url":"https:\/\/www.parafia.rudyszwald.pl\/index.php\/porzadek-mszy-swietych-i-nabozenstw\/","og_site_name":"Parafia Tr\u00f3jcy \u015awi\u0119tej w Rudyszwa\u0142dzie","article_modified_time":"2026-01-19T17:39:53+00:00","og_image":[{"url":"https:\/\/www.parafia.rudyszwald.pl\/wp-content\/uploads\/2019\/07\/Sakrament_Eucharystia-1-300x300-1.png"}],"twitter_card":"summary_large_image","twitter_misc":{"Szacowany czas czytania":"3 minuty"},"schema":{"@context":"https:\/\/schema.org","@graph":[{"@type":"WebPage","@id":"https:\/\/www.parafia.rudyszwald.pl\/index.php\/porzadek-mszy-swietych-i-nabozenstw\/","url":"https:\/\/www.parafia.rudyszwald.pl\/index.php\/porzadek-mszy-swietych-i-nabozenstw\/","name":"Porz\u0105dek Mszy \u015awi\u0119tych i Nabo\u017ce\u0144stw - Parafia Tr\u00f3jcy \u015awi\u0119tej w Rudyszwa\u0142dzie","isPartOf":{"@id":"https:\/\/www.parafia.rudyszwald.pl\/#website"},"datePublished":"2019-03-09T13:14:26+00:00","dateModified":"2026-01-19T17:39:53+00:00","breadcrumb":{"@id":"https:\/\/www.parafia.rudyszwald.pl\/index.php\/porzadek-mszy-swietych-i-nabozenstw\/#breadcrumb"},"inLanguage":"pl-PL","potentialAction":[{"@type":"ReadAction","target":["https:\/\/www.parafia.rudyszwald.pl\/index.php\/porzadek-mszy-swietych-i-nabozenstw\/"]}]},{"@type":"BreadcrumbList","@id":"https:\/\/www.parafia.rudyszwald.pl\/index.php\/porzadek-mszy-swietych-i-nabozenstw\/#breadcrumb","itemListElement":[{"@type":"ListItem","position":1,"name":"Strona g\u0142\u00f3wna","item":"https:\/\/www.parafia.rudyszwald.pl\/"},{"@type":"ListItem","position":2,"name":"Porz\u0105dek Mszy \u015awi\u0119tych i Nabo\u017ce\u0144stw"}]},{"@type":"WebSite","@id":"https:\/\/www.parafia.rudyszwald.pl\/#website","url":"https:\/\/www.parafia.rudyszwald.pl\/","name":"Parafia Tr\u00f3jcy \u015awi\u0119tej w Rudyszwa\u0142dzie","description":"Parafia Rudyszwa\u0142d","publisher":{"@id":"https:\/\/www.parafia.rudyszwald.pl\/#organization"},"potentialAction":[{"@type":"SearchAction","target":{"@type":"EntryPoint","urlTemplate":"https:\/\/www.parafia.rudyszwald.pl\/?s={search_term_string}"},"query-input":"required name=search_term_string"}],"inLanguage":"pl-PL"},{"@type":"Organization","@id":"https:\/\/www.parafia.rudyszwald.pl\/#organization","name":"Parafia Tr\u00f3jcy \u015awi\u0119tej w Rudyszwa\u0142dzie","url":"https:\/\/www.parafia.rudyszwald.pl\/","logo":{"@type":"ImageObject","inLanguage":"pl-PL","@id":"https:\/\/www.parafia.rudyszwald.pl\/#\/schema\/logo\/image\/","url":"https:\/\/www.parafia.rudyszwald.pl\/wp-content\/uploads\/2019\/07\/IMG_1_DxO-copy-\u2014-kopia2-\u2014-kopia-2.jpg","contentUrl":"https:\/\/www.parafia.rudyszwald.pl\/wp-content\/uploads\/2019\/07\/IMG_1_DxO-copy-\u2014-kopia2-\u2014-kopia-2.jpg","width":464,"height":711,"caption":"Parafia Tr\u00f3jcy \u015awi\u0119tej w Rudyszwa\u0142dzie"},"image":{"@id":"https:\/\/www.parafia.rudyszwald.pl\/#\/schema\/logo\/image\/"}}]}},"_links":{"self":[{"href":"https:\/\/www.parafia.rudyszwald.pl\/index.php\/wp-json\/wp\/v2\/pages\/38"}],"collection":[{"href":"https:\/\/www.parafia.rudyszwald.pl\/index.php\/wp-json\/wp\/v2\/pages"}],"about":[{"href":"https:\/\/www.parafia.rudyszwald.pl\/index.php\/wp-json\/wp\/v2\/types\/page"}],"author":[{"embeddable":true,"href":"https:\/\/www.parafia.rudyszwald.pl\/index.php\/wp-json\/wp\/v2\/users\/1"}],"replies":[{"embeddable":true,"href":"https:\/\/www.parafia.rudyszwald.pl\/index.php\/wp-json\/wp\/v2\/comments?post=38"}],"version-history":[{"count":136,"href":"https:\/\/www.parafia.rudyszwald.pl\/index.php\/wp-json\/wp\/v2\/pages\/38\/revisions"}],"predecessor-version":[{"id":5064,"href":"https:\/\/www.parafia.rudyszwald.pl\/index.php\/wp-json\/wp\/v2\/pages\/38\/revisions\/5064"}],"wp:attachment":[{"href":"https:\/\/www.parafia.rudyszwald.pl\/index.php\/wp-json\/wp\/v2\/media?parent=38"}],"curies":[{"name":"wp","href":"https:\/\/api.w.org\/{rel}","templated":true}]}}