{"id":3858,"date":"2023-01-02T09:23:50","date_gmt":"2023-01-02T09:23:50","guid":{"rendered":"https:\/\/www.parafia.rudyszwald.pl\/?page_id=3858"},"modified":"2023-01-02T09:23:53","modified_gmt":"2023-01-02T09:23:53","slug":"dzieci-maryi-24-grudnia","status":"publish","type":"page","link":"https:\/\/www.parafia.rudyszwald.pl\/index.php\/dzieci-maryi-24-grudnia\/","title":{"rendered":"Dzieci Maryi (24 grudnia)"},"content":{"rendered":"\n<hr class=\"wp-block-separator has-alpha-channel-opacity\"\/>\n\n\n\n<div style=\"height:20px\" aria-hidden=\"true\" class=\"wp-block-spacer\"><\/div>\n\n\n<div class=\"wp-block-image\">\n<figure class=\"aligncenter size-full is-resized\"><a href=\"https:\/\/www.parafia.rudyszwald.pl\/wp-content\/uploads\/2023\/01\/WhatsApp-Image-2022-12-24-at-14.36.11.jpeg\"><img decoding=\"async\" loading=\"lazy\" src=\"https:\/\/www.parafia.rudyszwald.pl\/wp-content\/uploads\/2023\/01\/WhatsApp-Image-2022-12-24-at-14.36.11.jpeg\" alt=\"\" class=\"wp-image-3859\" width=\"417\" height=\"477\" srcset=\"https:\/\/www.parafia.rudyszwald.pl\/wp-content\/uploads\/2023\/01\/WhatsApp-Image-2022-12-24-at-14.36.11.jpeg 720w, https:\/\/www.parafia.rudyszwald.pl\/wp-content\/uploads\/2023\/01\/WhatsApp-Image-2022-12-24-at-14.36.11-262x300.jpeg 262w\" sizes=\"(max-width: 417px) 100vw, 417px\" \/><\/a><\/figure><\/div>\n\n\n<div style=\"height:10px\" aria-hidden=\"true\" class=\"wp-block-spacer\"><\/div>\n\n\n<div class=\"wp-block-image\">\n<figure class=\"aligncenter size-full is-resized\"><a href=\"https:\/\/www.parafia.rudyszwald.pl\/wp-content\/uploads\/2023\/01\/WhatsApp-Image-2022-12-24-at-14.36.15.jpeg\"><img decoding=\"async\" loading=\"lazy\" src=\"https:\/\/www.parafia.rudyszwald.pl\/wp-content\/uploads\/2023\/01\/WhatsApp-Image-2022-12-24-at-14.36.15.jpeg\" alt=\"\" class=\"wp-image-3860\" width=\"387\" height=\"459\" srcset=\"https:\/\/www.parafia.rudyszwald.pl\/wp-content\/uploads\/2023\/01\/WhatsApp-Image-2022-12-24-at-14.36.15.jpeg 720w, https:\/\/www.parafia.rudyszwald.pl\/wp-content\/uploads\/2023\/01\/WhatsApp-Image-2022-12-24-at-14.36.15-253x300.jpeg 253w\" sizes=\"(max-width: 387px) 100vw, 387px\" \/><\/a><\/figure><\/div>\n\n\n<div style=\"height:5px\" aria-hidden=\"true\" class=\"wp-block-spacer\"><\/div>\n\n\n<div class=\"wp-block-image\">\n<figure class=\"aligncenter size-full is-resized\"><a href=\"https:\/\/www.parafia.rudyszwald.pl\/wp-content\/uploads\/2023\/01\/WhatsApp-Image-2022-12-24-at-14.40.55.jpeg\"><img decoding=\"async\" loading=\"lazy\" src=\"https:\/\/www.parafia.rudyszwald.pl\/wp-content\/uploads\/2023\/01\/WhatsApp-Image-2022-12-24-at-14.40.55.jpeg\" alt=\"\" class=\"wp-image-3861\" width=\"452\" height=\"441\" srcset=\"https:\/\/www.parafia.rudyszwald.pl\/wp-content\/uploads\/2023\/01\/WhatsApp-Image-2022-12-24-at-14.40.55.jpeg 720w, https:\/\/www.parafia.rudyszwald.pl\/wp-content\/uploads\/2023\/01\/WhatsApp-Image-2022-12-24-at-14.40.55-300x293.jpeg 300w\" sizes=\"(max-width: 452px) 100vw, 452px\" \/><\/a><\/figure><\/div>\n\n\n<div style=\"height:10px\" aria-hidden=\"true\" class=\"wp-block-spacer\"><\/div>\n\n\n<div class=\"wp-block-image\">\n<figure class=\"aligncenter size-large is-resized\"><a href=\"https:\/\/www.parafia.rudyszwald.pl\/wp-content\/uploads\/2023\/01\/WhatsApp-Image-2022-12-24-at-14.36.20.jpeg\"><img decoding=\"async\" loading=\"lazy\" src=\"https:\/\/www.parafia.rudyszwald.pl\/wp-content\/uploads\/2023\/01\/WhatsApp-Image-2022-12-24-at-14.36.20-611x1024.jpeg\" alt=\"\" class=\"wp-image-3862\" width=\"261\" height=\"437\" srcset=\"https:\/\/www.parafia.rudyszwald.pl\/wp-content\/uploads\/2023\/01\/WhatsApp-Image-2022-12-24-at-14.36.20-611x1024.jpeg 611w, https:\/\/www.parafia.rudyszwald.pl\/wp-content\/uploads\/2023\/01\/WhatsApp-Image-2022-12-24-at-14.36.20-179x300.jpeg 179w, https:\/\/www.parafia.rudyszwald.pl\/wp-content\/uploads\/2023\/01\/WhatsApp-Image-2022-12-24-at-14.36.20.jpeg 720w\" sizes=\"(max-width: 261px) 100vw, 261px\" \/><\/a><\/figure><\/div>\n\n\n<div style=\"height:10px\" aria-hidden=\"true\" class=\"wp-block-spacer\"><\/div>\n\n\n\n<figure class=\"wp-block-embed aligncenter is-type-video is-provider-youtube wp-block-embed-youtube wp-embed-aspect-16-9 wp-has-aspect-ratio\"><div class=\"wp-block-embed__wrapper\">\n<iframe loading=\"lazy\" title=\"TGD - Noel feat. Kasia Cerekwicka\" width=\"1000\" height=\"563\" src=\"https:\/\/www.youtube.com\/embed\/973eJN3uXfo?feature=oembed\" frameborder=\"0\" allow=\"accelerometer; autoplay; clipboard-write; encrypted-media; gyroscope; picture-in-picture\" allowfullscreen><\/iframe>\n<\/div><\/figure>\n\n\n\n<div style=\"height:40px\" aria-hidden=\"true\" class=\"wp-block-spacer\"><\/div>\n\n\n\n<div class=\"is-layout-flex wp-block-buttons\">\n<div class=\"wp-block-button aligncenter is-style-fill\"><a class=\"wp-block-button__link wp-element-button\" href=\"https:\/\/www.parafia.rudyszwald.pl\/index.php\/dzieci-maryi\/\">powr\u00f3t<\/a><\/div>\n<\/div>\n\n\n\n<div style=\"height:5px\" aria-hidden=\"true\" class=\"wp-block-spacer\"><\/div>\n\n\n\n<div class=\"is-layout-flex wp-block-buttons\">\n<div class=\"wp-block-button aligncenter is-style-outline\"><a class=\"wp-block-button__link wp-element-button\" href=\"https:\/\/www.parafia.rudyszwald.pl\/\">strona g\u0142\u00f3wna<\/a><\/div>\n<\/div>\n\n\n\n<p><\/p>\n","protected":false},"excerpt":{"rendered":"","protected":false},"author":1,"featured_media":0,"parent":0,"menu_order":0,"comment_status":"closed","ping_status":"closed","template":"","meta":{"_exactmetrics_skip_tracking":false,"_exactmetrics_sitenote_active":false,"_exactmetrics_sitenote_note":"","_exactmetrics_sitenote_category":0,"ngg_post_thumbnail":0},"yoast_head":"<!-- This site is optimized with the Yoast SEO plugin v19.11 - https:\/\/yoast.com\/wordpress\/plugins\/seo\/ -->\n<title>Dzieci Maryi (24 grudnia) - Parafia Tr\u00f3jcy \u015awi\u0119tej w Rudyszwa\u0142dzie<\/title>\n<meta name=\"robots\" content=\"index, follow, max-snippet:-1, max-image-preview:large, max-video-preview:-1\" \/>\n<link rel=\"canonical\" href=\"https:\/\/www.parafia.rudyszwald.pl\/index.php\/dzieci-maryi-24-grudnia\/\" \/>\n<meta property=\"og:locale\" content=\"pl_PL\" \/>\n<meta property=\"og:type\" content=\"article\" \/>\n<meta property=\"og:title\" content=\"Dzieci Maryi (24 grudnia) - Parafia Tr\u00f3jcy \u015awi\u0119tej w Rudyszwa\u0142dzie\" \/>\n<meta property=\"og:url\" content=\"https:\/\/www.parafia.rudyszwald.pl\/index.php\/dzieci-maryi-24-grudnia\/\" \/>\n<meta property=\"og:site_name\" content=\"Parafia Tr\u00f3jcy \u015awi\u0119tej w Rudyszwa\u0142dzie\" \/>\n<meta property=\"article:modified_time\" content=\"2023-01-02T09:23:53+00:00\" \/>\n<meta property=\"og:image\" content=\"https:\/\/www.parafia.rudyszwald.pl\/wp-content\/uploads\/2023\/01\/WhatsApp-Image-2022-12-24-at-14.36.11.jpeg\" \/>\n<meta name=\"twitter:card\" content=\"summary_large_image\" \/>\n<meta name=\"twitter:label1\" content=\"Szacowany czas czytania\" \/>\n\t<meta name=\"twitter:data1\" content=\"1 minuta\" \/>\n<script type=\"application\/ld+json\" class=\"yoast-schema-graph\">{\"@context\":\"https:\/\/schema.org\",\"@graph\":[{\"@type\":\"WebPage\",\"@id\":\"https:\/\/www.parafia.rudyszwald.pl\/index.php\/dzieci-maryi-24-grudnia\/\",\"url\":\"https:\/\/www.parafia.rudyszwald.pl\/index.php\/dzieci-maryi-24-grudnia\/\",\"name\":\"Dzieci Maryi (24 grudnia) - Parafia Tr\u00f3jcy \u015awi\u0119tej w Rudyszwa\u0142dzie\",\"isPartOf\":{\"@id\":\"https:\/\/www.parafia.rudyszwald.pl\/#website\"},\"datePublished\":\"2023-01-02T09:23:50+00:00\",\"dateModified\":\"2023-01-02T09:23:53+00:00\",\"breadcrumb\":{\"@id\":\"https:\/\/www.parafia.rudyszwald.pl\/index.php\/dzieci-maryi-24-grudnia\/#breadcrumb\"},\"inLanguage\":\"pl-PL\",\"potentialAction\":[{\"@type\":\"ReadAction\",\"target\":[\"https:\/\/www.parafia.rudyszwald.pl\/index.php\/dzieci-maryi-24-grudnia\/\"]}]},{\"@type\":\"BreadcrumbList\",\"@id\":\"https:\/\/www.parafia.rudyszwald.pl\/index.php\/dzieci-maryi-24-grudnia\/#breadcrumb\",\"itemListElement\":[{\"@type\":\"ListItem\",\"position\":1,\"name\":\"Strona g\u0142\u00f3wna\",\"item\":\"https:\/\/www.parafia.rudyszwald.pl\/\"},{\"@type\":\"ListItem\",\"position\":2,\"name\":\"Dzieci Maryi (24 grudnia)\"}]},{\"@type\":\"WebSite\",\"@id\":\"https:\/\/www.parafia.rudyszwald.pl\/#website\",\"url\":\"https:\/\/www.parafia.rudyszwald.pl\/\",\"name\":\"Parafia Tr\u00f3jcy \u015awi\u0119tej w Rudyszwa\u0142dzie\",\"description\":\"Parafia Rudyszwa\u0142d\",\"publisher\":{\"@id\":\"https:\/\/www.parafia.rudyszwald.pl\/#organization\"},\"potentialAction\":[{\"@type\":\"SearchAction\",\"target\":{\"@type\":\"EntryPoint\",\"urlTemplate\":\"https:\/\/www.parafia.rudyszwald.pl\/?s={search_term_string}\"},\"query-input\":\"required name=search_term_string\"}],\"inLanguage\":\"pl-PL\"},{\"@type\":\"Organization\",\"@id\":\"https:\/\/www.parafia.rudyszwald.pl\/#organization\",\"name\":\"Parafia Tr\u00f3jcy \u015awi\u0119tej w Rudyszwa\u0142dzie\",\"url\":\"https:\/\/www.parafia.rudyszwald.pl\/\",\"logo\":{\"@type\":\"ImageObject\",\"inLanguage\":\"pl-PL\",\"@id\":\"https:\/\/www.parafia.rudyszwald.pl\/#\/schema\/logo\/image\/\",\"url\":\"https:\/\/www.parafia.rudyszwald.pl\/wp-content\/uploads\/2019\/07\/IMG_1_DxO-copy-\u2014-kopia2-\u2014-kopia-2.jpg\",\"contentUrl\":\"https:\/\/www.parafia.rudyszwald.pl\/wp-content\/uploads\/2019\/07\/IMG_1_DxO-copy-\u2014-kopia2-\u2014-kopia-2.jpg\",\"width\":464,\"height\":711,\"caption\":\"Parafia Tr\u00f3jcy \u015awi\u0119tej w Rudyszwa\u0142dzie\"},\"image\":{\"@id\":\"https:\/\/www.parafia.rudyszwald.pl\/#\/schema\/logo\/image\/\"}}]}<\/script>\n<!-- \/ Yoast SEO plugin. -->","yoast_head_json":{"title":"Dzieci Maryi (24 grudnia) - Parafia Tr\u00f3jcy \u015awi\u0119tej w Rudyszwa\u0142dzie","robots":{"index":"index","follow":"follow","max-snippet":"max-snippet:-1","max-image-preview":"max-image-preview:large","max-video-preview":"max-video-preview:-1"},"canonical":"https:\/\/www.parafia.rudyszwald.pl\/index.php\/dzieci-maryi-24-grudnia\/","og_locale":"pl_PL","og_type":"article","og_title":"Dzieci Maryi (24 grudnia) - Parafia Tr\u00f3jcy \u015awi\u0119tej w Rudyszwa\u0142dzie","og_url":"https:\/\/www.parafia.rudyszwald.pl\/index.php\/dzieci-maryi-24-grudnia\/","og_site_name":"Parafia Tr\u00f3jcy \u015awi\u0119tej w Rudyszwa\u0142dzie","article_modified_time":"2023-01-02T09:23:53+00:00","og_image":[{"url":"https:\/\/www.parafia.rudyszwald.pl\/wp-content\/uploads\/2023\/01\/WhatsApp-Image-2022-12-24-at-14.36.11.jpeg"}],"twitter_card":"summary_large_image","twitter_misc":{"Szacowany czas czytania":"1 minuta"},"schema":{"@context":"https:\/\/schema.org","@graph":[{"@type":"WebPage","@id":"https:\/\/www.parafia.rudyszwald.pl\/index.php\/dzieci-maryi-24-grudnia\/","url":"https:\/\/www.parafia.rudyszwald.pl\/index.php\/dzieci-maryi-24-grudnia\/","name":"Dzieci Maryi (24 grudnia) - Parafia Tr\u00f3jcy \u015awi\u0119tej w Rudyszwa\u0142dzie","isPartOf":{"@id":"https:\/\/www.parafia.rudyszwald.pl\/#website"},"datePublished":"2023-01-02T09:23:50+00:00","dateModified":"2023-01-02T09:23:53+00:00","breadcrumb":{"@id":"https:\/\/www.parafia.rudyszwald.pl\/index.php\/dzieci-maryi-24-grudnia\/#breadcrumb"},"inLanguage":"pl-PL","potentialAction":[{"@type":"ReadAction","target":["https:\/\/www.parafia.rudyszwald.pl\/index.php\/dzieci-maryi-24-grudnia\/"]}]},{"@type":"BreadcrumbList","@id":"https:\/\/www.parafia.rudyszwald.pl\/index.php\/dzieci-maryi-24-grudnia\/#breadcrumb","itemListElement":[{"@type":"ListItem","position":1,"name":"Strona g\u0142\u00f3wna","item":"https:\/\/www.parafia.rudyszwald.pl\/"},{"@type":"ListItem","position":2,"name":"Dzieci Maryi (24 grudnia)"}]},{"@type":"WebSite","@id":"https:\/\/www.parafia.rudyszwald.pl\/#website","url":"https:\/\/www.parafia.rudyszwald.pl\/","name":"Parafia Tr\u00f3jcy \u015awi\u0119tej w Rudyszwa\u0142dzie","description":"Parafia Rudyszwa\u0142d","publisher":{"@id":"https:\/\/www.parafia.rudyszwald.pl\/#organization"},"potentialAction":[{"@type":"SearchAction","target":{"@type":"EntryPoint","urlTemplate":"https:\/\/www.parafia.rudyszwald.pl\/?s={search_term_string}"},"query-input":"required name=search_term_string"}],"inLanguage":"pl-PL"},{"@type":"Organization","@id":"https:\/\/www.parafia.rudyszwald.pl\/#organization","name":"Parafia Tr\u00f3jcy \u015awi\u0119tej w Rudyszwa\u0142dzie","url":"https:\/\/www.parafia.rudyszwald.pl\/","logo":{"@type":"ImageObject","inLanguage":"pl-PL","@id":"https:\/\/www.parafia.rudyszwald.pl\/#\/schema\/logo\/image\/","url":"https:\/\/www.parafia.rudyszwald.pl\/wp-content\/uploads\/2019\/07\/IMG_1_DxO-copy-\u2014-kopia2-\u2014-kopia-2.jpg","contentUrl":"https:\/\/www.parafia.rudyszwald.pl\/wp-content\/uploads\/2019\/07\/IMG_1_DxO-copy-\u2014-kopia2-\u2014-kopia-2.jpg","width":464,"height":711,"caption":"Parafia Tr\u00f3jcy \u015awi\u0119tej w Rudyszwa\u0142dzie"},"image":{"@id":"https:\/\/www.parafia.rudyszwald.pl\/#\/schema\/logo\/image\/"}}]}},"_links":{"self":[{"href":"https:\/\/www.parafia.rudyszwald.pl\/index.php\/wp-json\/wp\/v2\/pages\/3858"}],"collection":[{"href":"https:\/\/www.parafia.rudyszwald.pl\/index.php\/wp-json\/wp\/v2\/pages"}],"about":[{"href":"https:\/\/www.parafia.rudyszwald.pl\/index.php\/wp-json\/wp\/v2\/types\/page"}],"author":[{"embeddable":true,"href":"https:\/\/www.parafia.rudyszwald.pl\/index.php\/wp-json\/wp\/v2\/users\/1"}],"replies":[{"embeddable":true,"href":"https:\/\/www.parafia.rudyszwald.pl\/index.php\/wp-json\/wp\/v2\/comments?post=3858"}],"version-history":[{"count":4,"href":"https:\/\/www.parafia.rudyszwald.pl\/index.php\/wp-json\/wp\/v2\/pages\/3858\/revisions"}],"predecessor-version":[{"id":3866,"href":"https:\/\/www.parafia.rudyszwald.pl\/index.php\/wp-json\/wp\/v2\/pages\/3858\/revisions\/3866"}],"wp:attachment":[{"href":"https:\/\/www.parafia.rudyszwald.pl\/index.php\/wp-json\/wp\/v2\/media?parent=3858"}],"curies":[{"name":"wp","href":"https:\/\/api.w.org\/{rel}","templated":true}]}}